{"id":2102,"date":"2020-01-05T22:13:44","date_gmt":"2020-01-05T22:13:44","guid":{"rendered":"https:\/\/szkolenia-udt.pl\/?page_id=2102"},"modified":"2020-01-05T22:17:00","modified_gmt":"2020-01-05T22:17:00","slug":"schulung-zum-datenschutz-rodo-warschau","status":"publish","type":"page","link":"https:\/\/szkolenia-udt.pl\/de\/kursy\/szkolenie-z-ochrony-danych-osobowych-rodo-warszawa\/","title":{"rendered":"Datenschutzschulung RODO - Warschau und ganz Polen"},"content":{"rendered":"<p>Am 25. Mai 2018 tritt RODO, die neue EU-Datenschutzverordnung, in Kraft. Es liegt daher im Interesse eines jeden f\u00fcr die Datenverarbeitung Verantwortlichen, den f\u00fcr Datenschutzfragen zust\u00e4ndigen Mitarbeiter zu einer RODO-Schulung zu schicken.<\/p>\n<p>Nach der neuen Gesetzgebung haben die f\u00fcr die Datenverarbeitung Verantwortlichen nur noch 72 Stunden Zeit, um eine Verletzung des Schutzes personenbezogener Daten zu melden. Eine Reihe von Institutionen und Unternehmen wird auch einen Datenschutzbeauftragten ernennen m\u00fcssen. Die Verordnungen \u00fcber die Verarbeitung personenbezogener Daten werden ebenfalls aktualisiert. Pr\u00fcfer, die sich nicht an die Vorschriften halten, riskieren hohe Geldstrafen.<\/p>\n<p>Geleitet von unserem <a href=\"https:\/\/szkolenia-udt.pl\/de\/o-firmie\/\">Schulungszentrum f\u00fcr Bediener<\/a> Der RODO-Kurs beinhaltet ein umfassendes Paket an theoretischen Informationen und praktischen \u00dcbungen in \u00dcbereinstimmung mit der neuesten EU-Verordnung.<\/p>\n<p><strong>W\u00e4hrend der Schulung werden Informationen wie z. B.:<\/strong><\/p>\n<ul>\n<li>rechtliche Gr\u00fcnde f\u00fcr die Verarbeitung personenbezogener Daten<\/li>\n<li>grundlegende datenschutzrechtliche Definitionen<\/li>\n<li>Organisationsstruktur f\u00fcr den Schutz personenbezogener Daten<\/li>\n<li>Grunds\u00e4tze f\u00fcr die Verarbeitung von personenbezogenen Daten<\/li>\n<li>Bedingungen f\u00fcr die Erteilung der Zustimmung zur Verarbeitung personenbezogener Daten<\/li>\n<li>Verarbeitung besonderer Kategorien von personenbezogenen Daten<\/li>\n<li>das Recht der betroffenen Person auf Auskunft<\/li>\n<li>f\u00fcr die Datenverarbeitung Verantwortlicher und Aufgaben des f\u00fcr die Verarbeitung Verantwortlichen<\/li>\n<li>Verarbeiter von personenbezogenen Daten<\/li>\n<li>status und aufgaben des datenschutzbeauftragten<\/li>\n<li>Aufzeichnung der Verarbeitungsvorg\u00e4nge<\/li>\n<li>allgemeine bedingungen f\u00fcr die verh\u00e4ngung von bussgeldern<\/li>\n<\/ul>\n<p>Im Preis der Schulung sind auch die Verpflegung und eine Mittagspause enthalten.<\/p>\n<p><strong>Preis<\/strong><\/p>\n<p>Unser Datentraining ist zu einem erschwinglichen Preis erh\u00e4ltlich - weitere Informationen sind auf der Website verf\u00fcgbar und k\u00f6nnen von unseren Spezialisten per Telefon und E-Mail angefordert werden<\/p>\n<p><strong>Wo sind wir t\u00e4tig?<\/strong><\/p>\n<p>Der Unterricht findet in unserem Zentrum in der Stadt Warschau statt.<\/p>\n<p>Sollten Sie weitere Fragen haben zu <a href=\"https:\/\/szkolenia-udt.pl\/de\/oferta\/\">Unser Angebot<\/a> wir stehen Ihnen weiterhin zur Verf\u00fcgung.<\/p>\n<p>Wir freuen uns \u00fcber jeden, der wissen m\u00f6chte, wie der Datenschutz in der Praxis nach der neuesten EU-Gesetzgebung aussehen wird!<\/p>","protected":false},"excerpt":{"rendered":"<p>25 maja 2018 roku wchodzi w \u017cycie RODO, czyli nowe unijne rozporz\u0105dzenie dotycz\u0105ce ochrony danych osobowych. W zwi\u0105zku z tym w interesie ka\u017cdego administratora danych jest wys\u0142anie pracownika odpowiedzialnego za kwestie ochrony danych na szkolenie RODO. Zgodnie z najnowszymi przepisami administratorzy danych b\u0119d\u0105 mieli tylko 72 godziny na zg\u0142oszenie faktu naruszenia danych osobowych. W szeregu [&hellip;]<\/p>\n","protected":false},"author":3,"featured_media":0,"parent":22,"menu_order":0,"comment_status":"closed","ping_status":"closed","template":"","meta":{"footnotes":""},"class_list":["post-2102","page","type-page","status-publish","hentry"],"aioseo_notices":[],"_links":{"self":[{"href":"https:\/\/szkolenia-udt.pl\/de\/wp-json\/wp\/v2\/pages\/2102","targetHints":{"allow":["GET"]}}],"collection":[{"href":"https:\/\/szkolenia-udt.pl\/de\/wp-json\/wp\/v2\/pages"}],"about":[{"href":"https:\/\/szkolenia-udt.pl\/de\/wp-json\/wp\/v2\/types\/page"}],"author":[{"embeddable":true,"href":"https:\/\/szkolenia-udt.pl\/de\/wp-json\/wp\/v2\/users\/3"}],"replies":[{"embeddable":true,"href":"https:\/\/szkolenia-udt.pl\/de\/wp-json\/wp\/v2\/comments?post=2102"}],"version-history":[{"count":2,"href":"https:\/\/szkolenia-udt.pl\/de\/wp-json\/wp\/v2\/pages\/2102\/revisions"}],"predecessor-version":[{"id":2105,"href":"https:\/\/szkolenia-udt.pl\/de\/wp-json\/wp\/v2\/pages\/2102\/revisions\/2105"}],"up":[{"embeddable":true,"href":"https:\/\/szkolenia-udt.pl\/de\/wp-json\/wp\/v2\/pages\/22"}],"wp:attachment":[{"href":"https:\/\/szkolenia-udt.pl\/de\/wp-json\/wp\/v2\/media?parent=2102"}],"curies":[{"name":"wp","href":"https:\/\/api.w.org\/{rel}","templated":true}]}}