{"id":3117,"date":"2022-08-11T11:52:59","date_gmt":"2022-08-11T09:52:59","guid":{"rendered":"https:\/\/szkolenia-udt.pl\/?page_id=3117"},"modified":"2023-03-24T19:30:24","modified_gmt":"2023-03-24T18:30:24","slug":"absturzsicherung","status":"publish","type":"page","link":"https:\/\/szkolenia-udt.pl\/de\/kursy\/prace-wysokosciowe\/ochrona-przed-upadkiem\/","title":{"rendered":"Ausbildung zum Fallschutz"},"content":{"rendered":"<div class=\"wp-block-image\">\n<figure class=\"alignleft size-large is-resized\"><a href=\"https:\/\/szkolenia-udt.pl\/wp-content\/uploads\/2022\/08\/1-3.jpeg\"><img loading=\"lazy\" decoding=\"async\" src=\"https:\/\/szkolenia-udt.pl\/wp-content\/uploads\/2022\/08\/1-3-927x1024.jpeg\" alt=\"Fallschutzausr\u00fcstung\" class=\"wp-image-3118\" width=\"464\" height=\"512\" srcset=\"https:\/\/szkolenia-udt.pl\/wp-content\/uploads\/2022\/08\/1-3-927x1024.jpeg 927w, https:\/\/szkolenia-udt.pl\/wp-content\/uploads\/2022\/08\/1-3-272x300.jpeg 272w, https:\/\/szkolenia-udt.pl\/wp-content\/uploads\/2022\/08\/1-3-768x848.jpeg 768w, https:\/\/szkolenia-udt.pl\/wp-content\/uploads\/2022\/08\/1-3-1391x1536.jpeg 1391w, https:\/\/szkolenia-udt.pl\/wp-content\/uploads\/2022\/08\/1-3-11x12.jpeg 11w, https:\/\/szkolenia-udt.pl\/wp-content\/uploads\/2022\/08\/1-3.jpeg 1449w\" sizes=\"auto, (max-width: 464px) 100vw, 464px\" \/><\/a><\/figure>\n<\/div>\n\n\n<h2 class=\"wp-block-heading\"><strong>\u00dcber den Kurs<\/strong><\/h2>\n\n\n\n<p>Arbeiten in der H\u00f6he erfordern die richtige Qualifikation, da es sich um eine sehr gef\u00e4hrliche T\u00e4tigkeit handelt und ein Arbeitsunfall jederzeit passieren kann. Es ist \u00e4u\u00dferst wichtig, dass Personen, die in der H\u00f6he arbeiten, \u00fcber die notwendigen Kenntnisse und F\u00e4higkeiten verf\u00fcgen, um sicher zu arbeiten. Deshalb m\u00f6chten wir Sie einladen, die Website unseres Zentrums zu besuchen, auf der Sie ein Angebot f\u00fcr eine Berufsausbildung in Absturzsicherung finden. Es richtet sich an Personen, die an verschiedenen Arten von Objekten in der H\u00f6he arbeiten. Wir sind seit vielen Jahren t\u00e4tig, und unsere Ausbilder sind immer verf\u00fcgbar und entsprechend qualifiziert, um eine professionelle Schulung durchzuf\u00fchren. Der Vorteil von <a href=\"https:\/\/szkolenia-udt.pl\/de\/kursy\/\">unserer Kurse<\/a> ist ihre Flexibilit\u00e4t und die M\u00f6glichkeit, sie an Ihre Bed\u00fcrfnisse anzupassen.<\/p>\n\n\n\n<h2 class=\"wp-block-heading\"><strong>Wie sieht unsere Ausbildung aus?<\/strong>&nbsp;<\/h2>\n\n\n\n<p>Wir bieten ein individuelles Konzept und n\u00fctzliche Werkzeuge, Zubeh\u00f6r und Schulungsmaterialien. Diese Aspekte erleichtern eine professionelle und umfassende Ausbildung im Bereich H\u00f6henarbeit und Absturzsicherung. Die Schulung umfasst sowohl einen theoretischen Teil, in dem die Teilnehmer Kenntnisse \u00fcber Absturzsicherung erwerben, als auch einen praktischen Teil, in dem sie die erworbenen Informationen anwenden k\u00f6nnen.\u00a0\u00a0<\/p>\n\n\n\n<h2 class=\"wp-block-heading\"><strong>Unsere Anforderungen<\/strong>&nbsp;<\/h2>\n\n\n\n<p>Wer an der Ausbildung teilnehmen m\u00f6chte, muss mindestens 18 Jahre alt sein, \u00fcber einen Grundschulabschluss verf\u00fcgen und eine aktuelle \u00e4rztliche Untersuchung vorweisen, die es ihm erlaubt, in einer H\u00f6he von mehr als 3 Metern zu arbeiten, sowie \u00fcber eine gute geistige Gesundheit verf\u00fcgen.&nbsp;&nbsp;<\/p>\n\n\n\n<h2 class=\"wp-block-heading\"><strong>Zweck des Kurses<\/strong>&nbsp;<\/h2>\n\n\n\n<p>Das Hauptziel dieser Schulung ist, dass der Teilnehmer nach Abschluss der Schulung in der Lage ist, die Gefahr zu erkennen und zu beseitigen, indem er geeignete <a href=\"https:\/\/szkolenia-udt.pl\/de\/kursy\/bhp-ppoz\/szkolenia-bhp-oso\/\">pers\u00f6nliche Schutzausr\u00fcstung<\/a>und f\u00fchren Rettungsma\u00dfnahmen durch.&nbsp;&nbsp;<\/p>\n\n\n\n<h2 class=\"wp-block-heading\"><strong>Ausbildungsplan<\/strong>&nbsp;<\/h2>\n\n\n\n<p>Das Schulungsprogramm umfasst Fragen der Sicherheit in der Arbeitsumgebung und der Sicherheit am Arbeitsplatz: pers\u00f6nliche Schutzausr\u00fcstung.&nbsp;&nbsp;<\/p>\n\n\n\n<h4 class=\"wp-block-heading\">Die Sicherheit in der Arbeitsumgebung umfasst Themen wie:\u00a0\u00a0<\/h4>\n\n\n<div class=\"wp-block-image\">\n<figure class=\"alignright size-large is-resized\"><a href=\"https:\/\/szkolenia-udt.pl\/wp-content\/uploads\/2022\/08\/2-3.jpeg\"><img loading=\"lazy\" decoding=\"async\" src=\"https:\/\/szkolenia-udt.pl\/wp-content\/uploads\/2022\/08\/2-3-1024x683.jpeg\" alt=\"Arbeiten in der H\u00f6he\" class=\"wp-image-3119\" width=\"512\" height=\"342\" srcset=\"https:\/\/szkolenia-udt.pl\/wp-content\/uploads\/2022\/08\/2-3-1024x683.jpeg 1024w, https:\/\/szkolenia-udt.pl\/wp-content\/uploads\/2022\/08\/2-3-300x200.jpeg 300w, https:\/\/szkolenia-udt.pl\/wp-content\/uploads\/2022\/08\/2-3-768x512.jpeg 768w, https:\/\/szkolenia-udt.pl\/wp-content\/uploads\/2022\/08\/2-3-1536x1024.jpeg 1536w, https:\/\/szkolenia-udt.pl\/wp-content\/uploads\/2022\/08\/2-3-18x12.jpeg 18w, https:\/\/szkolenia-udt.pl\/wp-content\/uploads\/2022\/08\/2-3.jpeg 1600w\" sizes=\"auto, (max-width: 512px) 100vw, 512px\" \/><\/a><\/figure>\n<\/div>\n\n\n<ul class=\"wp-block-list\">\n<li>physische Faktoren im Zusammenhang mit der Arbeit in der H\u00f6he;\u00a0<\/li>\n\n\n\n<li>Analyse und Bewertung berufsbedingter Risiken sowie die Minderung von Risiken, die am Arbeitsplatz auftreten k\u00f6nnen;\u00a0\u00a0<\/li>\n\n\n\n<li>Erkennen der Gefahr, des Arbeitsplatzes und der M\u00f6glichkeiten, sich zu sch\u00fctzen;&nbsp;&nbsp;<\/li>\n\n\n\n<li>die wichtigsten Bestimmungen des polnischen und europ\u00e4ischen Rechts;&nbsp;&nbsp;<\/li>\n\n\n\n<li>T\u00e4tigkeiten zur Gew\u00e4hrleistung sicherer Arbeitsbedingungen.&nbsp;&nbsp;<\/li>\n<\/ul>\n\n\n\n<h4 class=\"wp-block-heading\">Die Themen, die bei der Sicherung des Arbeitsplatzes behandelt werden, sind:&nbsp;&nbsp;<\/h4>\n\n\n\n<ul class=\"wp-block-list\">\n<li>Arbeitsauftrag - Schutz in der H\u00f6he, auf D\u00e4chern;&nbsp;&nbsp;<\/li>\n\n\n\n<li>Sicherung des Arbeitsplatzes;&nbsp;&nbsp;<\/li>\n\n\n\n<li>\u00dcberpr\u00fcfung der Ausr\u00fcstung;&nbsp;&nbsp;<\/li>\n\n\n\n<li>Vertrautmachen mit den Anforderungen an pers\u00f6nliche Schutzausr\u00fcstungen in der H\u00f6he - Absturzsicherungssystem;&nbsp;&nbsp;<\/li>\n\n\n\n<li>Regeln f\u00fcr den sicheren Zugang zum Arbeitsplatz;&nbsp;&nbsp;<\/li>\n\n\n\n<li>Verwendung von pers\u00f6nlicher Schutzausr\u00fcstung;&nbsp;&nbsp;<\/li>\n\n\n\n<li>Ma\u00dfnahmen nach einem Unfall, Einweisung in die Evakuierungs- und Rettungsausr\u00fcstung;&nbsp;&nbsp;<\/li>\n\n\n\n<li>Diskussion \u00fcber die Wirkung nach dem Unfall.&nbsp;&nbsp;<\/li>\n<\/ul>\n\n\n\n<p>Nach Abschluss des Kurses m\u00fcssen die Teilnehmer eine Pr\u00fcfung ablegen. Nur ein positives Ergebnis erm\u00f6glicht die Zertifizierung als H\u00f6henarbeiter.&nbsp;&nbsp;<\/p>\n\n\n\n<div class=\"filmw\">\n<div class=\"responsive-youtube\"><iframe loading=\"lazy\" title=\"YouTube-Video-Player\" src=\"https:\/\/www.youtube.com\/embed\/QcT4h2Z50M0\" width=\"560\" height=\"315\" frameborder=\"0\" allowfullscreen=\"allowfullscreen\"><\/iframe><\/div>\n<\/div>\n\n\n\n<h2 class=\"wp-block-heading\"><strong>Absturzsicherung und der Arbeitgeber<\/strong>&nbsp;<\/h2>\n\n\n\n<p>Gem\u00e4\u00df der Verordnung des Ministers f\u00fcr Arbeit und Sozialpolitik vom 26. September 1997 \u00fcber allgemeine Gesundheits- und Sicherheitsvorschriften \"<a href=\"https:\/\/szkolenia-udt.pl\/de\/kursy\/prace-wysokosciowe\/kurs-na-szelki-budowlane\/\">Arbeiten in der H\u00f6he<\/a> sind Arbeiten, die auf einer Fl\u00e4che in einer H\u00f6he von mindestens 1,0 m \u00fcber dem Fu\u00dfboden oder dem Erdboden ausgef\u00fchrt werden\".&nbsp;&nbsp;<\/p>\n\n\n\n<p>Nach polnischem Recht sowie nach europ\u00e4ischem Arbeitsschutzrecht sind Arbeitgeber, die Arbeitnehmer in der H\u00f6he besch\u00e4ftigen, verpflichtet, ihren Mitarbeitern die erforderlichen Informationen zur Verf\u00fcgung zu stellen:&nbsp;&nbsp;<\/p>\n\n\n\n<ul class=\"wp-block-list\">\n<li>geeignete Ma\u00dfnahmen zum Schutz gegen Absturz;&nbsp;&nbsp;<\/li>\n\n\n\n<li>direkte Beaufsichtigung dieser Arbeiten durch zu diesem Zweck benannte Personen;&nbsp;&nbsp;&nbsp;<\/li>\n\n\n\n<li>Job-Briefing.&nbsp;&nbsp;<\/li>\n<\/ul>\n\n\n\n<p>Ist es nicht m\u00f6glich, die Arbeiten so durchzuf\u00fchren, dass sich die Arbeitnehmer au\u00dferhalb der Absturzgefahrenzone befinden, m\u00fcssen sie mit der am besten geeigneten Ausr\u00fcstung ausgestattet werden, um eine sichere Arbeitsumgebung zu gew\u00e4hrleisten. In dieser Situation haben kollektive Schutzma\u00dfnahmen wie Sicherheitsnetze oder Gel\u00e4nder Vorrang vor pers\u00f6nlichen Schutzma\u00dfnahmen wie individuellen Absturzsicherungen.&nbsp;&nbsp;<\/p>\n\n\n\n<h2 class=\"wp-block-heading\"><strong>SOI - Pers\u00f6nliche Schutzausr\u00fcstung<\/strong>\u00a0<\/h2>\n\n\n<div class=\"wp-block-image\">\n<figure class=\"alignleft size-large is-resized\"><a href=\"https:\/\/szkolenia-udt.pl\/wp-content\/uploads\/2022\/08\/3-2.jpeg\"><img loading=\"lazy\" decoding=\"async\" src=\"https:\/\/szkolenia-udt.pl\/wp-content\/uploads\/2022\/08\/3-2-1024x675.jpeg\" alt=\"Fallschutzausr\u00fcstung\" class=\"wp-image-3121\" width=\"512\" height=\"338\" srcset=\"https:\/\/szkolenia-udt.pl\/wp-content\/uploads\/2022\/08\/3-2-1024x675.jpeg 1024w, https:\/\/szkolenia-udt.pl\/wp-content\/uploads\/2022\/08\/3-2-300x198.jpeg 300w, https:\/\/szkolenia-udt.pl\/wp-content\/uploads\/2022\/08\/3-2-768x506.jpeg 768w, https:\/\/szkolenia-udt.pl\/wp-content\/uploads\/2022\/08\/3-2-1536x1012.jpeg 1536w, https:\/\/szkolenia-udt.pl\/wp-content\/uploads\/2022\/08\/3-2-18x12.jpeg 18w, https:\/\/szkolenia-udt.pl\/wp-content\/uploads\/2022\/08\/3-2.jpeg 1600w\" sizes=\"auto, (max-width: 512px) 100vw, 512px\" \/><\/a><\/figure>\n<\/div>\n\n\n<p>Die Wahl der pers\u00f6nlichen Schutzausr\u00fcstung h\u00e4ngt von mehreren Faktoren ab. Zun\u00e4chst einmal sollten sie so ausgew\u00e4hlt werden, dass sie der jeweiligen Gefahr angemessen sind. Dar\u00fcber hinaus sollten sie in Abh\u00e4ngigkeit von der Person, die sie benutzt, ausgew\u00e4hlt werden, d. h. ihre Auswahl sollte unter anderem dem Gesundheitszustand des Arbeitnehmers Rechnung tragen. Auch die Bedingungen am Arbeitsplatz sollten ber\u00fccksichtigt werden, ebenso wie die Tatsache, dass pers\u00f6nliche Schutzausr\u00fcstungen Gesundheits- und Sicherheitskriterien entsprechen m\u00fcssen.&nbsp;<\/p>\n\n\n\n<h2 class=\"wp-block-heading\"><strong>Pers\u00f6nliche Fallschutzausr\u00fcstung<\/strong>&nbsp;<\/h2>\n\n\n\n<p>Jede Person, die in der H\u00f6he arbeitet, sollte mit einer pers\u00f6nlichen Absturzsicherungsausr\u00fcstung ausgestattet sein. Diese Ausr\u00fcstung umfasst Folgendes:&nbsp;<\/p>\n\n\n\n<figure class=\"wp-block-table\"><table><tbody><tr><td><strong>Name<\/strong>&nbsp;<\/td><td><strong>BESCHREIBUNG<\/strong>&nbsp;<\/td><\/tr><tr><td>Verankerungsvorrichtung&nbsp;<\/td><td>Sie ist direkt mit der tragenden Struktur verbunden; sie sollte eine feste Verbindung zwischen der Verbindungs- und D\u00e4mpfungsbaugruppe und den strukturellen Komponenten des Arbeitsplatzes bilden; sie sollte sich direkt \u00fcber dem Arbeitsplatz befinden, um den Pendeleffekt zu vermeiden; sie kann sein: Scheren-, Seil- und Gurtbefestigungen sowie Verankerungsseile und Schienen usw.\u00a0<\/td><\/tr><tr><td>Sicherheitsgeschirre&nbsp;<\/td><td>Sie dienen dazu, den K\u00f6rper des Arbeitnehmers bei einem Sturz aus der H\u00f6he zu st\u00fctzen und die dynamischen Kr\u00e4fte sicher zu verteilen, wenn der Sturz gestoppt wird; sie helfen auch, die richtige Position zu halten, w\u00e4hrend man auf Hilfe wartet; sie sind mit Schnallen ausgestattet, die es erm\u00f6glichen, den Auffanggurt mit dem Verbindungs- und Polsterungselement zu verbinden.\u00a0<\/td><\/tr><tr><td>Verbindende und aufnehmende Unterbaugruppe\u00a0<\/td><td>Eine spezielle Vorrichtung, die den Absturz von Arbeitnehmern aus der H\u00f6he verhindert. Der Arbeitnehmer wird mit Hilfe einer Verbindungs- und D\u00e4mpfungsbaugruppe, die sich zwischen der Verankerungsvorrichtung und dem Auffanggurt befindet, an der St\u00fctz- oder Verankerungsvorrichtung befestigt.\u00a0<\/td><\/tr><\/tbody><\/table><\/figure>\n\n\n\n<h2 class=\"wp-block-heading\"><strong>Weitere Informationen zum Kurs<\/strong>&nbsp;<\/h2>\n\n\n\n<p>Wir bieten Schulungen sowohl in Warschau als auch in anderen St\u00e4dten Polens an. Wir legen den Preis individuell fest, je nach der Anzahl der Teilnehmer (f\u00fcr gr\u00f6\u00dfere organisierte Gruppen gibt es die M\u00f6glichkeit von Preisnachl\u00e4ssen). Wir laden Sie ein, sich f\u00fcr offene Schulungskurse nach dem auf unserer Website verf\u00fcgbaren Terminplan anzumelden. Wenn Sie weitere Informationen w\u00fcnschen oder Fragen haben, kontaktieren Sie uns bitte unter <a href=\"https:\/\/szkolenia-udt.pl\/de\/kontakt\/\">Kontaktieren Sie uns<\/a>. Wir laden Sie herzlich ein, mit uns Kontakt aufzunehmen, sich anzumelden und an unseren Fortbildungskursen teilzunehmen!\u00a0<\/p>\n\n\n<div class=\"wp-block-image\">\n<figure class=\"aligncenter\"><a href=\"https:\/\/szkolenia-udt.pl\/wp-content\/uploads\/2022\/08\/0096-oso.edu_.pl_.jpg\"><img loading=\"lazy\" decoding=\"async\" width=\"1024\" height=\"853\" src=\"https:\/\/szkolenia-udt.pl\/wp-content\/uploads\/2022\/08\/0096-oso.edu_.pl_-1024x853.jpg\" alt=\"grafische Werbung f\u00fcr die Ausbildung\" class=\"wp-image-3120\" srcset=\"https:\/\/szkolenia-udt.pl\/wp-content\/uploads\/2022\/08\/0096-oso.edu_.pl_-1024x853.jpg 1024w, https:\/\/szkolenia-udt.pl\/wp-content\/uploads\/2022\/08\/0096-oso.edu_.pl_-300x250.jpg 300w, https:\/\/szkolenia-udt.pl\/wp-content\/uploads\/2022\/08\/0096-oso.edu_.pl_-768x640.jpg 768w, https:\/\/szkolenia-udt.pl\/wp-content\/uploads\/2022\/08\/0096-oso.edu_.pl_-14x12.jpg 14w, https:\/\/szkolenia-udt.pl\/wp-content\/uploads\/2022\/08\/0096-oso.edu_.pl_.jpg 1200w\" sizes=\"auto, (max-width: 1024px) 100vw, 1024px\" \/><\/a><\/figure>\n<\/div>","protected":false},"excerpt":{"rendered":"<p>O kursie Praca na wysoko\u015bciach wymaga posiadania odpowiednich uprawnie\u0144, bior\u0105c pod uwag\u0119 fakt, \u017ce jest to zaw\u00f3d bardzo niebezpieczny, a wypadek przy pracy mo\u017ce zdarzy\u0107 si\u0119 w ka\u017cdej chwili. Niezwykle wa\u017cne jest, aby osoby pracuj\u0105ce na wysoko\u015bciach mia\u0142y odpowiedn\u0105 wiedz\u0119 i umiej\u0119tno\u015bci niezb\u0119dne do bezpiecznego wykonywania zawodu.\u00a0W zwi\u0105zku z tym, serdecznie zapraszamy na stron\u0119 naszego [&hellip;]<\/p>\n","protected":false},"author":10,"featured_media":3119,"parent":1874,"menu_order":0,"comment_status":"closed","ping_status":"closed","template":"","meta":{"footnotes":""},"class_list":["post-3117","page","type-page","status-publish","has-post-thumbnail","hentry"],"aioseo_notices":[],"_links":{"self":[{"href":"https:\/\/szkolenia-udt.pl\/de\/wp-json\/wp\/v2\/pages\/3117","targetHints":{"allow":["GET"]}}],"collection":[{"href":"https:\/\/szkolenia-udt.pl\/de\/wp-json\/wp\/v2\/pages"}],"about":[{"href":"https:\/\/szkolenia-udt.pl\/de\/wp-json\/wp\/v2\/types\/page"}],"author":[{"embeddable":true,"href":"https:\/\/szkolenia-udt.pl\/de\/wp-json\/wp\/v2\/users\/10"}],"replies":[{"embeddable":true,"href":"https:\/\/szkolenia-udt.pl\/de\/wp-json\/wp\/v2\/comments?post=3117"}],"version-history":[{"count":6,"href":"https:\/\/szkolenia-udt.pl\/de\/wp-json\/wp\/v2\/pages\/3117\/revisions"}],"predecessor-version":[{"id":4677,"href":"https:\/\/szkolenia-udt.pl\/de\/wp-json\/wp\/v2\/pages\/3117\/revisions\/4677"}],"up":[{"embeddable":true,"href":"https:\/\/szkolenia-udt.pl\/de\/wp-json\/wp\/v2\/pages\/1874"}],"wp:featuredmedia":[{"embeddable":true,"href":"https:\/\/szkolenia-udt.pl\/de\/wp-json\/wp\/v2\/media\/3119"}],"wp:attachment":[{"href":"https:\/\/szkolenia-udt.pl\/de\/wp-json\/wp\/v2\/media?parent=3117"}],"curies":[{"name":"wp","href":"https:\/\/api.w.org\/{rel}","templated":true}]}}