{"id":3132,"date":"2022-08-12T15:49:56","date_gmt":"2022-08-12T13:49:56","guid":{"rendered":"https:\/\/szkolenia-udt.pl\/?page_id=3132"},"modified":"2023-03-20T13:59:24","modified_gmt":"2023-03-20T12:59:24","slug":"ppoz-hochstpersonlich","status":"publish","type":"page","link":"https:\/\/szkolenia-udt.pl\/de\/kursy\/bhp-ppoz\/ppoz-w-oso\/","title":{"rendered":"Brandschutzschulung am OSO"},"content":{"rendered":"<h2 class=\"wp-block-heading\"><strong>Ausbildung in CSOs<\/strong>\u00a0<\/h2>\n\n\n<div class=\"wp-block-image\">\n<figure class=\"alignright size-large is-resized\"><a href=\"https:\/\/szkolenia-udt.pl\/wp-content\/uploads\/2022\/08\/2-4.jpeg\"><img loading=\"lazy\" decoding=\"async\" src=\"https:\/\/szkolenia-udt.pl\/wp-content\/uploads\/2022\/08\/2-4-1024x868.jpeg\" alt=\"Feuerl\u00f6scher im Schulungsraum\" class=\"wp-image-3134\" width=\"512\" height=\"434\" srcset=\"https:\/\/szkolenia-udt.pl\/wp-content\/uploads\/2022\/08\/2-4-1024x868.jpeg 1024w, https:\/\/szkolenia-udt.pl\/wp-content\/uploads\/2022\/08\/2-4-300x254.jpeg 300w, https:\/\/szkolenia-udt.pl\/wp-content\/uploads\/2022\/08\/2-4-768x651.jpeg 768w, https:\/\/szkolenia-udt.pl\/wp-content\/uploads\/2022\/08\/2-4-1536x1302.jpeg 1536w, https:\/\/szkolenia-udt.pl\/wp-content\/uploads\/2022\/08\/2-4-14x12.jpeg 14w, https:\/\/szkolenia-udt.pl\/wp-content\/uploads\/2022\/08\/2-4.jpeg 1600w\" sizes=\"auto, (max-width: 512px) 100vw, 512px\" \/><\/a><\/figure>\n<\/div>\n\n\n<p>Auf unserer Website finden Sie Expertenschulungen zum Thema Brandschutz. Diese Kurse sorgen daf\u00fcr, dass die Mitarbeiter gut vorbereitet sind, um ihre Arbeit sicher ausf\u00fchren zu k\u00f6nnen. Wir setzen alles daran, die bestm\u00f6gliche Qualit\u00e4t unserer Kurse zu gew\u00e4hrleisten. Wir verf\u00fcgen \u00fcber moderne Einrichtungen und Schulungsr\u00e4ume sowie \u00fcber kompetente, verf\u00fcgbare und gut ausgebildete Ausbilder. Dar\u00fcber hinaus setzen wir auf ein umfangreiches und entwicklungsorientiertes Programm. Au\u00dferdem verf\u00fcgen wir \u00fcber langj\u00e4hrige Erfahrung, und unsere Kurse werden nach den neuesten gesetzlichen Bestimmungen durchgef\u00fchrt.\u00a0\u00a0<\/p>\n\n\n\n<h2 class=\"wp-block-heading\"><strong>Wie trainieren wir?<\/strong><\/h2>\n\n\n\n<p>Die Ausbildung besteht aus zwei Teilen: Theorie und Praxis. W\u00e4hrend des Unterrichts werden den Teilnehmern die erforderlichen Kenntnisse und F\u00e4higkeiten vermittelt, um alle rechtlichen und situativen Anforderungen zu erf\u00fcllen.&nbsp;&nbsp;<\/p>\n\n\n\n<h4 class=\"wp-block-heading\"><strong>Die Schulungsthemen umfassen haupts\u00e4chlich:<\/strong>&nbsp;<\/h4>\n\n\n\n<ul class=\"wp-block-list\">\n<li>Bedienung von handgef\u00fchrten Feuerl\u00f6schger\u00e4ten,&nbsp;<\/li>\n\n\n\n<li>Beschilderung f\u00fcr Feuer und Evakuierung,&nbsp;<\/li>\n\n\n\n<li>Notfallverfahren und Evakuierung,&nbsp;<\/li>\n\n\n\n<li>den Einsatz von Brandbek\u00e4mpfungsmitteln,&nbsp;<\/li>\n\n\n\n<li>Regeln f\u00fcr den ordnungsgem\u00e4\u00dfen Kontakt mit den zust\u00e4ndigen Dienststellen,&nbsp;<\/li>\n\n\n\n<li>Erste Hilfe f\u00fcr das Opfer leisten,&nbsp;<\/li>\n\n\n\n<li>Brandgefahren am Arbeitsplatz,&nbsp;<\/li>\n\n\n\n<li>das Brandschutzhandbuch f\u00fcr die betreffende Arbeit.&nbsp;<\/li>\n<\/ul>\n\n\n\n<p>Der theoretische Teil wird durch praktische \u00dcbungen erg\u00e4nzt. Es sei darauf hingewiesen, dass die oben genannten Themen individuell an die Bed\u00fcrfnisse unserer Kunden angepasst und verfeinert werden k\u00f6nnen. Jeder, der den Kurs abschlie\u00dft, erh\u00e4lt ein Zertifikat \u00fcber die Brandschutzschulung.&nbsp;<\/p>\n\n\n\n<h2 class=\"wp-block-heading\"><strong>Welche Arten von Schulungen bieten wir an?\u00a0<\/strong><\/h2>\n\n\n\n<p>In unserem Angebot finden Sie zwei Arten von Schulungen:&nbsp;<\/p>\n\n\n\n<figure class=\"wp-block-table\"><table><tbody><tr><td><strong>Art:<\/strong>&nbsp;<\/td><td><strong>F\u00fcr wen?<\/strong>&nbsp;<\/td><td><strong>Zielsetzung<\/strong>&nbsp;<\/td><\/tr><tr><td><strong>Vorl\u00e4ufig<\/strong>&nbsp;<\/td><td>Konzipiert f\u00fcr neue Mitarbeiter eines bestimmten Unternehmens.&nbsp;<\/td><td>Vertrautmachen mit den geltenden Rechtsvorschriften und Anweisungen zum Brandschutz und Erl\u00e4uterung der Verhaltensregeln im Falle eines Brandes.&nbsp;<\/td><\/tr><tr><td><strong>Regelm\u00e4\u00dfig<\/strong>&nbsp;<\/td><td>F\u00fcr die Mitarbeiter eines bestimmten Unternehmens bestimmt.&nbsp;<\/td><td>Vervollst\u00e4ndigung und Aktualisierung der Kenntnisse.&nbsp;<\/td><\/tr><\/tbody><\/table><\/figure>\n\n\n\n<h2 class=\"wp-block-heading\"><strong>Wo k\u00f6nnen Sie uns finden?<\/strong>&nbsp;<\/h2>\n\n\n<div class=\"wp-block-image\">\n<figure class=\"alignleft size-large is-resized\"><a href=\"https:\/\/szkolenia-udt.pl\/wp-content\/uploads\/2022\/08\/1-1.webp\"><img loading=\"lazy\" decoding=\"async\" src=\"https:\/\/szkolenia-udt.pl\/wp-content\/uploads\/2022\/08\/1-1-1024x683.webp\" alt=\"Teilnehmer an der Brandschutzschulung \" class=\"wp-image-3133\" width=\"512\" height=\"342\" srcset=\"https:\/\/szkolenia-udt.pl\/wp-content\/uploads\/2022\/08\/1-1-1024x683.webp 1024w, https:\/\/szkolenia-udt.pl\/wp-content\/uploads\/2022\/08\/1-1-300x200.webp 300w, https:\/\/szkolenia-udt.pl\/wp-content\/uploads\/2022\/08\/1-1-768x512.webp 768w, https:\/\/szkolenia-udt.pl\/wp-content\/uploads\/2022\/08\/1-1-1536x1024.webp 1536w, https:\/\/szkolenia-udt.pl\/wp-content\/uploads\/2022\/08\/1-1-18x12.webp 18w, https:\/\/szkolenia-udt.pl\/wp-content\/uploads\/2022\/08\/1-1.webp 1600w\" sizes=\"auto, (max-width: 512px) 100vw, 512px\" \/><\/a><\/figure>\n<\/div>\n\n\n<p>Unser Hauptsitz ist in Warschau, aber wir bieten Schulungen im ganzen Land und im Ausland an. Nach dem aktuellen Zeitplan k\u00f6nnen Sie sich f\u00fcr eine Brandschutzschulung an einem Ort Ihrer Wahl anmelden. F\u00fcr eine detaillierte Liste der Kurstermine bitten wir Sie, unser B\u00fcro telefonisch zu kontaktieren. Wir sind unter der auf unserer Website angegebenen Telefonnummer erreichbar.&nbsp;<\/p>\n\n\n\n<h2 class=\"wp-block-heading\"><strong>Angebot, zum Kunden zu reisen<\/strong>&nbsp;<\/h2>\n\n\n\n<p>Bei geschlossenen Kursen, die sich an organisierte Gruppen richten, bieten wir die Anreise und die Durchf\u00fchrung der Kurse an jedem beliebigen Ort in Polen an. <a href=\"https:\/\/szkolenia-udt.pl\/de\/oferta\/\">Preis<\/a> ist abh\u00e4ngig von der Anzahl der Personen und wird daher individuell festgelegt. F\u00fcr gr\u00f6\u00dfere Gruppen gibt es attraktive Rabatte. Um sich f\u00fcr den Kurs anzumelden oder Antworten auf andere Fragen zu erhalten, kontaktieren Sie uns bitte unter <a href=\"https:\/\/szkolenia-udt.pl\/de\/kontakt\/\">Kontaktaufnahme mit uns<\/a>.&nbsp;<\/p>\n\n\n\n<h2 class=\"wp-block-heading\"><strong>Was ist Brandschutz?<\/strong>&nbsp;<\/h2>\n\n\n\n<p>Brandschutz ist die Ma\u00dfnahme zum Schutz des Lebens und der Gesundheit von Menschen und Tieren sowie zum Schutz von Eigentum vor Feuer, Naturkatastrophen und anderen lokalen Gefahren. Darunter versteht man gesetzlich geregelte Vorschriften, die Verwalter und Eigent\u00fcmer von Geb\u00e4uden und Grundst\u00fccken dazu verpflichten, angemessen konzipierte Brandschutzsysteme zu verwenden, die das Brandrisiko minimieren und seine Auswirkungen wirksam beseitigen k\u00f6nnen.&nbsp;<\/p>\n\n\n\n<h2 class=\"wp-block-heading\"><strong>Brandschutz am Arbeitsplatz<\/strong>&nbsp;<\/h2>\n\n\n\n<p>Jeder, der ein Geb\u00e4ude, eine Anlage, eine Umgebung oder ein Grundst\u00fcck nutzt, ist verpflichtet, es gegen Brandgefahren zu sch\u00fctzen, unabh\u00e4ngig davon, ob es sich um eine nat\u00fcrliche oder juristische Person, eine Organisation oder eine Institution handelt. Nach dem Gesetz ist jede Person, die im Besitz eines Geb\u00e4udes, einer Anlage oder eines Grundst\u00fccks ist, f\u00fcr die Gew\u00e4hrleistung des Brandschutzes verantwortlich.  Er ist daher verpflichtet:\u00a0<\/p>\n\n\n<div class=\"wp-block-image\">\n<figure class=\"alignright size-large is-resized\"><a href=\"https:\/\/szkolenia-udt.pl\/wp-content\/uploads\/2022\/08\/3.webp\"><img loading=\"lazy\" decoding=\"async\" src=\"https:\/\/szkolenia-udt.pl\/wp-content\/uploads\/2022\/08\/3-1024x678.webp\" alt=\"Foto des Einsatzes eines Feuerl\u00f6schers bei einem Brand\" class=\"wp-image-3135\" width=\"512\" height=\"339\" srcset=\"https:\/\/szkolenia-udt.pl\/wp-content\/uploads\/2022\/08\/3-1024x678.webp 1024w, https:\/\/szkolenia-udt.pl\/wp-content\/uploads\/2022\/08\/3-300x199.webp 300w, https:\/\/szkolenia-udt.pl\/wp-content\/uploads\/2022\/08\/3-768x509.webp 768w, https:\/\/szkolenia-udt.pl\/wp-content\/uploads\/2022\/08\/3-1536x1018.webp 1536w, https:\/\/szkolenia-udt.pl\/wp-content\/uploads\/2022\/08\/3-18x12.webp 18w, https:\/\/szkolenia-udt.pl\/wp-content\/uploads\/2022\/08\/3.webp 1600w\" sizes=\"auto, (max-width: 512px) 100vw, 512px\" \/><\/a><\/figure>\n<\/div>\n\n\n<ul class=\"wp-block-list\">\n<li>die Wartung und Instandsetzung von Feuerl\u00f6schern und Brandbek\u00e4mpfungsanlagen zu gew\u00e4hrleisten, damit sie wirksam und zuverl\u00e4ssig sind;&nbsp;<\/li>\n\n\n\n<li>einen Feuerl\u00f6scher und andere vorgeschriebene Feuer- und Rettungsger\u00e4te im Geb\u00e4ude, in der Struktur oder auf dem Gel\u00e4nde bereitzustellen;&nbsp;<\/li>\n\n\n\n<li>Benennung von Personen, die f\u00fcr die Evakuierung der \u00fcbrigen Arbeitnehmer, die Kontaktaufnahme mit den Dienststellen und die Erste-Hilfe-Ma\u00dfnahmen verantwortlich sind;&nbsp;<\/li>\n\n\n\n<li>die Anforderungen des Brandschutzes erf\u00fcllen: technologisch, installationstechnisch und technisch;&nbsp;<\/li>\n\n\n\n<li>Personen, die sich im Geb\u00e4ude aufhalten, sollten f\u00fcr Sicherheit und eine reibungslose Evakuierung sorgen;&nbsp;<\/li>\n\n\n\n<li>das Geb\u00e4ude, die Struktur oder das Gel\u00e4nde an die Rettungsaktion anzupassen;&nbsp;<\/li>\n\n\n\n<li>ihre Mitarbeiter mit den geltenden Brandschutzvorschriften vertraut zu machen;&nbsp;<\/li>\n\n\n\n<li>m\u00f6gliche L\u00f6sungen f\u00fcr die Bew\u00e4ltigung eines Brandes, einer Naturkatastrophe oder eines anderen Notfalls zu ermitteln.&nbsp;<\/li>\n<\/ul>\n\n\n\n<h2 class=\"wp-block-heading\"><strong>Zust\u00e4ndigkeiten des Arbeitnehmers<\/strong>&nbsp;<\/h2>\n\n\n\n<p>Zu den Aufgaben des Personals geh\u00f6ren:&nbsp;<\/p>\n\n\n\n<ul class=\"wp-block-list\">\n<li>&nbsp;Unterrichtung des Arbeitgebers \u00fcber festgestellte Gefahren oder Unf\u00e4lle;&nbsp;<\/li>\n\n\n\n<li>&nbsp;Abschluss der Erstausbildung in Arbeitsschutz und Brandschutz (f\u00fcr neue Mitarbeiter);&nbsp;&nbsp;<\/li>\n\n\n\n<li>Absolvierung regelm\u00e4\u00dfiger Schulungen in den Bereichen Sicherheit und Gesundheitsschutz am Arbeitsplatz und Brandschutz (bei st\u00e4ndigem Personal);&nbsp;<\/li>\n\n\n\n<li>&nbsp;mit den Gesundheits-, Sicherheits- und Brandschutzvorschriften vertraut zu sein und diese einzuhalten.&nbsp;&nbsp;<\/li>\n<\/ul>\n\n\n\n<p>Sie sind herzlich eingeladen zu Schulungen in unserem <a href=\"https:\/\/szkolenia-udt.pl\/de\/o-firmie\/\">Schulungszentrum f\u00fcr Bediener<\/a>wo wir Brandschutzkurse durchf\u00fchren. Wir bieten professionelle Unterst\u00fctzung zu erschwinglichen Preisen. Wir laden Sie ein, sich anzumelden und an unseren Schulungen teilzunehmen!<\/p>\n\n\n<div class=\"wp-block-image\">\n<figure class=\"aligncenter size-full is-resized\"><a href=\"https:\/\/szkolenia-udt.pl\/wp-content\/uploads\/2022\/08\/0094-oso.edu_.pl_.jpg\"><img loading=\"lazy\" decoding=\"async\" src=\"https:\/\/szkolenia-udt.pl\/wp-content\/uploads\/2022\/08\/0094-oso.edu_.pl_.jpg\" alt=\"\" class=\"wp-image-3136\" width=\"454\" height=\"378\" srcset=\"https:\/\/szkolenia-udt.pl\/wp-content\/uploads\/2022\/08\/0094-oso.edu_.pl_.jpg 446w, https:\/\/szkolenia-udt.pl\/wp-content\/uploads\/2022\/08\/0094-oso.edu_.pl_-300x250.jpg 300w, https:\/\/szkolenia-udt.pl\/wp-content\/uploads\/2022\/08\/0094-oso.edu_.pl_-14x12.jpg 14w\" sizes=\"auto, (max-width: 454px) 100vw, 454px\" \/><\/a><\/figure>\n<\/div>","protected":false},"excerpt":{"rendered":"<p>Szkolenia w OSO\u00a0 Na naszej stronie mo\u017cna znale\u017a\u0107 fachowe szkolenia w zakresie ochrony PPO\u017b. S\u0105 to kursy, kt\u00f3re zapewniaj\u0105 odpowiednie przygotowanie pracownik\u00f3w do bezpiecznego wykonywania pracy. Przek\u0142adamy wszelkie si\u0142y, aby zapewni\u0107 jak najlepsz\u0105 jako\u015b\u0107 naszych zaj\u0119\u0107.\u00a0Dysponujemy nowoczesnym zapleczem i salami szkoleniowymi oraz kompetentnymi instruktorami, kt\u00f3rzy s\u0105 dyspozycyjni i \u015bwietnie wykwalifikowani. Opr\u00f3cz tego stawiamy na obszerny [&hellip;]<\/p>\n","protected":false},"author":10,"featured_media":3135,"parent":2739,"menu_order":0,"comment_status":"closed","ping_status":"closed","template":"","meta":{"footnotes":""},"class_list":["post-3132","page","type-page","status-publish","has-post-thumbnail","hentry"],"aioseo_notices":[],"_links":{"self":[{"href":"https:\/\/szkolenia-udt.pl\/de\/wp-json\/wp\/v2\/pages\/3132","targetHints":{"allow":["GET"]}}],"collection":[{"href":"https:\/\/szkolenia-udt.pl\/de\/wp-json\/wp\/v2\/pages"}],"about":[{"href":"https:\/\/szkolenia-udt.pl\/de\/wp-json\/wp\/v2\/types\/page"}],"author":[{"embeddable":true,"href":"https:\/\/szkolenia-udt.pl\/de\/wp-json\/wp\/v2\/users\/10"}],"replies":[{"embeddable":true,"href":"https:\/\/szkolenia-udt.pl\/de\/wp-json\/wp\/v2\/comments?post=3132"}],"version-history":[{"count":8,"href":"https:\/\/szkolenia-udt.pl\/de\/wp-json\/wp\/v2\/pages\/3132\/revisions"}],"predecessor-version":[{"id":4625,"href":"https:\/\/szkolenia-udt.pl\/de\/wp-json\/wp\/v2\/pages\/3132\/revisions\/4625"}],"up":[{"embeddable":true,"href":"https:\/\/szkolenia-udt.pl\/de\/wp-json\/wp\/v2\/pages\/2739"}],"wp:featuredmedia":[{"embeddable":true,"href":"https:\/\/szkolenia-udt.pl\/de\/wp-json\/wp\/v2\/media\/3135"}],"wp:attachment":[{"href":"https:\/\/szkolenia-udt.pl\/de\/wp-json\/wp\/v2\/media?parent=3132"}],"curies":[{"name":"wp","href":"https:\/\/api.w.org\/{rel}","templated":true}]}}