{"id":3185,"date":"2022-08-30T09:17:55","date_gmt":"2022-08-30T07:17:55","guid":{"rendered":"https:\/\/szkolenia-udt.pl\/?page_id=3185"},"modified":"2023-03-24T18:25:47","modified_gmt":"2023-03-24T17:25:47","slug":"bergsteigerkurs","status":"publish","type":"page","link":"https:\/\/szkolenia-udt.pl\/de\/kursy\/prace-wysokosciowe\/kurs-alpinistyczny\/","title":{"rendered":"Bergsteigerkurs"},"content":{"rendered":"<div class=\"wp-block-image\">\n<figure class=\"alignleft is-resized\"><a href=\"https:\/\/szkolenia-udt.pl\/wp-content\/uploads\/2022\/08\/3-5.jpeg\"><img loading=\"lazy\" decoding=\"async\" src=\"https:\/\/szkolenia-udt.pl\/wp-content\/uploads\/2022\/08\/3-5-1024x768.jpeg\" alt=\"In der H\u00f6he arbeitende Person\" class=\"wp-image-3188\" width=\"512\" height=\"384\" srcset=\"https:\/\/szkolenia-udt.pl\/wp-content\/uploads\/2022\/08\/3-5-1024x768.jpeg 1024w, https:\/\/szkolenia-udt.pl\/wp-content\/uploads\/2022\/08\/3-5-300x225.jpeg 300w, https:\/\/szkolenia-udt.pl\/wp-content\/uploads\/2022\/08\/3-5-768x576.jpeg 768w, https:\/\/szkolenia-udt.pl\/wp-content\/uploads\/2022\/08\/3-5-1536x1152.jpeg 1536w, https:\/\/szkolenia-udt.pl\/wp-content\/uploads\/2022\/08\/3-5-16x12.jpeg 16w, https:\/\/szkolenia-udt.pl\/wp-content\/uploads\/2022\/08\/3-5-135x100.jpeg 135w, https:\/\/szkolenia-udt.pl\/wp-content\/uploads\/2022\/08\/3-5.jpeg 1600w\" sizes=\"auto, (max-width: 512px) 100vw, 512px\" \/><\/a><\/figure>\n<\/div>\n\n\n<p>Ein Arbeitnehmer, der mit Arbeiten in der H\u00f6he zu tun hat, sollte an einem Bergsteigertraining teilnehmen. Damit sorgt er nicht nur f\u00fcr seine eigene Sicherheit, sondern auch f\u00fcr die der anderen am Arbeitsplatz. Der Kurs ist eine Voraussetzung f\u00fcr die Aufnahme der Arbeit. Ohne eine entsprechende Ausbildung kann man sich rechtlichen Konsequenzen aussetzen. Schwerwiegender ist jedoch die m\u00f6gliche Sch\u00e4digung der Gesundheit oder sogar der Verlust des Lebens. Wir laden Sie daher ein, einen Lehrgang im Operator Training Centre zu besuchen!\u00a0<\/p>\n\n\n\n<h2 class=\"wp-block-heading\"><strong>F\u00fcr wen ist der Kurs gedacht?<\/strong>&nbsp;<\/h2>\n\n\n\n<p>Wir bieten <a href=\"https:\/\/szkolenia-udt.pl\/de\/kursy\/prace-wysokosciowe\/prace-alpinistyczne-szkolenie-praktyczne\/\">Bergsteigerkurs<\/a> von Seilzugangstechniken. Sie ist f\u00fcr diejenigen gedacht, die in der H\u00f6he an Seilbefestigungen arbeiten wollen. Der angehende Auszubildende sollte in der Lage sein, schwierige Wetterbedingungen wie starken Wind, Regen, Schnee oder hohe Temperaturen zu ertragen. Die Arbeit mit solchen Unannehmlichkeiten erfordert daher Ausdauer und Geduld. Dar\u00fcber hinaus ist eine gute k\u00f6rperliche Fitness von Vorteil.\u00a0\u00a0<\/p>\n\n\n\n<h2 class=\"wp-block-heading\"><strong>Berechtigungen<\/strong>&nbsp;<\/h2>\n\n\n\n<p>Nach den Vorschriften m\u00fcssen die Arbeitnehmer regelm\u00e4\u00dfig, mindestens alle drei Jahre, f\u00fcr die Arbeit in der H\u00f6he geschult werden, denn so lange ist der Bef\u00e4higungsnachweis g\u00fcltig. Nach dieser Zeit sollte ein Auffrischungskurs besucht werden, um die vorhandenen Kenntnisse zu aktualisieren und aufzufrischen. Es ist jedoch wichtig zu wissen, dass nur eine erfolgreiche Pr\u00fcfung Ihre Qualifikation gew\u00e4hrleistet. Aus diesem Grund m\u00fcssen Sie einen Kurs besuchen, und unser Operator Training Centre macht es m\u00f6glich!\u00a0<\/p>\n\n\n<div class=\"wp-block-image\">\n<figure class=\"alignright\"><a href=\"https:\/\/szkolenia-udt.pl\/wp-content\/uploads\/2022\/08\/1-8.jpeg\"><img loading=\"lazy\" decoding=\"async\" width=\"200\" height=\"300\" src=\"https:\/\/szkolenia-udt.pl\/wp-content\/uploads\/2022\/08\/1-8-200x300.jpeg\" alt=\"Ausbilder in Arbeitskleidung\" class=\"wp-image-3186\" srcset=\"https:\/\/szkolenia-udt.pl\/wp-content\/uploads\/2022\/08\/1-8-200x300.jpeg 200w, https:\/\/szkolenia-udt.pl\/wp-content\/uploads\/2022\/08\/1-8-682x1024.jpeg 682w, https:\/\/szkolenia-udt.pl\/wp-content\/uploads\/2022\/08\/1-8-768x1154.jpeg 768w, https:\/\/szkolenia-udt.pl\/wp-content\/uploads\/2022\/08\/1-8-1022x1536.jpeg 1022w, https:\/\/szkolenia-udt.pl\/wp-content\/uploads\/2022\/08\/1-8-8x12.jpeg 8w, https:\/\/szkolenia-udt.pl\/wp-content\/uploads\/2022\/08\/1-8.jpeg 1065w\" sizes=\"auto, (max-width: 200px) 100vw, 200px\" \/><\/a><\/figure>\n<\/div>\n\n\n<h2 class=\"wp-block-heading\"><strong>Formale Anforderungen<\/strong>&nbsp;<\/h2>\n\n\n\n<p>Der Kurs selbst ist offen f\u00fcr alle, die:&nbsp;&nbsp;<\/p>\n\n\n\n<ul class=\"wp-block-list\">\n<li>das 18. Lebensjahr vollendet haben,&nbsp;&nbsp;<\/li>\n\n\n\n<li>mindestens eine Grundschulbildung haben,&nbsp;&nbsp;<\/li>\n\n\n\n<li>bei guter Gesundheit sind - gesundheitliche Kontraindikationen wie Herzkrankheiten oder Epilepsie schlie\u00dfen Sie sofort von der Teilnahme am Kurs und der Teilnahme am Bergsteigen aus.\u00a0\u00a0<\/li>\n<\/ul>\n\n\n\n<h2 class=\"wp-block-heading\"><strong>Umfang des Schulungsprogramms<\/strong>&nbsp;<\/h2>\n\n\n\n<p>Wir stellen Beispiele f\u00fcr die Themen unseres Kurses vor. In der nachstehenden Tabelle werden auch die Einzelheiten des Themas kurz erl\u00e4utert.&nbsp;<\/p>\n\n\n\n<figure class=\"wp-block-table\"><table><tbody><tr><td><strong>Thema<\/strong>&nbsp;<\/td><td><strong>Einzelheiten<\/strong>&nbsp;<\/td><\/tr><tr><td>Rechtsgrundlage des Industriekletterers&nbsp;<\/td><td>Die Teilnehmer lernen die Gesundheits- und Sicherheitsvorschriften und die gesetzlichen Normen (EN) kennen. Sie erfahren auch etwas \u00fcber die Gefahren bei Arbeiten in der H\u00f6he.\u00a0<\/td><\/tr><tr><td>Vorbereitung auf die Arbeit&nbsp;<\/td><td>Die Ausbilder zeigen, wie man Knoten bindet (z. B. Achter, Alpenschmetterling usw.) und andere Elemente, die f\u00fcr die ersten Schritte notwendig sind.&nbsp;<\/td><\/tr><tr><td>Versicherung&nbsp;<\/td><td>Die Sch\u00fcler lernen, wie man die Sicherungsausr\u00fcstung anlegt und wie man sich vertikal und horizontal bewegt.&nbsp;<\/td><\/tr><tr><td>Rettung im Falle eines Unfalls&nbsp;<\/td><td>Demonstration von Rettungsma\u00dfnahmen und geeigneten Methoden zum Transport einer verletzten Person.&nbsp;<\/td><\/tr><tr><td>Praktische F\u00e4higkeiten&nbsp;<\/td><td>Die Teilnehmer lernen die im theoretischen Teil des Kurses erlernten Schritte in der Praxis und f\u00fchren sie unter Aufsicht eines Ausbilders aus.&nbsp;<\/td><\/tr><\/tbody><\/table><\/figure>\n\n\n\n<p>Dies sind nur einige der Themen, die wir in der Bergsteigerausbildung behandeln. Ihr Umfang kann auf Wunsch des Auftraggebers entsprechend erweitert werden.&nbsp;<\/p>\n\n\n\n<div class=\"filmw\">\n<div class=\"responsive-youtube\"><iframe loading=\"lazy\" title=\"YouTube-Video-Player\" src=\"https:\/\/www.youtube.com\/embed\/QcT4h2Z50M0\" width=\"560\" height=\"315\" frameborder=\"0\" allowfullscreen=\"allowfullscreen\"><\/iframe><\/div>\n<\/div>\n\n\n\n<h2 class=\"wp-block-heading\"><strong>Warum wir?<\/strong>&nbsp;<\/h2>\n\n\n\n<p>Im Operator Training Centre k\u00f6nnen Sie sicher sein, dass Sie eine gute Ausbildung f\u00fcr den seilunterst\u00fctzten Bergsport erhalten. Unser Unternehmen verf\u00fcgt \u00fcber professionelles Personal mit gro\u00dfer Erfahrung. Wir sorgen daf\u00fcr, dass Sie bei uns alles lernen und die staatliche Pr\u00fcfung bestehen. Wir unterrichten alles mit moderner Ausr\u00fcstung, die den neuesten Anforderungen angepasst ist und \u00fcber die entsprechenden Zulassungen verf\u00fcgt. In unserem Unterricht setzen wir handlungsorientierte Lehrmethoden ein, damit das Wissen von unseren Sch\u00fclern besser aufgenommen werden kann. Au\u00dferdem f\u00fchrt dies zu besseren Ergebnissen bei der Pr\u00fcfung. Sie k\u00f6nnen uns vertrauen - wir bringen Ihnen alles bei, was mit Industriebergsteigen zu tun hat.\u00a0<\/p>\n\n\n\n<h2 class=\"wp-block-heading\"><strong>Preis des Kurses<\/strong>&nbsp;<\/h2>\n\n\n\n<p>Wir wissen, wie wichtig ein Kriterium f\u00fcr die Auswahl einer Ausbildungsst\u00e4tte ist <a href=\"https:\/\/szkolenia-udt.pl\/de\/oferta\/\">Preis<\/a>. Die Kosten f\u00fcr unsere Schulungen werden mit jedem Kunden individuell festgelegt. Dies h\u00e4ngt unter anderem mit der unterschiedlichen Anzahl der Teilnehmer zusammen, die an dem Kurs teilnehmen m\u00f6chten. Wir bieten wettbewerbsf\u00e4hige Preise. Dar\u00fcber hinaus gew\u00e4hren wir hohe Rabatte auf unsere Dienstleistungen. Im Kurspreis ist auch das Staatsexamen enthalten.\u00a0<\/p>\n\n\n\n<h2 class=\"wp-block-heading\"><strong>Termine, Format und Ort des Kurses<\/strong>&nbsp;<\/h2>\n\n\n<div class=\"wp-block-image\">\n<figure class=\"alignright size-large is-resized\"><a href=\"https:\/\/szkolenia-udt.pl\/wp-content\/uploads\/2022\/08\/2-9.jpeg\"><img loading=\"lazy\" decoding=\"async\" src=\"https:\/\/szkolenia-udt.pl\/wp-content\/uploads\/2022\/08\/2-9-1024x683.jpeg\" alt=\"Seilarbeiter\" class=\"wp-image-3187\" width=\"512\" height=\"342\" srcset=\"https:\/\/szkolenia-udt.pl\/wp-content\/uploads\/2022\/08\/2-9-1024x683.jpeg 1024w, https:\/\/szkolenia-udt.pl\/wp-content\/uploads\/2022\/08\/2-9-300x200.jpeg 300w, https:\/\/szkolenia-udt.pl\/wp-content\/uploads\/2022\/08\/2-9-768x512.jpeg 768w, https:\/\/szkolenia-udt.pl\/wp-content\/uploads\/2022\/08\/2-9-1536x1024.jpeg 1536w, https:\/\/szkolenia-udt.pl\/wp-content\/uploads\/2022\/08\/2-9-18x12.jpeg 18w, https:\/\/szkolenia-udt.pl\/wp-content\/uploads\/2022\/08\/2-9.jpeg 1600w\" sizes=\"auto, (max-width: 512px) 100vw, 512px\" \/><\/a><\/figure>\n<\/div>\n\n\n<p><a href=\"https:\/\/szkolenia-udt.pl\/de\/kontakt\/\">Kontakt<\/a> Rufen Sie uns an oder schicken Sie uns eine E-Mail und wir geben Ihnen alle Informationen \u00fcber die aktuellen Termine <a href=\"https:\/\/szkolenia-udt.pl\/de\/kursy\/\">unsere Ausbildungskurse<\/a> in den einzelnen CSO-Filialen. Wir erstellen auch ein erstes Angebot f\u00fcr den Kurs. Wir k\u00f6nnen auch eine Schulung f\u00fcr eine organisierte Gruppe organisieren - in diesem Fall kann der Lehrplan entsprechend angepasst werden. Auf diese Weise lernen die Mitarbeiter auch \u00fcber Themen, die f\u00fcr ihren Arbeitsplatz spezifisch sind. Wenn Sie jedoch als Einzelperson Ihre Kompetenzen erweitern m\u00f6chten, k\u00f6nnen Sie sich f\u00fcr eine offene Schulung anmelden. Wer m\u00f6chte, kann sich f\u00fcr einen bestimmten Termin in der Filiale anmelden.\u00a0<\/p>\n\n\n\n<h2 class=\"wp-block-heading\"><strong>Wo werde ich die F\u00e4higkeiten einsetzen?<\/strong>&nbsp;<\/h2>\n\n\n\n<p>Mit einer Bergsteigerausbildung k\u00f6nnen Sie T\u00e4tigkeiten wie das F\u00e4llen von B\u00e4umen, das Streichen oder Reparieren von Geb\u00e4udefassaden, Arbeiten auf D\u00e4chern (Dachdeckerarbeiten oder Schneer\u00e4umung) und das Anbringen von Werbung auf Werbetafeln \u00fcbernehmen. Der Kurs eignet sich f\u00fcr Personen, die auf der Baustelle mit Ankern arbeiten und sich zwischen ihnen bewegen. Die Qualifikation kann auch in vielen anderen Bereichen im Zusammenhang mit dem Bauwesen eingesetzt werden.\u00a0\u00a0<\/p>\n\n\n\n<h2 class=\"wp-block-heading\">Lernen Sie vom CSO!<\/h2>\n\n\n\n<p>Sie sind herzlich eingeladen, unser Schulungsangebot zu nutzen. Das Ausbildungszentrum Operator verf\u00fcgt \u00fcber Ausbilder mit langj\u00e4hriger Erfahrung in ihrem Beruf. Bei uns erwerben Sie die Berechtigungen zur Durchf\u00fchrung von Bergsteigerarbeiten. Bitte kontaktieren Sie uns, wenn Sie sich f\u00fcr unser Angebot interessieren - rufen Sie uns an oder schicken Sie uns eine E-Mail. Alle Details finden Sie auf unserer Website.\u00a0<\/p>\n\n\n<div class=\"wp-block-image\">\n<figure class=\"aligncenter size-large\"><a href=\"https:\/\/szkolenia-udt.pl\/wp-content\/uploads\/2022\/08\/0028-oso-kurs-alpinistyczny-wysokosciowy-1.jpg\"><img loading=\"lazy\" decoding=\"async\" width=\"1024\" height=\"853\" src=\"https:\/\/szkolenia-udt.pl\/wp-content\/uploads\/2022\/08\/0028-oso-kurs-alpinistyczny-wysokosciowy-1-1024x853.jpg\" alt=\"Grafiken zur Werbung f\u00fcr die Ausbildung\" class=\"wp-image-3189\" srcset=\"https:\/\/szkolenia-udt.pl\/wp-content\/uploads\/2022\/08\/0028-oso-kurs-alpinistyczny-wysokosciowy-1-1024x853.jpg 1024w, https:\/\/szkolenia-udt.pl\/wp-content\/uploads\/2022\/08\/0028-oso-kurs-alpinistyczny-wysokosciowy-1-300x250.jpg 300w, https:\/\/szkolenia-udt.pl\/wp-content\/uploads\/2022\/08\/0028-oso-kurs-alpinistyczny-wysokosciowy-1-768x640.jpg 768w, https:\/\/szkolenia-udt.pl\/wp-content\/uploads\/2022\/08\/0028-oso-kurs-alpinistyczny-wysokosciowy-1-14x12.jpg 14w, https:\/\/szkolenia-udt.pl\/wp-content\/uploads\/2022\/08\/0028-oso-kurs-alpinistyczny-wysokosciowy-1.jpg 1200w\" sizes=\"auto, (max-width: 1024px) 100vw, 1024px\" \/><\/a><\/figure>\n<\/div>","protected":false},"excerpt":{"rendered":"<p>Pracownik, kt\u00f3ry ma do czynienia z pracami na wysoko\u015bci, powinien wzi\u0105\u0107 udzia\u0142 w szkoleniu alpinistycznym. Dzi\u0119ki temu, zapewni on bezpiecze\u0144stwo nie tylko sobie samemu, ale te\u017c innym w miejscu pracy.\u00a0Kurs jest wymogiem koniecznym do rozpocz\u0119cia prac. Bez odpowiedniego przeszkolenia mo\u017cna narazi\u0107 si\u0119 na konsekwencje prawne. Powa\u017cniejsz\u0105 spraw\u0105 jest jednak ewentualny uszczerbek na zdrowiu, a nawet [&hellip;]<\/p>\n","protected":false},"author":10,"featured_media":3188,"parent":1874,"menu_order":0,"comment_status":"closed","ping_status":"closed","template":"","meta":{"footnotes":""},"class_list":["post-3185","page","type-page","status-publish","has-post-thumbnail","hentry"],"aioseo_notices":[],"_links":{"self":[{"href":"https:\/\/szkolenia-udt.pl\/de\/wp-json\/wp\/v2\/pages\/3185","targetHints":{"allow":["GET"]}}],"collection":[{"href":"https:\/\/szkolenia-udt.pl\/de\/wp-json\/wp\/v2\/pages"}],"about":[{"href":"https:\/\/szkolenia-udt.pl\/de\/wp-json\/wp\/v2\/types\/page"}],"author":[{"embeddable":true,"href":"https:\/\/szkolenia-udt.pl\/de\/wp-json\/wp\/v2\/users\/10"}],"replies":[{"embeddable":true,"href":"https:\/\/szkolenia-udt.pl\/de\/wp-json\/wp\/v2\/comments?post=3185"}],"version-history":[{"count":8,"href":"https:\/\/szkolenia-udt.pl\/de\/wp-json\/wp\/v2\/pages\/3185\/revisions"}],"predecessor-version":[{"id":4656,"href":"https:\/\/szkolenia-udt.pl\/de\/wp-json\/wp\/v2\/pages\/3185\/revisions\/4656"}],"up":[{"embeddable":true,"href":"https:\/\/szkolenia-udt.pl\/de\/wp-json\/wp\/v2\/pages\/1874"}],"wp:featuredmedia":[{"embeddable":true,"href":"https:\/\/szkolenia-udt.pl\/de\/wp-json\/wp\/v2\/media\/3188"}],"wp:attachment":[{"href":"https:\/\/szkolenia-udt.pl\/de\/wp-json\/wp\/v2\/media?parent=3185"}],"curies":[{"name":"wp","href":"https:\/\/api.w.org\/{rel}","templated":true}]}}