{"id":3117,"date":"2022-08-11T11:52:59","date_gmt":"2022-08-11T09:52:59","guid":{"rendered":"https:\/\/szkolenia-udt.pl\/?page_id=3117"},"modified":"2023-03-24T19:30:24","modified_gmt":"2023-03-24T18:30:24","slug":"proteccion-contra-caidas","status":"publish","type":"page","link":"https:\/\/szkolenia-udt.pl\/es\/kursy\/prace-wysokosciowe\/ochrona-przed-upadkiem\/","title":{"rendered":"Formaci\u00f3n en protecci\u00f3n contra ca\u00eddas"},"content":{"rendered":"<div class=\"wp-block-image\">\n<figure class=\"alignleft size-large is-resized\"><a href=\"https:\/\/szkolenia-udt.pl\/wp-content\/uploads\/2022\/08\/1-3.jpeg\"><img loading=\"lazy\" decoding=\"async\" src=\"https:\/\/szkolenia-udt.pl\/wp-content\/uploads\/2022\/08\/1-3-927x1024.jpeg\" alt=\"equipo de protecci\u00f3n contra ca\u00eddas\" class=\"wp-image-3118\" width=\"464\" height=\"512\" srcset=\"https:\/\/szkolenia-udt.pl\/wp-content\/uploads\/2022\/08\/1-3-927x1024.jpeg 927w, https:\/\/szkolenia-udt.pl\/wp-content\/uploads\/2022\/08\/1-3-272x300.jpeg 272w, https:\/\/szkolenia-udt.pl\/wp-content\/uploads\/2022\/08\/1-3-768x848.jpeg 768w, https:\/\/szkolenia-udt.pl\/wp-content\/uploads\/2022\/08\/1-3-1391x1536.jpeg 1391w, https:\/\/szkolenia-udt.pl\/wp-content\/uploads\/2022\/08\/1-3-11x12.jpeg 11w, https:\/\/szkolenia-udt.pl\/wp-content\/uploads\/2022\/08\/1-3.jpeg 1449w\" sizes=\"auto, (max-width: 464px) 100vw, 464px\" \/><\/a><\/figure>\n<\/div>\n\n\n<h2 class=\"wp-block-heading\"><strong>Sobre el curso<\/strong><\/h2>\n\n\n\n<p>El trabajo en altura requiere la cualificaci\u00f3n adecuada, dado que es una ocupaci\u00f3n muy peligrosa y un accidente laboral puede ocurrir en cualquier momento. Es sumamente importante que las personas que trabajan en altura tengan los conocimientos y las competencias necesarias para hacerlo con seguridad. Por ello, nos gustar\u00eda invitarle a visitar la p\u00e1gina web de nuestro Centro, donde podr\u00e1 encontrar una oferta de formaci\u00f3n profesional en protecci\u00f3n contra ca\u00eddas. Est\u00e1 destinada a personas que trabajan con diversos tipos de objetos en altura. Llevamos muchos a\u00f1os trabajando y nuestros instructores est\u00e1n siempre disponibles y debidamente cualificados para impartir formaci\u00f3n profesional. La ventaja de <a href=\"https:\/\/szkolenia-udt.pl\/es\/kursy\/\">de nuestros cursos<\/a> es su flexibilidad y capacidad de adaptaci\u00f3n a sus necesidades.<\/p>\n\n\n\n<h2 class=\"wp-block-heading\"><strong>\u00bfC\u00f3mo es nuestra formaci\u00f3n?<\/strong>&nbsp;<\/h2>\n\n\n\n<p>Ofrecemos un enfoque personalizado y herramientas, accesorios y materiales de formaci\u00f3n \u00fatiles. Estos aspectos facilitan una formaci\u00f3n profesional y completa en trabajos en altura y protecci\u00f3n contra ca\u00eddas. La formaci\u00f3n incluye tanto una parte te\u00f3rica, en la que los participantes adquieren conocimientos sobre protecci\u00f3n contra ca\u00eddas, como una parte pr\u00e1ctica, que les permite poner en pr\u00e1ctica la informaci\u00f3n adquirida.\u00a0\u00a0<\/p>\n\n\n\n<h2 class=\"wp-block-heading\"><strong>Nuestras exigencias<\/strong>&nbsp;<\/h2>\n\n\n\n<p>Las personas que deseen participar en la formaci\u00f3n deben ser mayores de 18 a\u00f1os, tener como m\u00ednimo estudios primarios y un reconocimiento m\u00e9dico en vigor que les permita trabajar por encima de los 3 metros, adem\u00e1s de gozar de buena salud mental.&nbsp;&nbsp;<\/p>\n\n\n\n<h2 class=\"wp-block-heading\"><strong>Objetivo del curso<\/strong>&nbsp;<\/h2>\n\n\n\n<p>El objetivo principal de esta formaci\u00f3n es que, una vez finalizada, el participante sea capaz de identificar y eliminar el peligro, utilizando los medios apropiados. <a href=\"https:\/\/szkolenia-udt.pl\/es\/kursy\/bhp-ppoz\/szkolenia-bhp-oso\/\">equipo de protecci\u00f3n individual<\/a>y llevar a cabo operaciones de rescate.&nbsp;&nbsp;<\/p>\n\n\n\n<h2 class=\"wp-block-heading\"><strong>Plan de formaci\u00f3n<\/strong>&nbsp;<\/h2>\n\n\n\n<p>El programa de formaci\u00f3n incluye temas de seguridad en el entorno laboral y seguridad en el lugar de trabajo: equipos de protecci\u00f3n individual.&nbsp;&nbsp;<\/p>\n\n\n\n<h4 class=\"wp-block-heading\">La seguridad en el entorno laboral abarca temas como:\u00a0\u00a0<\/h4>\n\n\n<div class=\"wp-block-image\">\n<figure class=\"alignright size-large is-resized\"><a href=\"https:\/\/szkolenia-udt.pl\/wp-content\/uploads\/2022\/08\/2-3.jpeg\"><img loading=\"lazy\" decoding=\"async\" src=\"https:\/\/szkolenia-udt.pl\/wp-content\/uploads\/2022\/08\/2-3-1024x683.jpeg\" alt=\"trabajos en altura\" class=\"wp-image-3119\" width=\"512\" height=\"342\" srcset=\"https:\/\/szkolenia-udt.pl\/wp-content\/uploads\/2022\/08\/2-3-1024x683.jpeg 1024w, https:\/\/szkolenia-udt.pl\/wp-content\/uploads\/2022\/08\/2-3-300x200.jpeg 300w, https:\/\/szkolenia-udt.pl\/wp-content\/uploads\/2022\/08\/2-3-768x512.jpeg 768w, https:\/\/szkolenia-udt.pl\/wp-content\/uploads\/2022\/08\/2-3-1536x1024.jpeg 1536w, https:\/\/szkolenia-udt.pl\/wp-content\/uploads\/2022\/08\/2-3-18x12.jpeg 18w, https:\/\/szkolenia-udt.pl\/wp-content\/uploads\/2022\/08\/2-3.jpeg 1600w\" sizes=\"auto, (max-width: 512px) 100vw, 512px\" \/><\/a><\/figure>\n<\/div>\n\n\n<ul class=\"wp-block-list\">\n<li>factores f\u00edsicos asociados al trabajo en altura;\u00a0<\/li>\n\n\n\n<li>el an\u00e1lisis y la evaluaci\u00f3n de los riesgos profesionales y la atenuaci\u00f3n de los riesgos que puedan producirse en el lugar de trabajo;\u00a0\u00a0<\/li>\n\n\n\n<li>reconocimiento del peligro, el lugar de trabajo y las formas de protegerse;&nbsp;&nbsp;<\/li>\n\n\n\n<li>las disposiciones m\u00e1s importantes de la legislaci\u00f3n polaca y europea;&nbsp;&nbsp;<\/li>\n\n\n\n<li>actividades para garantizar unas condiciones de trabajo seguras.&nbsp;&nbsp;<\/li>\n<\/ul>\n\n\n\n<h4 class=\"wp-block-heading\">Los temas tratados en el aseguramiento del puesto de trabajo son:&nbsp;&nbsp;<\/h4>\n\n\n\n<ul class=\"wp-block-list\">\n<li>orden de trabajo - protecci\u00f3n en altura, en tejados;&nbsp;&nbsp;<\/li>\n\n\n\n<li>asegurar el lugar de trabajo;&nbsp;&nbsp;<\/li>\n\n\n\n<li>revisi\u00f3n del equipo;&nbsp;&nbsp;<\/li>\n\n\n\n<li>Familiarizaci\u00f3n con los requisitos de los equipos de protecci\u00f3n individual en altura - sistema antica\u00eddas;&nbsp;&nbsp;<\/li>\n\n\n\n<li>normas de acceso seguro al lugar de trabajo;&nbsp;&nbsp;<\/li>\n\n\n\n<li>uso de equipos de protecci\u00f3n individual;&nbsp;&nbsp;<\/li>\n\n\n\n<li>actividades posteriores al accidente, familiarizaci\u00f3n con los equipos de evacuaci\u00f3n y rescate;&nbsp;&nbsp;<\/li>\n\n\n\n<li>discusi\u00f3n del efecto post-accidente.&nbsp;&nbsp;<\/li>\n<\/ul>\n\n\n\n<p>Al finalizar el curso, los participantes deben realizar un examen. Solo un resultado positivo permite obtener la certificaci\u00f3n para trabajar en altura.&nbsp;&nbsp;<\/p>\n\n\n\n<div class=\"filmw\">\n<div class=\"responsive-youtube\"><iframe loading=\"lazy\" title=\"Reproductor de v\u00eddeo de YouTube\" src=\"https:\/\/www.youtube.com\/embed\/QcT4h2Z50M0\" width=\"560\" height=\"315\" frameborder=\"0\" allowfullscreen=\"allowfullscreen\"><\/iframe><\/div>\n<\/div>\n\n\n\n<h2 class=\"wp-block-heading\"><strong>La protecci\u00f3n contra las ca\u00eddas y el empresario<\/strong>&nbsp;<\/h2>\n\n\n\n<p>Seg\u00fan la ordenanza del Ministerio de Trabajo y Pol\u00edtica Social de 26 de septiembre de 1997 sobre las normas generales de salud y seguridad \"<a href=\"https:\/\/szkolenia-udt.pl\/es\/kursy\/prace-wysokosciowe\/kurs-na-szelki-budowlane\/\">trabajos en altura<\/a> es el trabajo realizado sobre una superficie a una altura de al menos 1,0 m por encima del nivel del suelo o del suelo\".&nbsp;&nbsp;<\/p>\n\n\n\n<p>En virtud de la legislaci\u00f3n polaca, as\u00ed como de la legislaci\u00f3n europea en materia de salud y seguridad, los empresarios que emplean a personas que trabajan en altura est\u00e1n obligados a proporcionar a sus empleados:&nbsp;&nbsp;<\/p>\n\n\n\n<ul class=\"wp-block-list\">\n<li>medidas adecuadas de protecci\u00f3n contra las ca\u00eddas de altura;&nbsp;&nbsp;<\/li>\n\n\n\n<li>supervisi\u00f3n directa de este trabajo por personas designadas a tal efecto;&nbsp;&nbsp;&nbsp;<\/li>\n\n\n\n<li>informe de trabajo.&nbsp;&nbsp;<\/li>\n<\/ul>\n\n\n\n<p>Cuando no sea posible que el trabajo se desarrolle de forma que los trabajadores se encuentren fuera de la zona de riesgo de ca\u00edda, se les debe proporcionar el equipo m\u00e1s adecuado para garantizar un entorno de trabajo seguro. En esta situaci\u00f3n, las medidas de protecci\u00f3n colectiva, como las redes de seguridad o las barandillas, tienen prioridad sobre las medidas de protecci\u00f3n personal, como los equipos individuales de protecci\u00f3n contra ca\u00eddas.&nbsp;&nbsp;<\/p>\n\n\n\n<h2 class=\"wp-block-heading\"><strong>SOI - equipo de protecci\u00f3n individual<\/strong>\u00a0<\/h2>\n\n\n<div class=\"wp-block-image\">\n<figure class=\"alignleft size-large is-resized\"><a href=\"https:\/\/szkolenia-udt.pl\/wp-content\/uploads\/2022\/08\/3-2.jpeg\"><img loading=\"lazy\" decoding=\"async\" src=\"https:\/\/szkolenia-udt.pl\/wp-content\/uploads\/2022\/08\/3-2-1024x675.jpeg\" alt=\"equipo de protecci\u00f3n contra ca\u00eddas\" class=\"wp-image-3121\" width=\"512\" height=\"338\" srcset=\"https:\/\/szkolenia-udt.pl\/wp-content\/uploads\/2022\/08\/3-2-1024x675.jpeg 1024w, https:\/\/szkolenia-udt.pl\/wp-content\/uploads\/2022\/08\/3-2-300x198.jpeg 300w, https:\/\/szkolenia-udt.pl\/wp-content\/uploads\/2022\/08\/3-2-768x506.jpeg 768w, https:\/\/szkolenia-udt.pl\/wp-content\/uploads\/2022\/08\/3-2-1536x1012.jpeg 1536w, https:\/\/szkolenia-udt.pl\/wp-content\/uploads\/2022\/08\/3-2-18x12.jpeg 18w, https:\/\/szkolenia-udt.pl\/wp-content\/uploads\/2022\/08\/3-2.jpeg 1600w\" sizes=\"auto, (max-width: 512px) 100vw, 512px\" \/><\/a><\/figure>\n<\/div>\n\n\n<p>La elecci\u00f3n de los equipos de protecci\u00f3n individual depende de varios factores. En primer lugar, deben seleccionarse de forma que sean adecuados al peligro que entra\u00f1an. Adem\u00e1s, deben seleccionarse en funci\u00f3n de la persona que los utiliza, por lo que su elecci\u00f3n debe tener en cuenta, entre otras cosas, el estado de salud del trabajador. Tambi\u00e9n deben tenerse en cuenta las condiciones existentes en el lugar de trabajo, as\u00ed como el hecho de que los equipos de protecci\u00f3n individual deben cumplir criterios de salud y seguridad.&nbsp;<\/p>\n\n\n\n<h2 class=\"wp-block-heading\"><strong>Equipo de protecci\u00f3n personal contra ca\u00eddas<\/strong>&nbsp;<\/h2>\n\n\n\n<p>Toda persona que trabaje en altura debe estar equipada con un equipo personal de protecci\u00f3n contra ca\u00eddas. Este equipo incluye lo siguiente:&nbsp;<\/p>\n\n\n\n<figure class=\"wp-block-table\"><table><tbody><tr><td><strong>Nombre<\/strong>&nbsp;<\/td><td><strong>DESCRIPCI\u00d3N<\/strong>&nbsp;<\/td><\/tr><tr><td>Dispositivo de anclaje&nbsp;<\/td><td>Se conecta directamente a la estructura de soporte; debe formar una fuerte conexi\u00f3n entre el subconjunto de uni\u00f3n y amortiguaci\u00f3n y los componentes estructurales de la estaci\u00f3n de trabajo; debe estar situado directamente encima de la estaci\u00f3n de trabajo para evitar el efecto p\u00e9ndulo, puede ser: de tijera, de cable y de correa, as\u00ed como cuerdas de anclaje y rieles, etc.\u00a0<\/td><\/tr><tr><td>Arneses de seguridad&nbsp;<\/td><td>Se utilizan para sostener el cuerpo del trabajador durante una ca\u00edda de altura y para distribuir con seguridad las fuerzas din\u00e1micas cuando se detiene la ca\u00edda; tambi\u00e9n ayudan a mantener la posici\u00f3n correcta mientras se espera ayuda; est\u00e1n equipados con hebillas que permiten conectar el arn\u00e9s al componente de conexi\u00f3n y amortiguaci\u00f3n.\u00a0<\/td><\/tr><tr><td>Subconjunto de conexi\u00f3n y absorci\u00f3n\u00a0<\/td><td>Dispositivo especial que evita la ca\u00edda de los trabajadores desde altura, el trabajador se sujeta al soporte o dispositivo de anclaje mediante un subconjunto de conexi\u00f3n y amortiguaci\u00f3n, \u00e9ste se sit\u00faa entre el dispositivo de anclaje y el arn\u00e9s de seguridad.\u00a0<\/td><\/tr><\/tbody><\/table><\/figure>\n\n\n\n<h2 class=\"wp-block-heading\"><strong>Otra informaci\u00f3n sobre el curso<\/strong>&nbsp;<\/h2>\n\n\n\n<p>Impartimos formaci\u00f3n tanto en Varsovia como en otras ciudades de Polonia. Fijamos el precio individualmente en funci\u00f3n del n\u00famero de personas (para grupos organizados m\u00e1s grandes existe la posibilidad de descuentos). Le invitamos a inscribirse en los cursos de formaci\u00f3n abiertos seg\u00fan el calendario de fechas disponible en nuestro sitio web. Para m\u00e1s informaci\u00f3n o si tiene alguna pregunta, p\u00f3ngase en contacto con nosotros en <a href=\"https:\/\/szkolenia-udt.pl\/es\/kontakt\/\">Cont\u00e1ctenos<\/a>. Le invitamos a que se ponga en contacto con nosotros, se inscriba y participe en nuestros cursos de formaci\u00f3n.\u00a0<\/p>\n\n\n<div class=\"wp-block-image\">\n<figure class=\"aligncenter\"><a href=\"https:\/\/szkolenia-udt.pl\/wp-content\/uploads\/2022\/08\/0096-oso.edu_.pl_.jpg\"><img loading=\"lazy\" decoding=\"async\" width=\"1024\" height=\"853\" src=\"https:\/\/szkolenia-udt.pl\/wp-content\/uploads\/2022\/08\/0096-oso.edu_.pl_-1024x853.jpg\" alt=\"publicidad gr\u00e1fica de la formaci\u00f3n\" class=\"wp-image-3120\" srcset=\"https:\/\/szkolenia-udt.pl\/wp-content\/uploads\/2022\/08\/0096-oso.edu_.pl_-1024x853.jpg 1024w, https:\/\/szkolenia-udt.pl\/wp-content\/uploads\/2022\/08\/0096-oso.edu_.pl_-300x250.jpg 300w, https:\/\/szkolenia-udt.pl\/wp-content\/uploads\/2022\/08\/0096-oso.edu_.pl_-768x640.jpg 768w, https:\/\/szkolenia-udt.pl\/wp-content\/uploads\/2022\/08\/0096-oso.edu_.pl_-14x12.jpg 14w, https:\/\/szkolenia-udt.pl\/wp-content\/uploads\/2022\/08\/0096-oso.edu_.pl_.jpg 1200w\" sizes=\"auto, (max-width: 1024px) 100vw, 1024px\" \/><\/a><\/figure>\n<\/div>","protected":false},"excerpt":{"rendered":"<p>O kursie Praca na wysoko\u015bciach wymaga posiadania odpowiednich uprawnie\u0144, bior\u0105c pod uwag\u0119 fakt, \u017ce jest to zaw\u00f3d bardzo niebezpieczny, a wypadek przy pracy mo\u017ce zdarzy\u0107 si\u0119 w ka\u017cdej chwili. Niezwykle wa\u017cne jest, aby osoby pracuj\u0105ce na wysoko\u015bciach mia\u0142y odpowiedn\u0105 wiedz\u0119 i umiej\u0119tno\u015bci niezb\u0119dne do bezpiecznego wykonywania zawodu.\u00a0W zwi\u0105zku z tym, serdecznie zapraszamy na stron\u0119 naszego [&hellip;]<\/p>\n","protected":false},"author":10,"featured_media":3119,"parent":1874,"menu_order":0,"comment_status":"closed","ping_status":"closed","template":"","meta":{"footnotes":""},"class_list":["post-3117","page","type-page","status-publish","has-post-thumbnail","hentry"],"aioseo_notices":[],"_links":{"self":[{"href":"https:\/\/szkolenia-udt.pl\/es\/wp-json\/wp\/v2\/pages\/3117","targetHints":{"allow":["GET"]}}],"collection":[{"href":"https:\/\/szkolenia-udt.pl\/es\/wp-json\/wp\/v2\/pages"}],"about":[{"href":"https:\/\/szkolenia-udt.pl\/es\/wp-json\/wp\/v2\/types\/page"}],"author":[{"embeddable":true,"href":"https:\/\/szkolenia-udt.pl\/es\/wp-json\/wp\/v2\/users\/10"}],"replies":[{"embeddable":true,"href":"https:\/\/szkolenia-udt.pl\/es\/wp-json\/wp\/v2\/comments?post=3117"}],"version-history":[{"count":6,"href":"https:\/\/szkolenia-udt.pl\/es\/wp-json\/wp\/v2\/pages\/3117\/revisions"}],"predecessor-version":[{"id":4677,"href":"https:\/\/szkolenia-udt.pl\/es\/wp-json\/wp\/v2\/pages\/3117\/revisions\/4677"}],"up":[{"embeddable":true,"href":"https:\/\/szkolenia-udt.pl\/es\/wp-json\/wp\/v2\/pages\/1874"}],"wp:featuredmedia":[{"embeddable":true,"href":"https:\/\/szkolenia-udt.pl\/es\/wp-json\/wp\/v2\/media\/3119"}],"wp:attachment":[{"href":"https:\/\/szkolenia-udt.pl\/es\/wp-json\/wp\/v2\/media?parent=3117"}],"curies":[{"name":"wp","href":"https:\/\/api.w.org\/{rel}","templated":true}]}}