{"id":3374,"date":"2022-09-23T11:52:42","date_gmt":"2022-09-23T09:52:42","guid":{"rendered":"https:\/\/szkolenia-udt.pl\/?page_id=3374"},"modified":"2023-03-20T15:29:03","modified_gmt":"2023-03-20T14:29:03","slug":"evacuacion-de-personas","status":"publish","type":"page","link":"https:\/\/szkolenia-udt.pl\/es\/kursy\/prace-wysokosciowe\/ewakuacja-osob\/","title":{"rendered":"Formaci\u00f3n en evacuaci\u00f3n de personas de espacios confinados"},"content":{"rendered":"<h2 class=\"wp-block-heading\">\u00bfPor qu\u00e9 es tan importante la formaci\u00f3n en este \u00e1mbito?<\/h2>\n\n\n<div class=\"wp-block-image\">\n<figure class=\"alignright size-large is-resized\"><a href=\"https:\/\/szkolenia-udt.pl\/wp-content\/uploads\/2022\/09\/3-4.jpeg\"><img loading=\"lazy\" decoding=\"async\" src=\"https:\/\/szkolenia-udt.pl\/wp-content\/uploads\/2022\/09\/3-4-1024x683.jpeg\" alt=\"formaci\u00f3n para la evacuaci\u00f3n de personas de espacios confinados \" class=\"wp-image-3377\" width=\"512\" height=\"342\" srcset=\"https:\/\/szkolenia-udt.pl\/wp-content\/uploads\/2022\/09\/3-4-1024x683.jpeg 1024w, https:\/\/szkolenia-udt.pl\/wp-content\/uploads\/2022\/09\/3-4-300x200.jpeg 300w, https:\/\/szkolenia-udt.pl\/wp-content\/uploads\/2022\/09\/3-4-768x512.jpeg 768w, https:\/\/szkolenia-udt.pl\/wp-content\/uploads\/2022\/09\/3-4-1536x1024.jpeg 1536w, https:\/\/szkolenia-udt.pl\/wp-content\/uploads\/2022\/09\/3-4-18x12.jpeg 18w, https:\/\/szkolenia-udt.pl\/wp-content\/uploads\/2022\/09\/3-4.jpeg 1600w\" sizes=\"auto, (max-width: 512px) 100vw, 512px\" \/><\/a><\/figure>\n<\/div>\n\n\n<p>Al trabajar en espacios confinados y peligrosos, nos exponemos a graves riesgos para la vida y la salud. Los espacios confinados pueden ser, por ejemplo, pozos, sumideros de aguas residuales o fosas s\u00e9pticas. Trabajar en estos espacios implica un enorme riesgo de accidentes. Uno de ellos es la intoxicaci\u00f3n o incluso la asfixia por encontrarse en un lugar donde no hay suficiente ox\u00edgeno o en caso de contacto con gases venenosos. Para saber c\u00f3mo comportarse en situaciones peligrosas y c\u00f3mo evacuar tales espacios, es aconsejable asistir a un curso sobre este tema ofrecido por nuestra empresa OSO.\u00a0<\/p>\n\n\n\n<h2 class=\"wp-block-heading\"><strong>Formaci\u00f3n en evacuaci\u00f3n de personas de espacios confinados<\/strong>&nbsp;<\/h2>\n\n\n\n<p>En los cursos de formaci\u00f3n se tratan los peligros asociados a los espacios confinados. Tambi\u00e9n se aborda el tema de las t\u00e9cnicas para trabajar en espacios confinados. Cada alumno aprende el equipo necesario para trabajar en altura y durante la evacuaci\u00f3n. Durante la formaci\u00f3n, tambi\u00e9n realizamos ejercicios de evacuaci\u00f3n de espacios confinados, que tienen lugar seg\u00fan escenarios ideados junto con los organizadores de la formaci\u00f3n.&nbsp;<\/p>\n\n\n\n<h2 class=\"wp-block-heading\"><strong>\u00bfA qui\u00e9n va dirigida la formaci\u00f3n?<\/strong>&nbsp;<\/h2>\n\n\n\n<p>La formaci\u00f3n est\u00e1 dise\u00f1ada para empleados que trabajan en espacios cerrados y confinados, como tanques, arquetas, etc. La formaci\u00f3n es adecuada para personas sin experiencia alguna, as\u00ed como para quienes necesiten formaci\u00f3n adicional o de repaso.&nbsp;<\/p>\n\n\n\n<div class=\"filmw\">\n<div class=\"responsive-youtube\" style=\"text-align: center;\"><iframe loading=\"lazy\" title=\"Reproductor de v\u00eddeo de YouTube\" src=\"https:\/\/www.youtube.com\/embed\/QcT4h2Z50M0\" width=\"560\" height=\"315\" frameborder=\"0\" allowfullscreen=\"allowfullscreen\"><\/iframe><\/div>\n<\/div>\n\n\n\n<h2 class=\"wp-block-heading\"><strong>Requisitos para los interesados en participar en la formaci\u00f3n<\/strong>&nbsp;<\/h2>\n\n\n\n<p>El entrenamiento es bastante exigente f\u00edsicamente. Los participantes practican el uso de aparatos de respiraci\u00f3n. Las personas con discapacidad visual tambi\u00e9n pueden participar, pero se les pide que lo comuniquen con antelaci\u00f3n. Para participar en el curso necesitar\u00e1s&nbsp;<\/p>\n\n\n\n<ul class=\"wp-block-list\">\n<li>Formaci\u00f3n en CS3 completada,&nbsp;<\/li>\n\n\n\n<li>mayor\u00eda de edad,&nbsp;<\/li>\n\n\n\n<li>al menos la educaci\u00f3n primaria,&nbsp;<\/li>\n\n\n\n<li>un certificado de no contraindicaci\u00f3n m\u00e9dica que nos permita trabajar en alturas superiores a 3 metros y en un espacio restringido.&nbsp;<\/li>\n<\/ul>\n\n\n\n<p><strong>Alcance de la formaci\u00f3n<\/strong>&nbsp;<\/p>\n\n\n\n<figure class=\"wp-block-table\"><table><tbody><tr><td><strong>Durante el curso adquirir\u00e1s conocimientos, entre otras cosas, sobre<\/strong><\/td><\/tr><tr><td>\n<ul>\n<li>Normas de salud y seguridad aplicables a los espacios confinados y al trabajo en altura<\/li>\n<li>Equipos utilizados en espacios confinados<\/li>\n<li>Manejo del tr\u00edpode<\/li>\n<li>T\u00e9cnicas b\u00e1sicas de rescate<\/li>\n<li>T\u00e9cnicas b\u00e1sicas de evacuaci\u00f3n<\/li>\n<li>Selecci\u00f3n de detectores de gas<\/li>\n<li>Hacer frente a situaciones peligrosas<\/li>\n<li>T\u00e9cnicas de rescate<\/li>\n<\/ul>\n<\/td><\/tr><\/tbody><\/table><\/figure>\n\n\n\n<h2 class=\"wp-block-heading\"><strong>Prop\u00f3sito de la capacitaci\u00f3n<\/strong>&nbsp;<\/h2>\n\n\n\n<p>La participaci\u00f3n en el curso de formaci\u00f3n implica principalmente la adquisici\u00f3n de conocimientos que permitir\u00e1n a los alumnos aumentar sus competencias profesionales cuando trabajen en espacios confinados. Esto proporciona al empleado m\u00e1s oportunidades de empleo en servicios que se llevan a cabo en espacios confinados.&nbsp;&nbsp;<\/p>\n\n\n<div class=\"wp-block-image\">\n<figure class=\"alignleft size-large is-resized\"><a href=\"https:\/\/szkolenia-udt.pl\/wp-content\/uploads\/2022\/09\/1-13.jpeg\"><img loading=\"lazy\" decoding=\"async\" src=\"https:\/\/szkolenia-udt.pl\/wp-content\/uploads\/2022\/09\/1-13-1024x684.jpeg\" alt=\"espacios cerrados\" class=\"wp-image-3375\" width=\"512\" height=\"342\" srcset=\"https:\/\/szkolenia-udt.pl\/wp-content\/uploads\/2022\/09\/1-13-1024x684.jpeg 1024w, https:\/\/szkolenia-udt.pl\/wp-content\/uploads\/2022\/09\/1-13-300x200.jpeg 300w, https:\/\/szkolenia-udt.pl\/wp-content\/uploads\/2022\/09\/1-13-768x513.jpeg 768w, https:\/\/szkolenia-udt.pl\/wp-content\/uploads\/2022\/09\/1-13-1536x1025.jpeg 1536w, https:\/\/szkolenia-udt.pl\/wp-content\/uploads\/2022\/09\/1-13-18x12.jpeg 18w, https:\/\/szkolenia-udt.pl\/wp-content\/uploads\/2022\/09\/1-13.jpeg 1600w\" sizes=\"auto, (max-width: 512px) 100vw, 512px\" \/><\/a><\/figure>\n<\/div>\n\n\n<p>La formaci\u00f3n no es s\u00f3lo conocimiento, sino tambi\u00e9n destreza. Los participantes en los cursos aprenden sobre los equipos que protegen contra las ca\u00eddas de altura y los sistemas que se utilizan durante la evacuaci\u00f3n. Los cursos constan de dos partes: la pr\u00e1ctica y la te\u00f3rica. Se presta gran atenci\u00f3n a los ejercicios pr\u00e1cticos. La parte te\u00f3rica incluye diversos m\u00e9todos de formaci\u00f3n adaptados a la ense\u00f1anza de adultos. Tambi\u00e9n utilizamos fotos, pel\u00edculas y presentaciones multimedia durante las clases. La parte pr\u00e1ctica, por su parte, incluye ejercicios individuales y en grupo. Elegimos los m\u00e9todos individualmente teniendo en cuenta los efectos de la formaci\u00f3n y las caracter\u00edsticas espec\u00edficas del grupo.&nbsp;<\/p>\n\n\n\n<h2 class=\"wp-block-heading\"><strong>Certificado<\/strong>&nbsp;<\/h2>\n\n\n\n<p>Al finalizar las partes pr\u00e1ctica y te\u00f3rica del curso, los alumnos reciben un certificado y una tarjeta de identificaci\u00f3n. Estos tienen una validez de tres a\u00f1os.&nbsp;&nbsp;<\/p>\n\n\n\n<h2 class=\"wp-block-heading\"><strong>\u00bfQu\u00e9 es un espacio cerrado?<\/strong>&nbsp;<\/h2>\n\n\n\n<p>Un espacio cerrado es un espacio con aberturas limitadas de entrada y salida. La ventilaci\u00f3n es inadecuada. Tales espacios no est\u00e1n adecuadamente preparados para la presencia constante de trabajadores. Esto es lo que hace que trabajar en tales espacios sea especialmente peligroso. Algunas instalaciones industriales tienen varios espacios confinados en los que es necesario realizar inspecciones peri\u00f3dicas. Antes de planificar la entrada en tales espacios, es importante asegurarse de que la persona que entra en ellos ha recibido la formaci\u00f3n adecuada para hacerlo.<\/p>\n\n\n\n<h4 class=\"wp-block-heading\"><strong>Ejemplos de industrias en las que se utilizan frecuentemente los espacios confinados:<\/strong>&nbsp;<\/h4>\n\n\n\n<ul class=\"dwiekolumny wp-block-list\">\n<li>industria farmac\u00e9utica,&nbsp;<\/li>\n\n\n\n<li>producci\u00f3n de bebidas,&nbsp;<\/li>\n\n\n\n<li>producci\u00f3n de alimentos,&nbsp;<\/li>\n\n\n\n<li>producci\u00f3n qu\u00edmica,&nbsp;<\/li>\n\n\n\n<li>industria petroqu\u00edmica.&nbsp;<\/li>\n<\/ul>\n\n\n\n<p>Los espacios cerrados tambi\u00e9n se encuentran en hospitales, escuelas, centros comerciales o incluso en las calles de las ciudades. Cuando un espacio est\u00e1 parcial o totalmente cerrado y cuando trabajar en \u00e9l supone un riesgo para la salud y la seguridad de las personas, podemos llamar a ese espacio un recinto cerrado.\u00a0\u00a0<\/p>\n\n\n\n<h2 class=\"wp-block-heading\">Riesgos derivados del trabajo en espacios confinados<\/h2>\n\n\n\n<p>Existen muchos riesgos asociados al trabajo en un espacio confinado. Entre otros:&nbsp;<\/p>\n\n\n<div class=\"wp-block-image\">\n<figure class=\"alignright size-large is-resized\"><a href=\"https:\/\/szkolenia-udt.pl\/wp-content\/uploads\/2022\/09\/2-2.webp\"><img loading=\"lazy\" decoding=\"async\" src=\"https:\/\/szkolenia-udt.pl\/wp-content\/uploads\/2022\/09\/2-2-1024x768.webp\" alt=\"equipo de primeros auxilios\" class=\"wp-image-3376\" width=\"512\" height=\"384\" srcset=\"https:\/\/szkolenia-udt.pl\/wp-content\/uploads\/2022\/09\/2-2-1024x768.webp 1024w, https:\/\/szkolenia-udt.pl\/wp-content\/uploads\/2022\/09\/2-2-300x225.webp 300w, https:\/\/szkolenia-udt.pl\/wp-content\/uploads\/2022\/09\/2-2-768x576.webp 768w, https:\/\/szkolenia-udt.pl\/wp-content\/uploads\/2022\/09\/2-2-1536x1152.webp 1536w, https:\/\/szkolenia-udt.pl\/wp-content\/uploads\/2022\/09\/2-2-16x12.webp 16w, https:\/\/szkolenia-udt.pl\/wp-content\/uploads\/2022\/09\/2-2-135x100.webp 135w, https:\/\/szkolenia-udt.pl\/wp-content\/uploads\/2022\/09\/2-2.webp 1600w\" sizes=\"auto, (max-width: 512px) 100vw, 512px\" \/><\/a><\/figure>\n<\/div>\n\n\n<ul class=\"wp-block-list\">\n<li>riesgo de incendio o explosi\u00f3n,&nbsp;<\/li>\n\n\n\n<li>p\u00e9rdida de conciencia, que puede producirse debido a altas concentraciones de gases como el metano o el di\u00f3xido de carbono,&nbsp;<\/li>\n\n\n\n<li>ahogamiento, que puede ser causado, por ejemplo, por niveles de agua elevados,&nbsp;<\/li>\n\n\n\n<li>Desmayo, que puede ser consecuencia de un bajo contenido de ox\u00edgeno en el lugar de trabajo,&nbsp;<\/li>\n\n\n\n<li>asfixia, que puede deberse a la imposibilidad de escapar de un espacio cerrado.&nbsp;<\/li>\n<\/ul>\n\n\n\n<p>El trabajo en zonas como dep\u00f3sitos, alcantarillas y otros espacios peligrosos est\u00e1 regulado.&nbsp;&nbsp;<\/p>\n\n\n\n<p><strong>Eche un vistazo a la gama de cursos sobre evacuaci\u00f3n de personas de espacios confinados que ofrece nuestra empresa.<\/strong>\u00a0<\/p>\n\n\n<div class=\"wp-block-image\">\n<figure class=\"aligncenter size-large\"><a href=\"https:\/\/szkolenia-udt.pl\/wp-content\/uploads\/2022\/09\/0096-oso.edu_.pl_.jpg\"><img loading=\"lazy\" decoding=\"async\" width=\"1024\" height=\"853\" src=\"https:\/\/szkolenia-udt.pl\/wp-content\/uploads\/2022\/09\/0096-oso.edu_.pl_-1024x853.jpg\" alt=\"publicidad gr\u00e1fica del curso\" class=\"wp-image-3378\" srcset=\"https:\/\/szkolenia-udt.pl\/wp-content\/uploads\/2022\/09\/0096-oso.edu_.pl_-1024x853.jpg 1024w, https:\/\/szkolenia-udt.pl\/wp-content\/uploads\/2022\/09\/0096-oso.edu_.pl_-300x250.jpg 300w, https:\/\/szkolenia-udt.pl\/wp-content\/uploads\/2022\/09\/0096-oso.edu_.pl_-768x640.jpg 768w, https:\/\/szkolenia-udt.pl\/wp-content\/uploads\/2022\/09\/0096-oso.edu_.pl_-14x12.jpg 14w, https:\/\/szkolenia-udt.pl\/wp-content\/uploads\/2022\/09\/0096-oso.edu_.pl_.jpg 1200w\" sizes=\"auto, (max-width: 1024px) 100vw, 1024px\" \/><\/a><\/figure>\n<\/div>","protected":false},"excerpt":{"rendered":"<p>Dlaczego szkolenie w tym zakresie jest tak wa\u017cne? Pracuj\u0105c w przestrzeniach zamkni\u0119tych oraz niebezpiecznych jeste\u015bmy nara\u017ceni na powa\u017cne zagro\u017cenia dla \u017cycia oraz zdrowia. Do przestrzeni zamkni\u0119tych mo\u017cemy zaliczy\u0107 m.in. studnie, studzienki kanalizacyjne czy szamba. Praca w takich miejscach wi\u0105\u017ce si\u0119 z ogromnym ryzykiem wyst\u0105pienia nieszcz\u0119\u015bliwych wypadk\u00f3w. Jednymi z nich s\u0105 zatrucia czy nawet uduszenia, w [&hellip;]<\/p>\n","protected":false},"author":10,"featured_media":3377,"parent":1874,"menu_order":0,"comment_status":"closed","ping_status":"closed","template":"","meta":{"footnotes":""},"class_list":["post-3374","page","type-page","status-publish","has-post-thumbnail","hentry"],"aioseo_notices":[],"_links":{"self":[{"href":"https:\/\/szkolenia-udt.pl\/es\/wp-json\/wp\/v2\/pages\/3374","targetHints":{"allow":["GET"]}}],"collection":[{"href":"https:\/\/szkolenia-udt.pl\/es\/wp-json\/wp\/v2\/pages"}],"about":[{"href":"https:\/\/szkolenia-udt.pl\/es\/wp-json\/wp\/v2\/types\/page"}],"author":[{"embeddable":true,"href":"https:\/\/szkolenia-udt.pl\/es\/wp-json\/wp\/v2\/users\/10"}],"replies":[{"embeddable":true,"href":"https:\/\/szkolenia-udt.pl\/es\/wp-json\/wp\/v2\/comments?post=3374"}],"version-history":[{"count":5,"href":"https:\/\/szkolenia-udt.pl\/es\/wp-json\/wp\/v2\/pages\/3374\/revisions"}],"predecessor-version":[{"id":4650,"href":"https:\/\/szkolenia-udt.pl\/es\/wp-json\/wp\/v2\/pages\/3374\/revisions\/4650"}],"up":[{"embeddable":true,"href":"https:\/\/szkolenia-udt.pl\/es\/wp-json\/wp\/v2\/pages\/1874"}],"wp:featuredmedia":[{"embeddable":true,"href":"https:\/\/szkolenia-udt.pl\/es\/wp-json\/wp\/v2\/media\/3377"}],"wp:attachment":[{"href":"https:\/\/szkolenia-udt.pl\/es\/wp-json\/wp\/v2\/media?parent=3374"}],"curies":[{"name":"wp","href":"https:\/\/api.w.org\/{rel}","templated":true}]}}