{"id":1874,"date":"2017-10-02T23:22:55","date_gmt":"2017-10-02T23:22:55","guid":{"rendered":"http:\/\/szkolenia-udt.pl\/?page_id=1874"},"modified":"2023-03-13T16:11:09","modified_gmt":"2023-03-13T15:11:09","slug":"arbeid-i-hoyden","status":"publish","type":"page","link":"https:\/\/szkolenia-udt.pl\/nb\/kursy\/prace-wysokosciowe\/","title":{"rendered":"Arbeid i h\u00f8yden"},"content":{"rendered":"<h2 class=\"\"><img loading=\"lazy\" decoding=\"async\" class=\"size-medium wp-image-2578 alignleft\" src=\"https:\/\/szkolenia-udt.pl\/wp-content\/uploads\/2021\/11\/pracawysok-300x200.jpg\" alt=\"\" width=\"300\" height=\"200\" srcset=\"https:\/\/szkolenia-udt.pl\/wp-content\/uploads\/2021\/11\/pracawysok-300x200.jpg 300w, https:\/\/szkolenia-udt.pl\/wp-content\/uploads\/2021\/11\/pracawysok-1024x681.jpg 1024w, https:\/\/szkolenia-udt.pl\/wp-content\/uploads\/2021\/11\/pracawysok-768x511.jpg 768w, https:\/\/szkolenia-udt.pl\/wp-content\/uploads\/2021\/11\/pracawysok-1536x1022.jpg 1536w, https:\/\/szkolenia-udt.pl\/wp-content\/uploads\/2021\/11\/pracawysok.jpg 1551w\" sizes=\"auto, (max-width: 300px) 100vw, 300px\" \/>Kurs i fjellklatring - arbeid i h\u00f8yden<\/h2>\n<div class=\"wyjustuj\">\n<p>Ta et kurs i fjellklatring - h\u00f8ydearbeid hos Operators Training Centre! Operat\u00f8rsenteret v\u00e5rt tilbyr et kurs i h\u00f8ydearbeid for deg som \u00f8nsker \u00e5 utf\u00f8re arbeid i h\u00f8yden, noe du m\u00e5 ha de n\u00f8dvendige kvalifikasjonene for. N\u00e5r du er sertifisert for arbeid i h\u00f8yden, kan du ta jobb som industriklatrer.<\/p>\n<h3 class=\"boldnagl\"><strong>Vi tilbyr h\u00f8ydekurs i to kategorier:<\/strong><\/h3>\n<ul>\n<li>tilkomst med tau - gj\u00f8r det mulig \u00e5 bruke tau til sikring og til opp- og nedstigning fra arbeidsstedet, ogs\u00e5 p\u00e5 traverser.<\/li>\n<li>Konstruksjonstilgang - gir deg mulighet til \u00e5 arbeide trygt p\u00e5 stillaser, stiger, plattformer og andre konstruksjonselementer n\u00e5r du m\u00e5 klatre for \u00e5 komme til en arbeidsstasjon.<\/li>\n<\/ul>\n<p>Ved \u00e5 delta i oppl\u00e6ringen v\u00e5r er det mulig \u00e5 f\u00e5 autorisasjon til \u00e5 utf\u00f8re arbeid som trefelling i h\u00f8yden, beskj\u00e6ring av tr\u00e6r, takreparasjoner, takmaling, vindusvask i h\u00f8yden, sn\u00f8rydding fra tak, installasjonsarbeid, for eksempel montering av reklame og annet arbeid. <a href=\"https:\/\/szkolenia-udt.pl\/nb\/kursy\/prace-wysokosciowe\/ochrona-przed-upadkiem\/\">arbeid i h\u00f8yden<\/a>.<\/p>\n<h3 class=\"boldnagl\"><strong>I l\u00f8pet av kurset f\u00e5r deltakerne informasjon p\u00e5 f\u00f8lgende omr\u00e5der:<\/strong><\/h3>\n<ul>\n<li>helse- og sikkerhetskrav og juridiske krav til arbeid i h\u00f8yden<\/li>\n<li>egenskaper ved arbeid i h\u00f8yden<\/li>\n<li>risiko forbundet med fjellklatring<\/li>\n<li>prinsipper for valg, bruk og kontroll av utstyr<\/li>\n<li>prinsipper for individuell og kollektiv sikring<\/li>\n<li>praktiske ferdigheter for arbeid i h\u00f8yden<\/li>\n<li>redningsteknikker<\/li>\n<\/ul>\n<p>Etter fullf\u00f8rt kurs f\u00e5r deltakerne det relevante sertifikatet, som gir tillatelse til \u00e5 arbeide i h\u00f8yden i en periode p\u00e5 tre \u00e5r. Etter denne perioden er det n\u00f8dvendig \u00e5 ta et oppfriskningskurs.<\/p>\n<div class=\"filmw\">\n<div class=\"responsive-youtube\"><iframe loading=\"lazy\" title=\"YouTube-videospiller\" src=\"https:\/\/www.youtube.com\/embed\/QcT4h2Z50M0\" width=\"560\" height=\"315\" frameborder=\"0\" allowfullscreen=\"allowfullscreen\"><\/iframe><\/div>\n<\/div>\n<h2 class=\"boldnagl\"><strong>Krav<\/strong><\/h2>\n<p>Du m\u00e5 oppfylle f\u00f8lgende krav for \u00e5 melde deg p\u00e5 et h\u00f8ydekurs:<\/p>\n<ul>\n<li>minst 18 \u00e5r gammel<\/li>\n<li>minst grunnskoleutdanning<\/li>\n<li>ingen kontraindikasjoner for \u00e5 arbeide i stillingen<\/li>\n<\/ul>\n<div style=\"width: 640px;\" class=\"wp-video\"><video id=\"video-1874-1\" width=\"640\" height=\"360\" poster=\"https:\/\/szkolenia-udt.pl\/wp-content\/uploads\/2023\/03\/okladka-alpinista-OSO.jpg\" preload=\"metadata\" controls=\"controls\"><source type=\"video\/mp4\" src=\"https:\/\/szkolenia-udt.pl\/wp-content\/uploads\/2023\/03\/wspinacz-SZKOLENIA-UDT.PL-OSO.mp4?_=1\" \/><a href=\"https:\/\/szkolenia-udt.pl\/wp-content\/uploads\/2023\/03\/wspinacz-SZKOLENIA-UDT.PL-OSO.mp4\">https:\/\/szkolenia-udt.pl\/wp-content\/uploads\/2023\/03\/wspinacz-SZKOLENIA-UDT.PL-OSO.mp4<\/a><\/video><\/div>\n<h2 class=\"boldnagl\"><strong>Pris<\/strong><\/h2>\n<p>Pris per <a href=\"https:\/\/szkolenia-udt.pl\/nb\/kursy\/prace-wysokosciowe\/prace-alpinistyczne-szkolenie-praktyczne\/\">fjellklatringskurs<\/a> i senteret v\u00e5rt er sv\u00e6rt attraktivt - du betaler mindre hos oss enn hos v\u00e5re konkurrenter. Vi tilbyr attraktive rabatter for grupper. Vi oppfordrer deg til \u00e5 sjekke prislisten p\u00e5 nettstedet v\u00e5rt eller sp\u00f8rre etter <a href=\"https:\/\/szkolenia-udt.pl\/nb\/kontakt\/\">Kontakt oss<\/a> via skjemaet.<\/p>\n<h2 class=\"boldnagl\"><strong>Hvor opererer vi?<\/strong><\/h2>\n<p>N\u00f8yaktig informasjon om hvor kursene arrangeres, finner du i timeplanen p\u00e5 v\u00e5r hjemmeside.<\/p>\n<p>Hvis du har ytterligere sp\u00f8rsm\u00e5l om tjenestene v\u00e5re, er du velkommen til \u00e5 kontakte oss. Vi svarer s\u00e5 raskt som mulig.<\/p>\n<p>Vi oppfordrer til bruk av <a href=\"https:\/\/szkolenia-udt.pl\/nb\/oferta\/\">v\u00e5rt tilbud<\/a> trening!<\/p>\n<\/div>","protected":false},"excerpt":{"rendered":"<p>Kurs na prace alpinistyczne \u2013 wysoko\u015bciowe Zach\u0119camy do wzi\u0119cia udzia\u0142u w kursie na prace alpinistyczne \u2013 wysoko\u015bciowe w O\u015brodku Szkolenia Operator\u00f3w! Nasz O\u015brodek prowadzi kurs wysoko\u015bciowy przeznaczony dla os\u00f3b chc\u0105cych wykonywa\u0107 prace na wysoko\u015bci, do czego potrzebne s\u0105 odpowiednie uprawnienia wysoko\u015bciowe. Poprzez uprawnienia do prac na wysoko\u015bci mo\u017cna podj\u0105\u0107 prac\u0119 w charakterze alpinisty przemys\u0142owego. Prowadzimy [&hellip;]<\/p>\n","protected":false},"author":3,"featured_media":2578,"parent":22,"menu_order":0,"comment_status":"closed","ping_status":"closed","template":"","meta":{"footnotes":""},"class_list":["post-1874","page","type-page","status-publish","has-post-thumbnail","hentry"],"aioseo_notices":[],"_links":{"self":[{"href":"https:\/\/szkolenia-udt.pl\/nb\/wp-json\/wp\/v2\/pages\/1874","targetHints":{"allow":["GET"]}}],"collection":[{"href":"https:\/\/szkolenia-udt.pl\/nb\/wp-json\/wp\/v2\/pages"}],"about":[{"href":"https:\/\/szkolenia-udt.pl\/nb\/wp-json\/wp\/v2\/types\/page"}],"author":[{"embeddable":true,"href":"https:\/\/szkolenia-udt.pl\/nb\/wp-json\/wp\/v2\/users\/3"}],"replies":[{"embeddable":true,"href":"https:\/\/szkolenia-udt.pl\/nb\/wp-json\/wp\/v2\/comments?post=1874"}],"version-history":[{"count":13,"href":"https:\/\/szkolenia-udt.pl\/nb\/wp-json\/wp\/v2\/pages\/1874\/revisions"}],"predecessor-version":[{"id":4507,"href":"https:\/\/szkolenia-udt.pl\/nb\/wp-json\/wp\/v2\/pages\/1874\/revisions\/4507"}],"up":[{"embeddable":true,"href":"https:\/\/szkolenia-udt.pl\/nb\/wp-json\/wp\/v2\/pages\/22"}],"wp:featuredmedia":[{"embeddable":true,"href":"https:\/\/szkolenia-udt.pl\/nb\/wp-json\/wp\/v2\/media\/2578"}],"wp:attachment":[{"href":"https:\/\/szkolenia-udt.pl\/nb\/wp-json\/wp\/v2\/media?parent=1874"}],"curies":[{"name":"wp","href":"https:\/\/api.w.org\/{rel}","templated":true}]}}