{"id":3173,"date":"2022-08-23T14:52:09","date_gmt":"2022-08-23T12:52:09","guid":{"rendered":"https:\/\/szkolenia-udt.pl\/?page_id=3173"},"modified":"2023-03-24T18:51:25","modified_gmt":"2023-03-24T17:51:25","slug":"kurs-for-a-bygge-seletoy","status":"publish","type":"page","link":"https:\/\/szkolenia-udt.pl\/nb\/kursy\/prace-wysokosciowe\/kurs-na-szelki-budowlane\/","title":{"rendered":"Kurs i konstruksjonssele"},"content":{"rendered":"<div class=\"wp-block-image\">\n<figure class=\"alignright size-large is-resized\"><a href=\"https:\/\/szkolenia-udt.pl\/wp-content\/uploads\/2023\/03\/qwe.jpeg\"><img loading=\"lazy\" decoding=\"async\" src=\"https:\/\/szkolenia-udt.pl\/wp-content\/uploads\/2023\/03\/qwe-1024x683.jpeg\" alt=\"Konstruksjonsb\u00f8yler\" class=\"wp-image-4178\" width=\"512\" height=\"342\" srcset=\"https:\/\/szkolenia-udt.pl\/wp-content\/uploads\/2023\/03\/qwe-1024x683.jpeg 1024w, https:\/\/szkolenia-udt.pl\/wp-content\/uploads\/2023\/03\/qwe-300x200.jpeg 300w, https:\/\/szkolenia-udt.pl\/wp-content\/uploads\/2023\/03\/qwe-768x512.jpeg 768w, https:\/\/szkolenia-udt.pl\/wp-content\/uploads\/2023\/03\/qwe-1536x1024.jpeg 1536w, https:\/\/szkolenia-udt.pl\/wp-content\/uploads\/2023\/03\/qwe-18x12.jpeg 18w, https:\/\/szkolenia-udt.pl\/wp-content\/uploads\/2023\/03\/qwe.jpeg 1600w\" sizes=\"auto, (max-width: 512px) 100vw, 512px\" \/><\/a><\/figure>\n<\/div>\n\n\n<h2 class=\"wp-block-heading\">Om oppl\u00e6ringen<\/h2>\n\n\n\n<p>Arbeid i h\u00f8yden inneb\u00e6rer en enorm risiko og mange farer. For \u00e5 beskytte deg mot fall er det viktig \u00e5 bruke konstruksjonsseler. De reduserer risikoen for skader og, ikke minst, beskytter deg mot \u00e5 falle. P\u00e5 kurset l\u00e6rer du om grunnleggende helse- og sikkerhetsforskrifter. <a href=\"https:\/\/szkolenia-udt.pl\/nb\/o-firmie\/\">Oppl\u00e6ringssenter for operat\u00f8rer<\/a> s\u00f8rger for at undervisningen organiseres etter elevenes behov.\u00a0<\/p>\n\n\n\n<h2 class=\"wp-block-heading\"><strong>Oppl\u00e6ringsforl\u00f8p<\/strong>&nbsp;<\/h2>\n\n\n\n<p>Nedenfor finner du en liste over temaene som tas opp i undervisningen.&nbsp;<\/p>\n\n\n\n<figure class=\"wp-block-table\"><table><tbody><tr><td><strong>Utgave<\/strong>&nbsp;<\/td><td><strong>Diskusjon av problemstillingen<\/strong>&nbsp;<\/td><\/tr><tr><td>Juridiske krav&nbsp;<\/td><td>Deltakeren l\u00e6rer om helse- og sikkerhetsforskrifter og lovgivning knyttet til arbeid i h\u00f8yden.&nbsp;<\/td><\/tr><tr><td>Arbeidets art&nbsp;<\/td><td>Erkjennelse av farer p\u00e5 arbeidsplassen, risikovurdering og informasjon om fysiske arbeidsforhold.&nbsp;<\/td><\/tr><tr><td>Utstyr&nbsp;<\/td><td>Elevene l\u00e6rer \u00e5 velge riktig utstyr (f.eks. seler), bruke det og kontrollere det i u\u00f8nskede situasjoner.&nbsp;<\/td><\/tr><tr><td>Forsikring&nbsp;<\/td><td>Kjennskap til bruk av personlig verneutstyr og tiltak for \u00e5 forebygge ulykker.&nbsp;<\/td><\/tr><tr><td>Praksis&nbsp;<\/td><td>L\u00e6re praktiske ferdigheter som kommer til nytte ved arbeid i h\u00f8yden.&nbsp;<\/td><\/tr><tr><td>Redning&nbsp;<\/td><td>Deltakerne l\u00e6rer redningsferdigheter og omsetter dem i praksis. De l\u00e6rer for eksempel hva \"hengesjokk\" betyr og hvordan det kan forebygges.&nbsp;<\/td><\/tr><\/tbody><\/table><\/figure>\n\n\n\n<p>Alle temaene som tas opp er sv\u00e6rt viktige for korrekt og sikkert arbeid ved arbeid i h\u00f8yden og fjellklatring. Etter fullf\u00f8rt kurs hos OSO f\u00e5r deltakerne en lisens for arbeid i h\u00f8yden. Den er gyldig i tre \u00e5r.&nbsp;&nbsp;<\/p>\n\n\n\n<h2 class=\"wp-block-heading\"><strong>Hva tilbyr kurset?&nbsp;<\/strong>&nbsp;<\/h2>\n\n\n<div class=\"wp-block-image\">\n<figure class=\"alignleft size-large is-resized\"><a href=\"https:\/\/szkolenia-udt.pl\/wp-content\/uploads\/2022\/08\/2-8.jpeg\"><img loading=\"lazy\" decoding=\"async\" src=\"https:\/\/szkolenia-udt.pl\/wp-content\/uploads\/2022\/08\/2-8-1024x683.jpeg\" alt=\"Industriell klatrer\" class=\"wp-image-3175\" width=\"512\" height=\"342\" srcset=\"https:\/\/szkolenia-udt.pl\/wp-content\/uploads\/2022\/08\/2-8-1024x683.jpeg 1024w, https:\/\/szkolenia-udt.pl\/wp-content\/uploads\/2022\/08\/2-8-300x200.jpeg 300w, https:\/\/szkolenia-udt.pl\/wp-content\/uploads\/2022\/08\/2-8-768x512.jpeg 768w, https:\/\/szkolenia-udt.pl\/wp-content\/uploads\/2022\/08\/2-8-1536x1024.jpeg 1536w, https:\/\/szkolenia-udt.pl\/wp-content\/uploads\/2022\/08\/2-8-18x12.jpeg 18w, https:\/\/szkolenia-udt.pl\/wp-content\/uploads\/2022\/08\/2-8.jpeg 1600w\" sizes=\"auto, (max-width: 512px) 100vw, 512px\" \/><\/a><\/figure>\n<\/div>\n\n\n<p>Hvis vi skal bruke <a href=\"https:\/\/szkolenia-udt.pl\/nb\/kursy\/prace-wysokosciowe\/ochrona-przed-upadkiem\/\">sikkerhetssele<\/a> p\u00e5 jobben, eller v\u00e5re ansatte vil ha behov for det, kan det v\u00e6re n\u00f8dvendig med oppl\u00e6ring i bruk av et slikt tilbeh\u00f8r. Dette kan l\u00e6res p\u00e5 egen h\u00e5nd, men kurset gir mye mer enn bare instruksjon i bruk av selen - det er bare en del av det. Det vil v\u00e6re sv\u00e6rt nyttig i forbindelse med fjellklatring. Kurset gir deg et kvalifikasjonsbevis for arbeid i h\u00f8yden. Dette er spesielt viktig for arbeidsgivere hvis du har tenkt \u00e5 s\u00f8ke jobb som industriklatrer eller rett og slett som arbeider p\u00e5 for eksempel et tak.\u00a0<\/p>\n\n\n\n<h2 class=\"wp-block-heading\"><strong>Krav til praktikanter<\/strong>&nbsp;<\/h2>\n\n\n\n<p>For \u00e5 starte oppl\u00e6ringen m\u00e5 f\u00f8lgende krav v\u00e6re oppfylt:&nbsp;<\/p>\n\n\n\n<ul class=\"wp-block-list\">\n<li>v\u00e6re minst 18 \u00e5r gammel,<\/li>\n\n\n\n<li>har i det minste en grunnutdanning,<\/li>\n\n\n\n<li>ikke har helsemessige kontraindikasjoner for arbeid i mer enn tre meters h\u00f8yde. <\/li>\n<\/ul>\n\n\n\n<p>Hvis de som er interessert i \u00e5 delta p\u00e5 kurset, har tester som gir dem tillatelse til \u00e5 arbeide over tre meter, vil dette v\u00e6re en ekstra formell mulighet.\u00a0<\/p>\n\n\n\n<h2 class=\"wp-block-heading\"><strong>Konstruksjon av selen<\/strong>&nbsp;<\/h2>\n\n\n\n<p>Slikt utstyr m\u00e5 v\u00e6re tilpasset den type arbeid som utf\u00f8res. EN361-standarden spesifiserer spesifikke krav til selens konstruksjon. I tillegg er det viktig hvilket materiale selen er laget av, for eksempel polyamid, polyester eller til og med st\u00e5l. Vanligvis har seler ett eller to festepunkter, som oppfyller en annen standard, merket A. Dette elementet er plassert bak, p\u00e5 ryggen, og foran, n\u00e6r brystbenet. Det er verdt \u00e5 merke seg at hvis det bare finnes ett festepunkt, betyr det at standarden bare er oppfylt til halvparten, og betegnelsen er bokstavelig talt \"halv A\", dvs. A\/2. Selen kan ha et belte som er nyttig ved st\u00f8ttearbeid - det best\u00e5r av en stropp og to spenner i hoftebeltet. Et annet valgfritt element er et punkt p\u00e5 magen. Dette er i sin tur ment \u00e5 v\u00e6re nyttig for tauarbeid. Det er opp til oss \u00e5 bestemme om vi trenger det. Hvis du skal jobbe i st\u00f8ttet stilling, b\u00f8r du vurdere \u00e5 kj\u00f8pe en sele med belte. Kontroller alltid selen for defekter f\u00f8r du starter arbeidet. Husk at periodisk inspeksjon av utstyret ikke fritar deg fra \u00e5 kontrollere at det fungerer som det skal.<\/p>\n\n\n\n<h2 class=\"wp-block-heading\"><strong>Hvem b\u00f8r bruke tannregulering?<\/strong>&nbsp;<\/h2>\n\n\n<div class=\"wp-block-image\">\n<figure class=\"alignright size-large is-resized\"><a href=\"https:\/\/szkolenia-udt.pl\/wp-content\/uploads\/2022\/08\/1-7.jpeg\"><img loading=\"lazy\" decoding=\"async\" src=\"https:\/\/szkolenia-udt.pl\/wp-content\/uploads\/2022\/08\/1-7-1024x682.jpeg\" alt=\"Arbeid i h\u00f8yden\" class=\"wp-image-3174\" width=\"512\" height=\"341\" srcset=\"https:\/\/szkolenia-udt.pl\/wp-content\/uploads\/2022\/08\/1-7-1024x682.jpeg 1024w, https:\/\/szkolenia-udt.pl\/wp-content\/uploads\/2022\/08\/1-7-300x200.jpeg 300w, https:\/\/szkolenia-udt.pl\/wp-content\/uploads\/2022\/08\/1-7-768x512.jpeg 768w, https:\/\/szkolenia-udt.pl\/wp-content\/uploads\/2022\/08\/1-7-1536x1023.jpeg 1536w, https:\/\/szkolenia-udt.pl\/wp-content\/uploads\/2022\/08\/1-7-18x12.jpeg 18w, https:\/\/szkolenia-udt.pl\/wp-content\/uploads\/2022\/08\/1-7.jpeg 1600w\" sizes=\"auto, (max-width: 512px) 100vw, 512px\" \/><\/a><\/figure>\n<\/div>\n\n\n<p>Sikkerhetsseler er beregnet p\u00e5 personer som utf\u00f8rer arbeid i h\u00f8yden. Det kan for eksempel v\u00e6re fasade- eller vinduspussing av bygninger. Spesielt farlig er arbeid p\u00e5 h\u00f8yhus og fasademaling, som krever bruk av sele, samt elektrisk arbeid og fjellklatring, dvs. utf\u00f8relse av elektriske installasjoner, felling av tr\u00e6r eller montering av reklame p\u00e5 reklametavler. Det er ikke bare i bygg- og anleggsbransjen at vi bruker seler, men ogs\u00e5 ved redningsarbeid som krever klatring p\u00e5 ustabilt underlag.\u00a0\u00a0<\/p>\n\n\n\n<h2 class=\"wp-block-heading\"><strong>Hvor mye koster kurset?<\/strong>&nbsp;<\/h2>\n\n\n\n<p><a href=\"https:\/\/szkolenia-udt.pl\/nb\/oferta\/\">Pris for oppl\u00e6ring<\/a> av arbeid i h\u00f8yden og hensiktsmessig bruk av utstyr avgj\u00f8res individuelt og er avhengig av antall deltakere. Vi er i stand til \u00e5 utarbeide passende rabatter for st\u00f8rre organiserte grupper. Vi garanterer at prisene v\u00e5re er attraktive! Du finner en oversikt over datoer og steder for \u00e5pne kurs p\u00e5 nettstedet v\u00e5rt. Vi st\u00e5r til din disposisjon.\u00a0\u00a0<\/p>\n\n\n\n<p>Hvis du er interessert i tilbudet v\u00e5rt og vil vite mer, er du velkommen til \u00e5 kontakte oss! Vi vil fors\u00f8ke \u00e5 svare deg s\u00e5 snart som mulig. Operator Training Centre inviterer deg til \u00e5 delta p\u00e5 et oppl\u00e6ringskurs!<\/p>\n\n\n<div class=\"wp-block-image\">\n<figure class=\"aligncenter\"><a href=\"https:\/\/szkolenia-udt.pl\/wp-content\/uploads\/2022\/08\/0028-oso-kurs-alpinistyczny-wysokosciowy.jpg\"><img loading=\"lazy\" decoding=\"async\" width=\"1024\" height=\"853\" src=\"https:\/\/szkolenia-udt.pl\/wp-content\/uploads\/2022\/08\/0028-oso-kurs-alpinistyczny-wysokosciowy-1024x853.jpg\" alt=\"Grafikk som reklamerer for oppl\u00e6ringen\" class=\"wp-image-3177\" srcset=\"https:\/\/szkolenia-udt.pl\/wp-content\/uploads\/2022\/08\/0028-oso-kurs-alpinistyczny-wysokosciowy-1024x853.jpg 1024w, https:\/\/szkolenia-udt.pl\/wp-content\/uploads\/2022\/08\/0028-oso-kurs-alpinistyczny-wysokosciowy-300x250.jpg 300w, https:\/\/szkolenia-udt.pl\/wp-content\/uploads\/2022\/08\/0028-oso-kurs-alpinistyczny-wysokosciowy-768x640.jpg 768w, https:\/\/szkolenia-udt.pl\/wp-content\/uploads\/2022\/08\/0028-oso-kurs-alpinistyczny-wysokosciowy-14x12.jpg 14w, https:\/\/szkolenia-udt.pl\/wp-content\/uploads\/2022\/08\/0028-oso-kurs-alpinistyczny-wysokosciowy.jpg 1200w\" sizes=\"auto, (max-width: 1024px) 100vw, 1024px\" \/><\/a><\/figure>\n<\/div>","protected":false},"excerpt":{"rendered":"<p>O szkoleniu Prowadzenie prac wysoko\u015bciowych wi\u0105\u017ce si\u0119 z ogromnym ryzykiem i wieloma niebezpiecze\u0144stwami. Aby uchroni\u0107 si\u0119 przed upadkiem, konieczne jest u\u017cywanie szelek budowlanych. Ograniczaj\u0105 one mo\u017cliwo\u015b\u0107 doznania uszczerbku na zdrowiu i, co wa\u017cne, chroni\u0105 od upadku. Na szkoleniu poznasz podstawowe przepisy bezpiecze\u0144stwa i higieny pracy. O\u015brodek Szkolenia Operator\u00f3w zapewnia organizacj\u0119 zaj\u0119\u0107 na miar\u0119 potrzeb kursant\u00f3w.\u00a0 [&hellip;]<\/p>\n","protected":false},"author":10,"featured_media":4178,"parent":1874,"menu_order":0,"comment_status":"closed","ping_status":"closed","template":"","meta":{"footnotes":""},"class_list":["post-3173","page","type-page","status-publish","has-post-thumbnail","hentry"],"aioseo_notices":[],"_links":{"self":[{"href":"https:\/\/szkolenia-udt.pl\/nb\/wp-json\/wp\/v2\/pages\/3173","targetHints":{"allow":["GET"]}}],"collection":[{"href":"https:\/\/szkolenia-udt.pl\/nb\/wp-json\/wp\/v2\/pages"}],"about":[{"href":"https:\/\/szkolenia-udt.pl\/nb\/wp-json\/wp\/v2\/types\/page"}],"author":[{"embeddable":true,"href":"https:\/\/szkolenia-udt.pl\/nb\/wp-json\/wp\/v2\/users\/10"}],"replies":[{"embeddable":true,"href":"https:\/\/szkolenia-udt.pl\/nb\/wp-json\/wp\/v2\/comments?post=3173"}],"version-history":[{"count":6,"href":"https:\/\/szkolenia-udt.pl\/nb\/wp-json\/wp\/v2\/pages\/3173\/revisions"}],"predecessor-version":[{"id":4661,"href":"https:\/\/szkolenia-udt.pl\/nb\/wp-json\/wp\/v2\/pages\/3173\/revisions\/4661"}],"up":[{"embeddable":true,"href":"https:\/\/szkolenia-udt.pl\/nb\/wp-json\/wp\/v2\/pages\/1874"}],"wp:featuredmedia":[{"embeddable":true,"href":"https:\/\/szkolenia-udt.pl\/nb\/wp-json\/wp\/v2\/media\/4178"}],"wp:attachment":[{"href":"https:\/\/szkolenia-udt.pl\/nb\/wp-json\/wp\/v2\/media?parent=3173"}],"curies":[{"name":"wp","href":"https:\/\/api.w.org\/{rel}","templated":true}]}}