{"id":3185,"date":"2022-08-30T09:17:55","date_gmt":"2022-08-30T07:17:55","guid":{"rendered":"https:\/\/szkolenia-udt.pl\/?page_id=3185"},"modified":"2023-03-24T18:25:47","modified_gmt":"2023-03-24T17:25:47","slug":"fjellklatringskurs","status":"publish","type":"page","link":"https:\/\/szkolenia-udt.pl\/nb\/kursy\/prace-wysokosciowe\/kurs-alpinistyczny\/","title":{"rendered":"Kurs i fjellklatring"},"content":{"rendered":"<div class=\"wp-block-image\">\n<figure class=\"alignleft is-resized\"><a href=\"https:\/\/szkolenia-udt.pl\/wp-content\/uploads\/2022\/08\/3-5.jpeg\"><img loading=\"lazy\" decoding=\"async\" src=\"https:\/\/szkolenia-udt.pl\/wp-content\/uploads\/2022\/08\/3-5-1024x768.jpeg\" alt=\"Person som arbeider i h\u00f8yden\" class=\"wp-image-3188\" width=\"512\" height=\"384\" srcset=\"https:\/\/szkolenia-udt.pl\/wp-content\/uploads\/2022\/08\/3-5-1024x768.jpeg 1024w, https:\/\/szkolenia-udt.pl\/wp-content\/uploads\/2022\/08\/3-5-300x225.jpeg 300w, https:\/\/szkolenia-udt.pl\/wp-content\/uploads\/2022\/08\/3-5-768x576.jpeg 768w, https:\/\/szkolenia-udt.pl\/wp-content\/uploads\/2022\/08\/3-5-1536x1152.jpeg 1536w, https:\/\/szkolenia-udt.pl\/wp-content\/uploads\/2022\/08\/3-5-16x12.jpeg 16w, https:\/\/szkolenia-udt.pl\/wp-content\/uploads\/2022\/08\/3-5-135x100.jpeg 135w, https:\/\/szkolenia-udt.pl\/wp-content\/uploads\/2022\/08\/3-5.jpeg 1600w\" sizes=\"auto, (max-width: 512px) 100vw, 512px\" \/><\/a><\/figure>\n<\/div>\n\n\n<p>En arbeidstaker som m\u00e5 h\u00e5ndtere arbeid i h\u00f8yden, b\u00f8r delta i fjellklatringstrening. P\u00e5 den m\u00e5ten ivaretar han eller hun ikke bare sin egen sikkerhet, men ogs\u00e5 sikkerheten til andre p\u00e5 arbeidsplassen. Kurset er et krav for \u00e5 kunne begynne \u00e5 jobbe. Uten riktig oppl\u00e6ring kan man utsette seg for juridiske konsekvenser. Mer alvorlig er imidlertid mulige helseskader eller til og med tap av menneskeliv. Vi inviterer deg derfor til \u00e5 delta p\u00e5 et oppl\u00e6ringskurs hos Operator Training Centre!\u00a0<\/p>\n\n\n\n<h2 class=\"wp-block-heading\"><strong>Hvem er kurset utviklet for?<\/strong>&nbsp;<\/h2>\n\n\n\n<p>Vi tilbyr <a href=\"https:\/\/szkolenia-udt.pl\/nb\/kursy\/prace-wysokosciowe\/prace-alpinistyczne-szkolenie-praktyczne\/\">fjellklatringskurs<\/a> av tilkomstteknikker med tau. Kurset er beregnet p\u00e5 dem som skal arbeide i h\u00f8yden med tauinstallasjoner. Den potensielle kandidaten b\u00f8r v\u00e6re i stand til \u00e5 t\u00e5le vanskelige v\u00e6rforhold som sterk vind, regn, sn\u00f8 eller h\u00f8ye temperaturer. \u00c5 arbeide med slike ulemper krever derfor utholdenhet og t\u00e5lmodighet. I tillegg vil god fysisk form v\u00e6re en fordel.\u00a0\u00a0<\/p>\n\n\n\n<h2 class=\"wp-block-heading\"><strong>Rettigheter<\/strong>&nbsp;<\/h2>\n\n\n\n<p>I henhold til forskriftene m\u00e5 arbeidstakere f\u00e5 oppl\u00e6ring i arbeid i h\u00f8yden regelmessig, minst hvert tredje \u00e5r, ettersom det er s\u00e5 lenge kompetansebeviset er gyldig. Etter denne tiden b\u00f8r man ta et oppfriskningskurs for \u00e5 oppdatere og friske opp eksisterende kunnskap. Det er imidlertid viktig \u00e5 vite at det bare er ved \u00e5 best\u00e5 eksamen at du kan f\u00e5 kompetansebeviset ditt. Derfor m\u00e5 du ta et kurs, og det er det mulig \u00e5 gj\u00f8re hos v\u00e5rt Operator Training Centre!\u00a0<\/p>\n\n\n<div class=\"wp-block-image\">\n<figure class=\"alignright\"><a href=\"https:\/\/szkolenia-udt.pl\/wp-content\/uploads\/2022\/08\/1-8.jpeg\"><img loading=\"lazy\" decoding=\"async\" width=\"200\" height=\"300\" src=\"https:\/\/szkolenia-udt.pl\/wp-content\/uploads\/2022\/08\/1-8-200x300.jpeg\" alt=\"Instrukt\u00f8r i arbeidsantrekk\" class=\"wp-image-3186\" srcset=\"https:\/\/szkolenia-udt.pl\/wp-content\/uploads\/2022\/08\/1-8-200x300.jpeg 200w, https:\/\/szkolenia-udt.pl\/wp-content\/uploads\/2022\/08\/1-8-682x1024.jpeg 682w, https:\/\/szkolenia-udt.pl\/wp-content\/uploads\/2022\/08\/1-8-768x1154.jpeg 768w, https:\/\/szkolenia-udt.pl\/wp-content\/uploads\/2022\/08\/1-8-1022x1536.jpeg 1022w, https:\/\/szkolenia-udt.pl\/wp-content\/uploads\/2022\/08\/1-8-8x12.jpeg 8w, https:\/\/szkolenia-udt.pl\/wp-content\/uploads\/2022\/08\/1-8.jpeg 1065w\" sizes=\"auto, (max-width: 200px) 100vw, 200px\" \/><\/a><\/figure>\n<\/div>\n\n\n<h2 class=\"wp-block-heading\"><strong>Formelle krav<\/strong>&nbsp;<\/h2>\n\n\n\n<p>Selve kurset er \u00e5pent for de som:&nbsp;&nbsp;<\/p>\n\n\n\n<ul class=\"wp-block-list\">\n<li>er over 18 \u00e5r,&nbsp;&nbsp;<\/li>\n\n\n\n<li>har minst grunnskoleutdanning,&nbsp;&nbsp;<\/li>\n\n\n\n<li>er ved god helse - helsekontraindikasjoner, som hjertesykdom eller epilepsi, diskvalifiserer deg umiddelbart fra \u00e5 ta kurset og bli fjellklatrer.\u00a0\u00a0<\/li>\n<\/ul>\n\n\n\n<h2 class=\"wp-block-heading\"><strong>Omfanget av oppl\u00e6ringsprogrammet<\/strong>&nbsp;<\/h2>\n\n\n\n<p>Vi presenterer eksempler p\u00e5 temaene som inng\u00e5r i kurset v\u00e5rt. Vi forklarer ogs\u00e5 kort detaljene om emnet i tabellen nedenfor.&nbsp;<\/p>\n\n\n\n<figure class=\"wp-block-table\"><table><tbody><tr><td><strong>Emne<\/strong>&nbsp;<\/td><td><strong>Detaljer<\/strong>&nbsp;<\/td><\/tr><tr><td>Rettslig grunnlag for den industrielle klatreren&nbsp;<\/td><td>Deltakerne l\u00e6rer om helse- og sikkerhetsforskrifter og juridiske standarder (EN-er). De vil ogs\u00e5 l\u00e6re om farene ved arbeid i h\u00f8yden.\u00a0<\/td><\/tr><tr><td>Forberedelse til arbeidet&nbsp;<\/td><td>Instrukt\u00f8rene l\u00e6rer bort hvordan man knytter knuter (f.eks. \u00e5ttetall, alpine butterflies osv.) og andre elementer som er n\u00f8dvendige for \u00e5 komme i gang.&nbsp;<\/td><\/tr><tr><td>Forsikring&nbsp;<\/td><td>Elevene l\u00e6rer \u00e5 ta p\u00e5 seg sikringsutstyr og \u00e5 bevege seg b\u00e5de vertikalt og horisontalt.&nbsp;<\/td><\/tr><tr><td>Redning i tilfelle en ulykke&nbsp;<\/td><td>Demonstrasjon av redningsoperasjoner og hensiktsmessige m\u00e5ter \u00e5 transportere en skadet person p\u00e5.&nbsp;<\/td><\/tr><tr><td>Praktiske ferdigheter&nbsp;<\/td><td>Deltakerne l\u00e6rer trinnene fra den teoretiske delen av kurset i praksis og utf\u00f8rer dem under veiledning av en instrukt\u00f8r.&nbsp;<\/td><\/tr><\/tbody><\/table><\/figure>\n\n\n\n<p>Dette er bare noen av temaene vi tilbyr i fjellklatringstreningen. Omfanget kan utvides etter \u00f8nske fra kunden.&nbsp;<\/p>\n\n\n\n<div class=\"filmw\">\n<div class=\"responsive-youtube\"><iframe loading=\"lazy\" title=\"YouTube-videospiller\" src=\"https:\/\/www.youtube.com\/embed\/QcT4h2Z50M0\" width=\"560\" height=\"315\" frameborder=\"0\" allowfullscreen=\"allowfullscreen\"><\/iframe><\/div>\n<\/div>\n\n\n\n<h2 class=\"wp-block-heading\"><strong>Hvorfor oss?<\/strong>&nbsp;<\/h2>\n\n\n\n<p>Hos Operator Training Centre kan du v\u00e6re sikker p\u00e5 at du f\u00e5r skikkelig oppl\u00e6ring i fjellklatring med tau. V\u00e5rt selskap har profesjonelle medarbeidere med lang erfaring. Vi s\u00f8rger for at du hos oss l\u00e6rer alt og best\u00e5r den statlige eksamenen. Vi underviser alt p\u00e5 moderne utstyr som er tilpasset de nyeste kravene og har de n\u00f8dvendige godkjenningene. I v\u00e5re klasser implementerer vi aktivitetsbaserte undervisningsteknikker slik at kunnskapen absorberes bedre av v\u00e5re studenter. I tillegg gir dette bedre resultater p\u00e5 eksamen. Du kan stole p\u00e5 oss - vi l\u00e6rer deg alt som har med industriell fjellklatring \u00e5 gj\u00f8re.\u00a0<\/p>\n\n\n\n<h2 class=\"wp-block-heading\"><strong>Kursets pris<\/strong>&nbsp;<\/h2>\n\n\n\n<p>Vi vet hvor viktig et kriterium for valg av oppl\u00e6ringssenter er <a href=\"https:\/\/szkolenia-udt.pl\/nb\/oferta\/\">pris<\/a>. Kostnaden for oppl\u00e6ringen v\u00e5r bestemmes individuelt med hver enkelt kunde. Dette skyldes blant annet at det varierer hvor mange deltakere som er villige til \u00e5 delta p\u00e5 kurset. Vi tilbyr konkurransedyktige priser. I tillegg gir vi store rabatter p\u00e5 v\u00e5re tjenester. Kursprisen inkluderer ogs\u00e5 den statlige eksamenen.\u00a0<\/p>\n\n\n\n<h2 class=\"wp-block-heading\"><strong>Datoer, format og sted for kurset<\/strong>&nbsp;<\/h2>\n\n\n<div class=\"wp-block-image\">\n<figure class=\"alignright size-large is-resized\"><a href=\"https:\/\/szkolenia-udt.pl\/wp-content\/uploads\/2022\/08\/2-9.jpeg\"><img loading=\"lazy\" decoding=\"async\" src=\"https:\/\/szkolenia-udt.pl\/wp-content\/uploads\/2022\/08\/2-9-1024x683.jpeg\" alt=\"Tauarbeider\" class=\"wp-image-3187\" width=\"512\" height=\"342\" srcset=\"https:\/\/szkolenia-udt.pl\/wp-content\/uploads\/2022\/08\/2-9-1024x683.jpeg 1024w, https:\/\/szkolenia-udt.pl\/wp-content\/uploads\/2022\/08\/2-9-300x200.jpeg 300w, https:\/\/szkolenia-udt.pl\/wp-content\/uploads\/2022\/08\/2-9-768x512.jpeg 768w, https:\/\/szkolenia-udt.pl\/wp-content\/uploads\/2022\/08\/2-9-1536x1024.jpeg 1536w, https:\/\/szkolenia-udt.pl\/wp-content\/uploads\/2022\/08\/2-9-18x12.jpeg 18w, https:\/\/szkolenia-udt.pl\/wp-content\/uploads\/2022\/08\/2-9.jpeg 1600w\" sizes=\"auto, (max-width: 512px) 100vw, 512px\" \/><\/a><\/figure>\n<\/div>\n\n\n<p><a href=\"https:\/\/szkolenia-udt.pl\/nb\/kontakt\/\">Kontakt oss<\/a> ring eller send oss en e-post, s\u00e5 gir vi deg all informasjon du trenger om aktuelle datoer <a href=\"https:\/\/szkolenia-udt.pl\/nb\/kursy\/\">v\u00e5re oppl\u00e6ringskurs<\/a> p\u00e5 de enkelte CSO-avdelingene. Vi lager ogs\u00e5 et f\u00f8rste tilbud p\u00e5 kurset. Vi kan ogs\u00e5 organisere oppl\u00e6ring for en organisert gruppe - i s\u00e5 fall kan pensum tilpasses deretter. P\u00e5 denne m\u00e5ten vil de ansatte ogs\u00e5 l\u00e6re om problemstillinger som er spesifikke for deres arbeidsplass. Hvis du derimot er en person som \u00f8nsker \u00e5 utvide kompetansen din p\u00e5 egen h\u00e5nd, kan du melde deg p\u00e5 \u00e5pen oppl\u00e6ring. Alle som \u00f8nsker det, kan gj\u00f8re en avtale p\u00e5 en bestemt dato i filialen.\u00a0<\/p>\n\n\n\n<h2 class=\"wp-block-heading\"><strong>Hvor skal jeg bruke ferdighetene?<\/strong>&nbsp;<\/h2>\n\n\n\n<p>Med fjellklatreroppl\u00e6ring kan du utf\u00f8re arbeid som felling av tr\u00e6r, maling eller reparasjon av bygningsfasader, arbeid p\u00e5 tak (ved taktekking eller sn\u00f8rydding) og plassering av reklame p\u00e5 reklametavler. Kurset passer for personer som bruker ankere p\u00e5 arbeidsplassen, og som forflytter seg mellom dem. Kvalifikasjonen kan ogs\u00e5 brukes p\u00e5 veldig mange andre omr\u00e5der knyttet til blant annet bygg og anlegg.\u00a0\u00a0<\/p>\n\n\n\n<h2 class=\"wp-block-heading\">L\u00e6r av CSO!<\/h2>\n\n\n\n<p>Du er hjertelig velkommen til \u00e5 benytte deg av v\u00e5rt oppl\u00e6ringstilbud. Operator Training Centre har instrukt\u00f8rer med mange \u00e5rs erfaring i yrket sitt. Hos oss f\u00e5r du autorisasjon til \u00e5 utf\u00f8re fjellklatring. Ta kontakt med oss hvis du er interessert i v\u00e5re tjenester - det er bare \u00e5 ringe eller sende oss en e-post. Alle detaljer er lagt ut p\u00e5 nettstedet.\u00a0<\/p>\n\n\n<div class=\"wp-block-image\">\n<figure class=\"aligncenter size-large\"><a href=\"https:\/\/szkolenia-udt.pl\/wp-content\/uploads\/2022\/08\/0028-oso-kurs-alpinistyczny-wysokosciowy-1.jpg\"><img loading=\"lazy\" decoding=\"async\" width=\"1024\" height=\"853\" src=\"https:\/\/szkolenia-udt.pl\/wp-content\/uploads\/2022\/08\/0028-oso-kurs-alpinistyczny-wysokosciowy-1-1024x853.jpg\" alt=\"Grafikk som reklamerer for oppl\u00e6ringen\" class=\"wp-image-3189\" srcset=\"https:\/\/szkolenia-udt.pl\/wp-content\/uploads\/2022\/08\/0028-oso-kurs-alpinistyczny-wysokosciowy-1-1024x853.jpg 1024w, https:\/\/szkolenia-udt.pl\/wp-content\/uploads\/2022\/08\/0028-oso-kurs-alpinistyczny-wysokosciowy-1-300x250.jpg 300w, https:\/\/szkolenia-udt.pl\/wp-content\/uploads\/2022\/08\/0028-oso-kurs-alpinistyczny-wysokosciowy-1-768x640.jpg 768w, https:\/\/szkolenia-udt.pl\/wp-content\/uploads\/2022\/08\/0028-oso-kurs-alpinistyczny-wysokosciowy-1-14x12.jpg 14w, https:\/\/szkolenia-udt.pl\/wp-content\/uploads\/2022\/08\/0028-oso-kurs-alpinistyczny-wysokosciowy-1.jpg 1200w\" sizes=\"auto, (max-width: 1024px) 100vw, 1024px\" \/><\/a><\/figure>\n<\/div>","protected":false},"excerpt":{"rendered":"<p>Pracownik, kt\u00f3ry ma do czynienia z pracami na wysoko\u015bci, powinien wzi\u0105\u0107 udzia\u0142 w szkoleniu alpinistycznym. Dzi\u0119ki temu, zapewni on bezpiecze\u0144stwo nie tylko sobie samemu, ale te\u017c innym w miejscu pracy.\u00a0Kurs jest wymogiem koniecznym do rozpocz\u0119cia prac. Bez odpowiedniego przeszkolenia mo\u017cna narazi\u0107 si\u0119 na konsekwencje prawne. Powa\u017cniejsz\u0105 spraw\u0105 jest jednak ewentualny uszczerbek na zdrowiu, a nawet [&hellip;]<\/p>\n","protected":false},"author":10,"featured_media":3188,"parent":1874,"menu_order":0,"comment_status":"closed","ping_status":"closed","template":"","meta":{"footnotes":""},"class_list":["post-3185","page","type-page","status-publish","has-post-thumbnail","hentry"],"aioseo_notices":[],"_links":{"self":[{"href":"https:\/\/szkolenia-udt.pl\/nb\/wp-json\/wp\/v2\/pages\/3185","targetHints":{"allow":["GET"]}}],"collection":[{"href":"https:\/\/szkolenia-udt.pl\/nb\/wp-json\/wp\/v2\/pages"}],"about":[{"href":"https:\/\/szkolenia-udt.pl\/nb\/wp-json\/wp\/v2\/types\/page"}],"author":[{"embeddable":true,"href":"https:\/\/szkolenia-udt.pl\/nb\/wp-json\/wp\/v2\/users\/10"}],"replies":[{"embeddable":true,"href":"https:\/\/szkolenia-udt.pl\/nb\/wp-json\/wp\/v2\/comments?post=3185"}],"version-history":[{"count":8,"href":"https:\/\/szkolenia-udt.pl\/nb\/wp-json\/wp\/v2\/pages\/3185\/revisions"}],"predecessor-version":[{"id":4656,"href":"https:\/\/szkolenia-udt.pl\/nb\/wp-json\/wp\/v2\/pages\/3185\/revisions\/4656"}],"up":[{"embeddable":true,"href":"https:\/\/szkolenia-udt.pl\/nb\/wp-json\/wp\/v2\/pages\/1874"}],"wp:featuredmedia":[{"embeddable":true,"href":"https:\/\/szkolenia-udt.pl\/nb\/wp-json\/wp\/v2\/media\/3188"}],"wp:attachment":[{"href":"https:\/\/szkolenia-udt.pl\/nb\/wp-json\/wp\/v2\/media?parent=3185"}],"curies":[{"name":"wp","href":"https:\/\/api.w.org\/{rel}","templated":true}]}}