{"id":2412,"date":"2021-08-20T08:36:29","date_gmt":"2021-08-20T08:36:29","guid":{"rendered":"https:\/\/szkolenia-udt.pl\/?page_id=2412"},"modified":"2023-03-13T16:35:57","modified_gmt":"2023-03-13T15:35:57","slug":"mastoperator-mobila-plattformar","status":"publish","type":"page","link":"https:\/\/szkolenia-udt.pl\/sv\/kursy\/uprawnienia-udt-tdt-wdt\/podesty-ruchome-masztowe-operator\/","title":{"rendered":"Mastkl\u00e4ttringsarbetsplattformar f\u00f6r operat\u00f6rer"},"content":{"rendered":"<p><a href=\"https:\/\/szkolenia-udt.pl\/wp-content\/uploads\/2021\/08\/szkolenia-udt.pl-0014-OPUBLIKOWANY-v9.jpg\"><img loading=\"lazy\" decoding=\"async\" class=\"paddingleft10 wp-image-2497 size-medium alignleft\" src=\"https:\/\/szkolenia-udt.pl\/wp-content\/uploads\/2021\/08\/szkolenia-udt.pl-0014-OPUBLIKOWANY-v9-300x169.jpg\" alt=\"Mastmonterade mobila lyftanordningar \u00e4r utrustning som omfattas av teknisk \u00f6vervakning och kr\u00e4ver tillst\u00e5nd\" width=\"300\" height=\"169\" srcset=\"https:\/\/szkolenia-udt.pl\/wp-content\/uploads\/2021\/08\/szkolenia-udt.pl-0014-OPUBLIKOWANY-v9-300x169.jpg 300w, https:\/\/szkolenia-udt.pl\/wp-content\/uploads\/2021\/08\/szkolenia-udt.pl-0014-OPUBLIKOWANY-v9.jpg 768w\" sizes=\"auto, (max-width: 300px) 100vw, 300px\" \/><\/a>Vi har skapat denna utbildning f\u00f6r personer som vill skaffa sig specialkunskaper inom driftomr\u00e5det och sedan erh\u00e5lla den n\u00f6dv\u00e4ndiga UDT-licensen f\u00f6r station\u00e4ra mobila plattformar. Kursen \u00e4r en f\u00f6rberedelse f\u00f6r det statliga provet, samtidigt som den p\u00e5 ett praktiskt s\u00e4tt l\u00e4r ut s\u00e4ker och korrekt drift av utrustning. Operat\u00f6rer som utbildas p\u00e5 detta s\u00e4tt \u00e4r specialister som efterfr\u00e5gas p\u00e5 arbetsmarknaden och kan b\u00f6rja arbeta inom sitt yrke praktiskt taget omedelbart.<\/p>\n<h2>Information om kursen f\u00f6r mastlyftar<\/h2>\n<p><a href=\"https:\/\/szkolenia-udt.pl\/sv\/kursy\/uprawnienia-udt-tdt-wdt\/szkolenia-z-zakresu-udt\/\">UDT-kurs<\/a> (i enlighet med kraven fr\u00e5n denna organisation) inneh\u00e5ller ett l\u00e4mpligt antal timmar f\u00f6rel\u00e4sningar och praktiska aktiviteter f\u00f6r gruppen. Kursens l\u00e4ngd beror p\u00e5 deltagarnas kunskaps- och f\u00e4rdighetsniv\u00e5 och kan variera fr\u00e5n 8-10 till 20-35 timmar. Kursdeltagarna informeras om detta i samband med registreringen.<\/p>\n<p>V\u00e5ra instrukt\u00f6rer ger information om bland annat:<\/p>\n<ul>\n<li>Den mobila mastplattformens struktur och driftsmekanism<\/li>\n<li>S\u00e4kerhetsregler och operat\u00f6rens ansvar i samband med dessa<\/li>\n<li>Best\u00e4mmelser fr\u00e5n lagen om teknisk tillsyn<\/li>\n<li>Hantering av ovanliga situationer: n\u00f6dsituationer, olyckor<\/li>\n<\/ul>\n<p>Deltagarna i kursen f\u00f6r operat\u00f6rer av mastplattformar deltar dessutom i \u00f6vningar p\u00e5 man\u00f6verplatsen. Detta \u00e4r en m\u00f6jlighet att l\u00e4ra sig hur man arbetar i praktiken och att bli b\u00e4ttre bekant med s\u00e4kerhetsreglerna.<\/p>\n<p>Utbildningen avslutas med ett slutprov inf\u00f6r en UDT-kommission. Auktorisation ges till dem som klarar de teoretiska och praktiska delarna med ett positivt resultat.<br \/>\n<div style=\"width: 640px;\" class=\"wp-video\"><video id=\"video-2412-1\" width=\"640\" height=\"360\" poster=\"https:\/\/szkolenia-udt.pl\/wp-content\/uploads\/2023\/03\/okladka-podnosnik-OSO.jpg\" preload=\"metadata\" controls=\"controls\"><source type=\"video\/mp4\" src=\"https:\/\/szkolenia-udt.pl\/wp-content\/uploads\/2023\/03\/podnosnik-SZKOLENIA-UDT.PL-OSO.mp4?_=1\" \/><a href=\"https:\/\/szkolenia-udt.pl\/wp-content\/uploads\/2023\/03\/podnosnik-SZKOLENIA-UDT.PL-OSO.mp4\">https:\/\/szkolenia-udt.pl\/wp-content\/uploads\/2023\/03\/podnosnik-SZKOLENIA-UDT.PL-OSO.mp4<\/a><\/video><\/div>\n<h2>Jobbm\u00f6jligheter efter kursen<\/h2>\n<p>Efter godk\u00e4nd tentamen och slutf\u00f6rd utbildning <a href=\"https:\/\/szkolenia-udt.pl\/sv\/kursy\/szkolenie-audytorskie-udt\/\">UDT-utbildning<\/a> beviljar kvalifikationer i 10 \u00e5r. Med ett kvalifikationsbevis kan du utf\u00f6ra arbete i hela Polen, liksom i de flesta EU-l\u00e4nder.<\/p>\n<p>Den mobila mastplattformen \u00e4r en anordning som g\u00f6r det m\u00f6jligt att transportera arbetstagare till en arbetsstation p\u00e5 flera meters h\u00f6jd. Den fungerar p\u00e5 f\u00f6ljande s\u00e4tt: En korg - arbetsplattformen f\u00f6r transport av arbetare - flyttas l\u00e4ngs en metallmast med hj\u00e4lp av en drivanordning - en domkraft. Styrningen sker med hj\u00e4lp av en panel eller fj\u00e4rrkontroll. Det hela \u00e4r placerat p\u00e5 ett chassi som \u00e4r utrustat med hjul f\u00f6r bogsering och st\u00f6d f\u00f6r stabilisering.<\/p>\n<p>Denna praktiska och l\u00e4ttanv\u00e4nda anordning har m\u00e5nga anv\u00e4ndningsomr\u00e5den inom byggbranschen och p\u00e5 andra h\u00e5ll. Beroende p\u00e5 modell kan mastplattformarna anv\u00e4ndas b\u00e5de inom- och utomhus. Masten med arbetsplattform m\u00f6jligg\u00f6r transport under byggnadsarbeten, montering (installation av f\u00f6nster, installationer, belysning), renovering (putsning, isolering, m\u00e5lning) och underl\u00e4ttar \u00e5tkomst till h\u00f6gre gods i lagret.<\/p>\n<div class=\"filmw\">\n<div class=\"responsive-youtube\"><iframe loading=\"lazy\" title=\"YouTube-videospelare\" src=\"https:\/\/www.youtube.com\/embed\/OUKdY5V51M4\" width=\"560\" height=\"315\" frameborder=\"0\" allowfullscreen=\"allowfullscreen\"><\/iframe><\/div>\n<\/div>\n<h2>Praktisk information<\/h2>\n<p>Nedan f\u00f6ljer organisatoriska detaljer om utbildning f\u00f6r mobila plattformar (<a href=\"https:\/\/szkolenia-udt.pl\/sv\/oferta\/\">pris<\/a>, villkor f\u00f6r deltagande etc.):<\/p>\n<p>Utbildningen \u00e4r \u00f6ppen f\u00f6r alla vuxna, utan h\u00e4lsorelaterade kontraindikationer, med minst grundskoleutbildning.<\/p>\n<p>Undervisningen sker p\u00e5 olika platser i landet: vi anordnar UDT-utbildning i Warszawa, Krakow, Schlesien och andra st\u00f6rre st\u00e4der.<\/p>\n<p>Grupperna k\u00f6rs 1-2 g\u00e5nger per m\u00e5nad. Det aktuella schemat finns p\u00e5 <a href=\"http:\/\/www.platformaedukacji.pl\">www.platformaedukacji.pl<\/a>. Det \u00e4r ocks\u00e5 h\u00e4r du kan boka din plats p\u00e5 det datum du \u00f6nskar. Vi tar \u00e4ven emot ans\u00f6kningar via telefon och e-post.<\/p>\n<p>Det g\u00e5r ocks\u00e5 att delta i utbildningar p\u00e5 distans. Webbseminarierna sker live p\u00e5 v\u00e5r utbildningsplattform. Detta g\u00e4ller endast den teoretiska delen, den praktiska delen m\u00e5ste slutf\u00f6ras station\u00e4rt.<\/p>\n<p>Om du \u00e4r intresserad av att anordna utbildning f\u00f6r ditt f\u00f6retags anst\u00e4llda, <a href=\"https:\/\/szkolenia-udt.pl\/sv\/kontakt\/\">v\u00e4nligen kontakta oss<\/a> via e-post eller telefon. Vi kommer \u00f6verens om ett l\u00e4mpligt datum och en l\u00e4mplig plats. Vi anordnar \u00e4ven kurser f\u00f6r kvalificering av arbetsplattformar - korglyftar (sj\u00e4lvg\u00e5ende mobila plattformar), kurser f\u00f6r saxliftar och annan materialhanteringsutrustning.<\/p>\n<p><a href=\"https:\/\/szkolenia-udt.pl\/wp-content\/uploads\/2021\/08\/0020-oso-podesty-ruchome-masztowe-1.jpg\"><img loading=\"lazy\" decoding=\"async\" class=\"alignnone wp-image-2414 size-large\" src=\"https:\/\/szkolenia-udt.pl\/wp-content\/uploads\/2021\/08\/0020-oso-podesty-ruchome-masztowe-1-1024x853.jpg\" alt=\"I den mobila mastplattformen flyttas arbetsplattformen l\u00e4ngs masten\" width=\"750\" height=\"625\" srcset=\"https:\/\/szkolenia-udt.pl\/wp-content\/uploads\/2021\/08\/0020-oso-podesty-ruchome-masztowe-1-1024x853.jpg 1024w, https:\/\/szkolenia-udt.pl\/wp-content\/uploads\/2021\/08\/0020-oso-podesty-ruchome-masztowe-1-300x250.jpg 300w, https:\/\/szkolenia-udt.pl\/wp-content\/uploads\/2021\/08\/0020-oso-podesty-ruchome-masztowe-1-768x640.jpg 768w, https:\/\/szkolenia-udt.pl\/wp-content\/uploads\/2021\/08\/0020-oso-podesty-ruchome-masztowe-1.jpg 1200w\" sizes=\"auto, (max-width: 750px) 100vw, 750px\" \/><\/a><\/p>","protected":false},"excerpt":{"rendered":"<p>Szkolenie stworzyli\u015bmy z my\u015bl\u0105 o osobach, kt\u00f3re chcia\u0142yby zdoby\u0107 specjalistyczn\u0105 wiedz\u0119 w zakresie eksploatacji, a nast\u0119pnie uzyska\u0107 potrzebne do pracy uprawnienia UDT na podesty ruchome stacjonarne. Kurs jest przygotowaniem do egzaminu pa\u0144stwowego, a jednocze\u015bnie w praktyczny spos\u00f3b uczy bezpiecznej, zgodnej z przepisami obs\u0142ugi urz\u0105dze\u0144. Tak przygotowani operatorzy s\u0105 specjalistami poszukiwanymi na rynku pracy i mog\u0105 [&hellip;]<\/p>\n","protected":false},"author":3,"featured_media":2497,"parent":2266,"menu_order":0,"comment_status":"closed","ping_status":"closed","template":"","meta":{"footnotes":""},"class_list":["post-2412","page","type-page","status-publish","has-post-thumbnail","hentry"],"aioseo_notices":[],"_links":{"self":[{"href":"https:\/\/szkolenia-udt.pl\/sv\/wp-json\/wp\/v2\/pages\/2412","targetHints":{"allow":["GET"]}}],"collection":[{"href":"https:\/\/szkolenia-udt.pl\/sv\/wp-json\/wp\/v2\/pages"}],"about":[{"href":"https:\/\/szkolenia-udt.pl\/sv\/wp-json\/wp\/v2\/types\/page"}],"author":[{"embeddable":true,"href":"https:\/\/szkolenia-udt.pl\/sv\/wp-json\/wp\/v2\/users\/3"}],"replies":[{"embeddable":true,"href":"https:\/\/szkolenia-udt.pl\/sv\/wp-json\/wp\/v2\/comments?post=2412"}],"version-history":[{"count":4,"href":"https:\/\/szkolenia-udt.pl\/sv\/wp-json\/wp\/v2\/pages\/2412\/revisions"}],"predecessor-version":[{"id":4521,"href":"https:\/\/szkolenia-udt.pl\/sv\/wp-json\/wp\/v2\/pages\/2412\/revisions\/4521"}],"up":[{"embeddable":true,"href":"https:\/\/szkolenia-udt.pl\/sv\/wp-json\/wp\/v2\/pages\/2266"}],"wp:featuredmedia":[{"embeddable":true,"href":"https:\/\/szkolenia-udt.pl\/sv\/wp-json\/wp\/v2\/media\/2497"}],"wp:attachment":[{"href":"https:\/\/szkolenia-udt.pl\/sv\/wp-json\/wp\/v2\/media?parent=2412"}],"curies":[{"name":"wp","href":"https:\/\/api.w.org\/{rel}","templated":true}]}}