{"id":2514,"date":"2021-09-21T19:24:19","date_gmt":"2021-09-21T19:24:19","guid":{"rendered":"https:\/\/szkolenia-udt.pl\/?page_id=2514"},"modified":"2021-10-16T00:48:58","modified_gmt":"2021-10-15T22:48:58","slug":"underhallsoperator-for-kranar","status":"publish","type":"page","link":"https:\/\/szkolenia-udt.pl\/sv\/operator-konserwator-suwnic\/","title":{"rendered":"Krankurs med UDT-examen i Warszawa"},"content":{"rendered":"<p><a href=\"https:\/\/szkolenia-udt.pl\/wp-content\/uploads\/2021\/09\/suwnice.jpg\"><img loading=\"lazy\" decoding=\"async\" class=\"obrazekpadding alignleft wp-image-2553 size-medium\" src=\"https:\/\/szkolenia-udt.pl\/wp-content\/uploads\/2021\/09\/suwnice-300x169.jpg\" alt=\"\" width=\"300\" height=\"169\" srcset=\"https:\/\/szkolenia-udt.pl\/wp-content\/uploads\/2021\/09\/suwnice-300x169.jpg 300w, https:\/\/szkolenia-udt.pl\/wp-content\/uploads\/2021\/09\/suwnice-1024x576.jpg 1024w, https:\/\/szkolenia-udt.pl\/wp-content\/uploads\/2021\/09\/suwnice-768x432.jpg 768w, https:\/\/szkolenia-udt.pl\/wp-content\/uploads\/2021\/09\/suwnice.jpg 1327w\" sizes=\"auto, (max-width: 300px) 100vw, 300px\" \/><\/a><strong>Utbildning f\u00f6r kranar<\/strong> \u00e4ger rum i v\u00e5r utbildningshall i Warszawa p\u00e5 v\u00e5r kran eller i kundens lokaler. Kursen som organiseras av v\u00e5rt center best\u00e5r av delar:<\/p>\n<ul>\n<li>Teoretisk<\/li>\n<li>Praktisk<\/li>\n<li>UDT-unders\u00f6kning<\/li>\n<\/ul>\n<p>Alla delar av kursen \u00e4ger rum i v\u00e5r utbildningshall i Warszawa eller p\u00e5 kundens f\u00f6retag - resor till kunden \u00e4r kostnadsfria. Kranen som UDT-examen kommer att genomf\u00f6ras p\u00e5 m\u00e5ste ha ett giltigt UDT-beslut. Utbildningen f\u00f6r kranf\u00f6rare och underh\u00e5llspersonal avslutas alltid med ett statligt prov. V\u00e5ra utbildare f\u00f6rbereder dig p\u00e5 ett tillf\u00f6rlitligt s\u00e4tt f\u00f6r att klara UDT-examen i b\u00e5de de teoretiska och praktiska delarna.<\/p>\n<h2>Vem beh\u00f6ver ett krank\u00f6rkort?<\/h2>\n<p class=\"big\">Kursen riktar sig till personer som vill utveckla sig personligen, tj\u00e4na b\u00e4ttre och ha ett intressant jobb. Om du vill bli specialist p\u00e5 drift av UDT-certifierade traverskranar bjuder vi in dig till v\u00e5r utbildning.<a href=\"https:\/\/szkolenia-udt.pl\/wp-content\/uploads\/2021\/09\/UDT-ERGON1-e1632345371420.jpg\"><img loading=\"lazy\" decoding=\"async\" class=\"aligncenter wp-image-2555 size-large\" src=\"https:\/\/szkolenia-udt.pl\/wp-content\/uploads\/2021\/09\/UDT-ERGON1-e1632345371420-1024x310.jpg\" alt=\"\" width=\"750\" height=\"227\" srcset=\"https:\/\/szkolenia-udt.pl\/wp-content\/uploads\/2021\/09\/UDT-ERGON1-e1632345371420-1024x310.jpg 1024w, https:\/\/szkolenia-udt.pl\/wp-content\/uploads\/2021\/09\/UDT-ERGON1-e1632345371420-300x91.jpg 300w, https:\/\/szkolenia-udt.pl\/wp-content\/uploads\/2021\/09\/UDT-ERGON1-e1632345371420-768x232.jpg 768w, https:\/\/szkolenia-udt.pl\/wp-content\/uploads\/2021\/09\/UDT-ERGON1-e1632345371420-1536x464.jpg 1536w, https:\/\/szkolenia-udt.pl\/wp-content\/uploads\/2021\/09\/UDT-ERGON1-e1632345371420.jpg 1588w\" sizes=\"auto, (max-width: 750px) 100vw, 750px\" \/><\/a><\/p>\n<h2>Pris f\u00f6r kranutbildning<\/h2>\n<div>Det aktuella priset f\u00f6r kranutbildning fastst\u00e4lls per telefon.<\/div>\n<div>Du \u00e4r v\u00e4lkommen att kontakta oss p\u00e5 numret:<\/div>\n<div style=\"text-align: center;\"><a style=\"font-size: 28px; font-weight: bold;\" href=\"tel: +485044477077\">+48 504 477 077<\/a><\/div>\n<p><a href=\"https:\/\/szkolenia-udt.pl\/wp-content\/uploads\/2021\/09\/suwnica_2.jpg\"><img loading=\"lazy\" decoding=\"async\" class=\"size-medium wp-image-2519 alignright obrazekpadding\" src=\"https:\/\/szkolenia-udt.pl\/wp-content\/uploads\/2021\/09\/suwnica_2-300x185.jpg\" alt=\"\" width=\"300\" height=\"185\" srcset=\"https:\/\/szkolenia-udt.pl\/wp-content\/uploads\/2021\/09\/suwnica_2-300x185.jpg 300w, https:\/\/szkolenia-udt.pl\/wp-content\/uploads\/2021\/09\/suwnica_2-1024x631.jpg 1024w, https:\/\/szkolenia-udt.pl\/wp-content\/uploads\/2021\/09\/suwnica_2-768x474.jpg 768w, https:\/\/szkolenia-udt.pl\/wp-content\/uploads\/2021\/09\/suwnica_2.jpg 1273w\" sizes=\"auto, (max-width: 300px) 100vw, 300px\" \/><\/a><\/p>\n<h2 class=\"boldnagl\">Varje krankurs behandlar f\u00f6ljande information som beh\u00f6vs f\u00f6r f\u00f6rarplatsen:<\/h2>\n<ul>\n<li>\u00d6vervakning av teknisk utrustning.<\/li>\n<li>konstruktion och drift av utrustning<\/li>\n<li>operat\u00f6rens arbetsuppgifter p\u00e5 arbetsplatsen<\/li>\n<li>regler f\u00f6r h\u00e4lsa och s\u00e4kerhet<\/li>\n<li>praktiska \u00f6vningar<\/li>\n<\/ul>\n<p>N\u00e4r det g\u00e4ller traverskranar \u00e4r v\u00e5r kurs inte bara rik p\u00e5 teori, utan ocks\u00e5 p\u00e5 praktiska \u00f6vningar med utrustningen. Under dessa kan deltagarna till\u00e4mpa de kunskaper de har f\u00f6rv\u00e4rvat och l\u00e4ra sig att anv\u00e4nda utrustningen p\u00e5 ett korrekt och s\u00e4kert s\u00e4tt p\u00e5 arbetsplatsen. Efter avslutad kurs g\u00f6r deltagarna ett prov, f\u00e5r ett intyg om avslutad kranutbildning och en licens f\u00f6r att anv\u00e4nda utrustningen utf\u00e4rdad av UDT.<\/p>\n<h2 class=\"boldnagl\">Krav<\/h2>\n<p>Krankursen \u00e4r avsedd f\u00f6r dem som uppfyller f\u00f6ljande krav:<\/p>\n<ul>\n<li>\u00e4r minst 18 \u00e5r gammal<\/li>\n<li>ha avslutat minst grundskolan<\/li>\n<li>inte har n\u00e5gra medicinska kontraindikationer f\u00f6r att arbeta som operat\u00f6r<\/li>\n<\/ul>\n<h2 class=\"boldnagl\">Var \u00e4r vi verksamma?<\/h2>\n<p>Kurser f\u00f6r kranar genomf\u00f6rs i Polen samt p\u00e5 alla platser som v\u00e5ra kunder anger - vi anl\u00e4nder till platsen \u00f6ver hela landet. V\u00e5rt huvudkontor ligger i Warszawa.<\/p>\n<p><a href=\"https:\/\/szkolenia-udt.pl\/wp-content\/uploads\/2021\/10\/Kopia-0031-oso-suwnice-ogolnego-i-specjalnego-przeznaczenia.jpg\"><img loading=\"lazy\" decoding=\"async\" class=\"alignnone wp-image-2569 size-large\" src=\"https:\/\/szkolenia-udt.pl\/wp-content\/uploads\/2021\/10\/Kopia-0031-oso-suwnice-ogolnego-i-specjalnego-przeznaczenia-1024x853.jpg\" alt=\"\" width=\"750\" height=\"625\" srcset=\"https:\/\/szkolenia-udt.pl\/wp-content\/uploads\/2021\/10\/Kopia-0031-oso-suwnice-ogolnego-i-specjalnego-przeznaczenia-1024x853.jpg 1024w, https:\/\/szkolenia-udt.pl\/wp-content\/uploads\/2021\/10\/Kopia-0031-oso-suwnice-ogolnego-i-specjalnego-przeznaczenia-300x250.jpg 300w, https:\/\/szkolenia-udt.pl\/wp-content\/uploads\/2021\/10\/Kopia-0031-oso-suwnice-ogolnego-i-specjalnego-przeznaczenia-768x640.jpg 768w, https:\/\/szkolenia-udt.pl\/wp-content\/uploads\/2021\/10\/Kopia-0031-oso-suwnice-ogolnego-i-specjalnego-przeznaczenia.jpg 1200w\" sizes=\"auto, (max-width: 750px) 100vw, 750px\" \/><\/a><\/p>","protected":false},"excerpt":{"rendered":"<p>Szkolenie na suwnice odbywa si\u0119 na naszej hali szkoleniowej w Warszawie na naszej suwnicy lub na terenie firmy klienta. Organizowany przez nasz o\u015brodek kurs sk\u0142ada si\u0119 z cz\u0119\u015bci: Teoretycznej Praktycznej Egzaminu UDT Wszystkie cz\u0119\u015bci kursu odbywaj\u0105 si\u0119 na naszej hali szkoleniowej w Warszawie lub w firmie klienta \u2013 dojazd do klienta gratis. Suwnica na kt\u00f3rej [&hellip;]<\/p>\n","protected":false},"author":3,"featured_media":2517,"parent":0,"menu_order":0,"comment_status":"closed","ping_status":"closed","template":"","meta":{"footnotes":""},"class_list":["post-2514","page","type-page","status-publish","has-post-thumbnail","hentry"],"aioseo_notices":[],"_links":{"self":[{"href":"https:\/\/szkolenia-udt.pl\/sv\/wp-json\/wp\/v2\/pages\/2514","targetHints":{"allow":["GET"]}}],"collection":[{"href":"https:\/\/szkolenia-udt.pl\/sv\/wp-json\/wp\/v2\/pages"}],"about":[{"href":"https:\/\/szkolenia-udt.pl\/sv\/wp-json\/wp\/v2\/types\/page"}],"author":[{"embeddable":true,"href":"https:\/\/szkolenia-udt.pl\/sv\/wp-json\/wp\/v2\/users\/3"}],"replies":[{"embeddable":true,"href":"https:\/\/szkolenia-udt.pl\/sv\/wp-json\/wp\/v2\/comments?post=2514"}],"version-history":[{"count":26,"href":"https:\/\/szkolenia-udt.pl\/sv\/wp-json\/wp\/v2\/pages\/2514\/revisions"}],"predecessor-version":[{"id":2572,"href":"https:\/\/szkolenia-udt.pl\/sv\/wp-json\/wp\/v2\/pages\/2514\/revisions\/2572"}],"wp:featuredmedia":[{"embeddable":true,"href":"https:\/\/szkolenia-udt.pl\/sv\/wp-json\/wp\/v2\/media\/2517"}],"wp:attachment":[{"href":"https:\/\/szkolenia-udt.pl\/sv\/wp-json\/wp\/v2\/media?parent=2514"}],"curies":[{"name":"wp","href":"https:\/\/api.w.org\/{rel}","templated":true}]}}