{"id":2707,"date":"2022-04-22T15:04:25","date_gmt":"2022-04-22T13:04:25","guid":{"rendered":"https:\/\/szkolenia-udt.pl\/?page_id=2707"},"modified":"2023-03-26T10:08:53","modified_gmt":"2023-03-26T08:08:53","slug":"mobila-plattformar","status":"publish","type":"page","link":"https:\/\/szkolenia-udt.pl\/sv\/kursy\/uprawnienia-udt-tdt-wdt\/podesty-ruchome\/","title":{"rendered":"Utbildning f\u00f6r godk\u00e4nnande av mobila plattformar"},"content":{"rendered":"<h2 class=\"wp-block-heading\"><strong>Kurs f\u00f6r operat\u00f6rer av mobila plattformar p\u00e5 CSO<\/strong>&nbsp;<\/h2>\n\n\n<div class=\"wp-block-image\">\n<figure class=\"alignright size-large is-resized\"><a href=\"https:\/\/szkolenia-udt.pl\/wp-content\/uploads\/2022\/04\/odk-ergon_podesty_ruchome13AHI_Aerial_1600x900.jpg\"><img loading=\"lazy\" decoding=\"async\" src=\"https:\/\/szkolenia-udt.pl\/wp-content\/uploads\/2022\/04\/odk-ergon_podesty_ruchome13AHI_Aerial_1600x900-1024x576.jpg\" alt=\"Mobila plattformar\" class=\"wp-image-2713\" width=\"512\" height=\"288\" srcset=\"https:\/\/szkolenia-udt.pl\/wp-content\/uploads\/2022\/04\/odk-ergon_podesty_ruchome13AHI_Aerial_1600x900-1024x576.jpg 1024w, https:\/\/szkolenia-udt.pl\/wp-content\/uploads\/2022\/04\/odk-ergon_podesty_ruchome13AHI_Aerial_1600x900-300x169.jpg 300w, https:\/\/szkolenia-udt.pl\/wp-content\/uploads\/2022\/04\/odk-ergon_podesty_ruchome13AHI_Aerial_1600x900-768x432.jpg 768w, https:\/\/szkolenia-udt.pl\/wp-content\/uploads\/2022\/04\/odk-ergon_podesty_ruchome13AHI_Aerial_1600x900-1536x864.jpg 1536w, https:\/\/szkolenia-udt.pl\/wp-content\/uploads\/2022\/04\/odk-ergon_podesty_ruchome13AHI_Aerial_1600x900.jpg 1600w\" sizes=\"auto, (max-width: 512px) 100vw, 512px\" \/><\/a><\/figure>\n<\/div>\n\n\n<p><a href=\"https:\/\/szkolenia-udt.pl\/sv\/o-firmie\/\">Utbildningscenter f\u00f6r operat\u00f6rer<\/a> \u00e4r att anm\u00e4la dig till kursen Operat\u00f6r av mobila plattformar. Oavsett om du arbetar inom bygg-, monterings- eller elbranschen och vill bredda dina kvalifikationer, eller om du tillh\u00f6r ett helt annat yrke men vill omskola dig, \u00e4r du v\u00e4lkommen att delta i v\u00e5ra kurser. Utbildningen \u00e4r ocks\u00e5 ett utm\u00e4rkt val om du beh\u00f6ver f\u00e5 UDT-kvalifikationer och auktorisationer f\u00f6r ditt team av yrkesverksamma.&nbsp;&nbsp;<\/p>\n\n\n\n<h2 class=\"wp-block-heading\"><strong>Vem \u00e4r den h\u00e4r utbildningen till f\u00f6r och hur anm\u00e4ler jag mig?<\/strong>&nbsp;<\/h2>\n\n\n\n<p>Utbildning i drift av mobila plattformar \u00e4r verkligen f\u00f6r alla. Oavsett om du redan \u00e4r bekant med detta omr\u00e5de eller om det \u00e4r nytt f\u00f6r dig - vi kan f\u00f6rbereda dig ordentligt f\u00f6r UDT-examen. Utbildningen \u00e4r avsedd f\u00f6r enskilda personer, men \u00e4ven f\u00f6r organiserade grupper. Om du \u00e4r f\u00f6retags\u00e4gare och vill utbilda ditt team kan du d\u00e4rf\u00f6r anm\u00e4la alla dina anst\u00e4llda samtidigt.\u00a0<\/p>\n\n\n\n<div class=\"filmw\">\n<div class=\"responsive-youtube\"><iframe loading=\"lazy\" title=\"YouTube-videospelare\" src=\"https:\/\/www.youtube.com\/embed\/OUKdY5V51M4\" width=\"560\" height=\"315\" frameborder=\"0\" allowfullscreen=\"allowfullscreen\"><\/iframe><\/div>\n<\/div>\n\n\n\n<h2 class=\"wp-block-heading\"><strong>Vem kan delta i kursen?<\/strong>&nbsp;<\/h2>\n\n\n\n<p>De enda krav vi st\u00e4ller p\u00e5 praktikanterna \u00e4r:&nbsp;<\/p>\n\n\n\n<ul class=\"wp-block-list\">\n<li>uppn\u00e5r arton \u00e5rs \u00e5lder,&nbsp;<\/li>\n\n\n\n<li>Minsta grundskoleutbildning,&nbsp;<\/li>\n\n\n\n<li>inga h\u00e4lsorelaterade kontraindikationer f\u00f6r att utf\u00f6ra yrket som operat\u00f6r av mobila plattformar.&nbsp;<\/li>\n<\/ul>\n\n\n\n<p>S\u00e5 vi inbjuder dig att registrera dig. Enskilda kunder kan anm\u00e4la sig via e-post eller telefon.  Vi svarar ocks\u00e5 g\u00e4rna p\u00e5 dina fr\u00e5gor!&nbsp;&nbsp;&nbsp;<\/p>\n\n\n\n<h2 class=\"wp-block-heading\"><strong>Utbildningsprogram f\u00f6r operat\u00f6rer av arbetsplattformar (OSO)<\/strong>&nbsp;<\/h2>\n\n\n\n<p><a href=\"https:\/\/szkolenia-udt.pl\/sv\/kursy\/uprawnienia-udt-tdt-wdt\/podesty-ruchome-wiszace\/\">Utbildning f\u00f6r mobila plattformar<\/a> best\u00e5r av en praktisk och en teoretisk del. Programmet \u00e4r upplagt p\u00e5 ett s\u00e5dant s\u00e4tt att det f\u00f6rbereder eleven inte bara f\u00f6r UDT-examen utan fr\u00e4mst f\u00f6r det dagliga arbetet i framtiden.&nbsp;&nbsp;<\/p>\n\n\n\n<h4 class=\"wp-block-heading\"><strong>Utbildningen tar upp fr\u00e5gor som t.ex:<\/strong>&nbsp;<\/h4>\n\n\n\n<ul class=\"wp-block-list\">\n<li>konstruktion och typer av mobila plattformar;&nbsp;<\/li>\n\n\n\n<li>information om den tekniska \u00f6vervakningen av utrustningen;&nbsp;<\/li>\n\n\n\n<li>operat\u00f6rens arbete och hans\/hennes ansvar b\u00e5de f\u00f6re, under och efter arbetet;&nbsp;<\/li>\n\n\n\n<li>praktiska \u00f6vningar;&nbsp;<\/li>\n\n\n\n<li>regler f\u00f6r h\u00e4lsa och s\u00e4kerhet;&nbsp;<\/li>\n<\/ul>\n\n\n\n<h4 class=\"wp-block-heading\"><strong>Kategorier av mobila plattformar som diskuteras i utbildningen:<\/strong>&nbsp;<\/h4>\n\n\n\n<ul class=\"wp-block-list\">\n<li>station\u00e4ra mobila plattformar,&nbsp;<\/li>\n\n\n\n<li>mobila plattformar,&nbsp;<\/li>\n\n\n\n<li>mobila plattformar med mast,&nbsp;<\/li>\n\n\n\n<li>mobila plattformar,\u00a0<\/li>\n\n\n\n<li>plattformar p\u00e5 j\u00e4rnv\u00e4gsfordon.&nbsp;<\/li>\n<\/ul>\n\n\n\n<h2 class=\"wp-block-heading\"><strong>S\u00e4rskilda egenskaper hos mobila plattformar<\/strong>\u00a0<\/h2>\n\n\n<div class=\"wp-block-image\">\n<figure class=\"alignleft size-large is-resized\"><a href=\"https:\/\/szkolenia-udt.pl\/wp-content\/uploads\/2022\/04\/38300-e1650632216742.webp\"><img loading=\"lazy\" decoding=\"async\" src=\"https:\/\/szkolenia-udt.pl\/wp-content\/uploads\/2022\/04\/38300-e1650632216742-1024x555.webp\" alt=\"Mobila plattformar\" class=\"wp-image-2711\" width=\"512\" height=\"278\" srcset=\"https:\/\/szkolenia-udt.pl\/wp-content\/uploads\/2022\/04\/38300-e1650632216742-1024x555.webp 1024w, https:\/\/szkolenia-udt.pl\/wp-content\/uploads\/2022\/04\/38300-e1650632216742-300x163.webp 300w, https:\/\/szkolenia-udt.pl\/wp-content\/uploads\/2022\/04\/38300-e1650632216742-768x416.webp 768w, https:\/\/szkolenia-udt.pl\/wp-content\/uploads\/2022\/04\/38300-e1650632216742-1536x833.webp 1536w, https:\/\/szkolenia-udt.pl\/wp-content\/uploads\/2022\/04\/38300-e1650632216742-2048x1110.webp 2048w\" sizes=\"auto, (max-width: 512px) 100vw, 512px\" \/><\/a><\/figure>\n<\/div>\n\n\n<p>Mobila plattformar \u00e4r en lyftanordning som anv\u00e4nds f\u00f6r att flytta personer eller laster till specifika h\u00f6jder. Deras konstruktion best\u00e5r av en arbetsplattform, en bom och ett chassi. Det varierar beroende p\u00e5 vilken typ av mobil plattform det r\u00f6r sig om. Arbetsplattformen liknar en stor korg, s\u00e5 den kallas ocks\u00e5 ofta f\u00f6r det. Det \u00e4r d\u00e4r arbetare eller f\u00f6rem\u00e5l flyttas till arbetsstationer. Alla mobila plattformar \u00e4r f\u00f6rem\u00e5l f\u00f6r teknisk \u00f6vervakning, och d\u00e4rf\u00f6r m\u00e5ste den person som anv\u00e4nder enheten ha ett UDT-certifikat, som du naturligtvis kan f\u00e5 hos oss genom att ta UDT-kursen och tentamen.\u00a0<\/p>\n\n\n\n<h2 class=\"wp-block-heading\"><strong>Vad best\u00e5r priset av f\u00f6r kursen?<\/strong>&nbsp;<\/h2>\n\n\n\n<p>Ut\u00f6ver ett visst antal timmar med teoretisk (f\u00f6rel\u00e4sning) och praktisk undervisning tillhandah\u00e5ller CSO utbildningsmaterial som t.ex. prov f\u00f6r examen och instruktionsvideor. Dessa l\u00e4ggs ut p\u00e5 en onlineplattform. P\u00e5 s\u00e5 s\u00e4tt kan eleverna n\u00e4r som helst bef\u00e4sta sina kunskaper. Centret tillhandah\u00e5ller ocks\u00e5 n\u00f6dv\u00e4ndig utrustning f\u00f6r inl\u00e4rning och hj\u00e4lper till med registrering och organisation av UDT-examen.\u00a0<\/p>\n\n\n\n<h2 class=\"wp-block-heading\"><strong>Plats f\u00f6r utbildning<\/strong>&nbsp;<\/h2>\n\n\n\n<p>Operator Training Centre har sin huvudfilial i Warszawa, men vi anordnar utbildningar i hela Polen. Vi erbjuder ocks\u00e5 m\u00f6jligheten att resa till kundens plats i hela landet n\u00e4r det g\u00e4ller slutna utbildningar. Detaljerna avtalas i samband med anm\u00e4lan. Vi erbjuder \u00e4ven utbildning utomlands.&nbsp;<\/p>\n\n\n\n<h2 class=\"wp-block-heading\"><strong>Hur blir det efter kursen?<\/strong>&nbsp;<\/h2>\n\n\n<div class=\"wp-block-image\">\n<figure class=\"alignright size-large is-resized\"><a href=\"https:\/\/szkolenia-udt.pl\/wp-content\/uploads\/2022\/04\/img-3.jpg\"><img loading=\"lazy\" decoding=\"async\" src=\"https:\/\/szkolenia-udt.pl\/wp-content\/uploads\/2022\/04\/img-3-1024x768.jpg\" alt=\"gaffeltruck f\u00f6r lager\" class=\"wp-image-2715\" width=\"512\" height=\"384\" srcset=\"https:\/\/szkolenia-udt.pl\/wp-content\/uploads\/2022\/04\/img-3-1024x768.jpg 1024w, https:\/\/szkolenia-udt.pl\/wp-content\/uploads\/2022\/04\/img-3-300x225.jpg 300w, https:\/\/szkolenia-udt.pl\/wp-content\/uploads\/2022\/04\/img-3-768x576.jpg 768w, https:\/\/szkolenia-udt.pl\/wp-content\/uploads\/2022\/04\/img-3-1536x1152.jpg 1536w, https:\/\/szkolenia-udt.pl\/wp-content\/uploads\/2022\/04\/img-3-135x100.jpg 135w, https:\/\/szkolenia-udt.pl\/wp-content\/uploads\/2022\/04\/img-3.jpg 2048w\" sizes=\"auto, (max-width: 512px) 100vw, 512px\" \/><\/a><\/figure>\n<\/div>\n\n\n<p>N\u00e4r utbildningen \u00e4r avslutad skickas eleven till ett internt prov, som bed\u00f6ms av instrukt\u00f6rerna, f\u00f6ljt av ett riktigt prov, som redan h\u00e5lls inf\u00f6r en n\u00e4mnd som utses av Office of Technical Inspection. Tekniska Inspektionen m\u00e5ste fastst\u00e4lla ett datum f\u00f6r examinationen inom 30 arbetsdagar fr\u00e5n ans\u00f6kan. Om datum fastst\u00e4lls l\u00e4mnas information om detta cirka 14 dagar innan.\u00a0\u00a0<\/p>\n\n\n\n<h2 class=\"wp-block-heading\"><strong>Pr\u00f6vning av r\u00e4tt till ers\u00e4ttning&nbsp;<\/strong>&nbsp;<\/h2>\n\n\n\n<p>Provet best\u00e5r av en teoretisk del och en praktisk del. Omfattningen av det material som ska t\u00e4ckas i kunskapstestet g\u00f6rs tillg\u00e4ngligt av CSO i undervisningshj\u00e4lpmedlen p\u00e5 onlineplattformen. Efter att ha klarat den teoretiska delen f\u00e5r deltagaren tilltr\u00e4de till den praktiska delen. Under den praktiska delen kontrollerar examinatorn deltagarens drifts- och underh\u00e5llsf\u00e4rdigheter. Om du blir godk\u00e4nd p\u00e5 den teoretiska delen och underk\u00e4nd p\u00e5 den praktiska delen m\u00e5ste du g\u00f6ra om b\u00e5da delarna av provet. Tillst\u00e5nd f\u00f6r mobila plattformar \u00e4r giltiga nationellt och internationellt. Dokument kan \u00e4ven utf\u00e4rdas p\u00e5 andra spr\u00e5k. Beroende p\u00e5 den specifika utrustningen \u00e4r licensen giltig i mellan 5 och 10 \u00e5r.\u00a0<\/p>\n\n\n\n<h2 class=\"wp-block-heading\"><strong>N\u00e5gra ord om CSO:er<\/strong>&nbsp;<\/h2>\n\n\n\n<p>OSO Centre har under m\u00e5nga \u00e5r specialiserat sig p\u00e5 teknisk utbildning. Under denna tid har vi utbildat tusentals yrkesverksamma som har f\u00e5tt de kvalifikationer som kr\u00e4vs f\u00f6r deras arbete. F\u00f6rutom <a href=\"https:\/\/szkolenia-udt.pl\/sv\/kursy\/podesty-ruchome\/\">utbildning i drift av mobila plattformar<\/a>och vi har ett brett utbud av andra kurser. V\u00e5r personal best\u00e5r av instrukt\u00f6rer med m\u00e5nga \u00e5rs erfarenhet och stor \u00e4mneskunskap. Om du har n\u00e5gra fr\u00e5gor kan du alltid kontakta oss, <a href=\"https:\/\/szkolenia-udt.pl\/sv\/kontakt\/\">vi st\u00e5r till ert f\u00f6rfogande<\/a>.\u00a0<\/p>\n\n\n<div class=\"wp-block-image\">\n<figure class=\"aligncenter\"><a href=\"https:\/\/szkolenia-udt.pl\/wp-content\/uploads\/2022\/04\/0013-oso-podesty-ruchome-obsluga.jpg\"><img loading=\"lazy\" decoding=\"async\" width=\"1024\" height=\"853\" src=\"https:\/\/szkolenia-udt.pl\/wp-content\/uploads\/2022\/04\/0013-oso-podesty-ruchome-obsluga-1024x853.jpg\" alt=\"grafisk reklam f\u00f6r utbildningen\" class=\"wp-image-2851\" srcset=\"https:\/\/szkolenia-udt.pl\/wp-content\/uploads\/2022\/04\/0013-oso-podesty-ruchome-obsluga-1024x853.jpg 1024w, https:\/\/szkolenia-udt.pl\/wp-content\/uploads\/2022\/04\/0013-oso-podesty-ruchome-obsluga-300x250.jpg 300w, https:\/\/szkolenia-udt.pl\/wp-content\/uploads\/2022\/04\/0013-oso-podesty-ruchome-obsluga-768x640.jpg 768w, https:\/\/szkolenia-udt.pl\/wp-content\/uploads\/2022\/04\/0013-oso-podesty-ruchome-obsluga.jpg 1200w\" sizes=\"auto, (max-width: 1024px) 100vw, 1024px\" \/><\/a><\/figure>\n<\/div>","protected":false},"excerpt":{"rendered":"<p>Kurs obs\u0142ugi podest\u00f3w ruchomych w OSO&nbsp; O\u015brodek Szkolenia Operator\u00f3w prowadzi zapisy na kurs operatora podest\u00f3w ruchomych. Zar\u00f3wno, je\u017celi pracujesz w bran\u017cy budowlanej, monta\u017cowej lub elektrycznej i chcesz poszerzy\u0107 swoje kwalifikacje, jak r\u00f3wnie\u017c w wypadku, gdy nale\u017cysz do grupy zupe\u0142nie innych zawod\u00f3w, ale chcesz si\u0119 przebran\u017cowi\u0107, zapraszamy na nasze zaj\u0119cia. Szkolenie b\u0119dzie tak\u017ce doskona\u0142ym wyborem, je\u015bli [&hellip;]<\/p>\n","protected":false},"author":10,"featured_media":2712,"parent":2266,"menu_order":0,"comment_status":"closed","ping_status":"closed","template":"","meta":{"footnotes":""},"class_list":["post-2707","page","type-page","status-publish","has-post-thumbnail","hentry"],"aioseo_notices":[],"_links":{"self":[{"href":"https:\/\/szkolenia-udt.pl\/sv\/wp-json\/wp\/v2\/pages\/2707","targetHints":{"allow":["GET"]}}],"collection":[{"href":"https:\/\/szkolenia-udt.pl\/sv\/wp-json\/wp\/v2\/pages"}],"about":[{"href":"https:\/\/szkolenia-udt.pl\/sv\/wp-json\/wp\/v2\/types\/page"}],"author":[{"embeddable":true,"href":"https:\/\/szkolenia-udt.pl\/sv\/wp-json\/wp\/v2\/users\/10"}],"replies":[{"embeddable":true,"href":"https:\/\/szkolenia-udt.pl\/sv\/wp-json\/wp\/v2\/comments?post=2707"}],"version-history":[{"count":23,"href":"https:\/\/szkolenia-udt.pl\/sv\/wp-json\/wp\/v2\/pages\/2707\/revisions"}],"predecessor-version":[{"id":4731,"href":"https:\/\/szkolenia-udt.pl\/sv\/wp-json\/wp\/v2\/pages\/2707\/revisions\/4731"}],"up":[{"embeddable":true,"href":"https:\/\/szkolenia-udt.pl\/sv\/wp-json\/wp\/v2\/pages\/2266"}],"wp:featuredmedia":[{"embeddable":true,"href":"https:\/\/szkolenia-udt.pl\/sv\/wp-json\/wp\/v2\/media\/2712"}],"wp:attachment":[{"href":"https:\/\/szkolenia-udt.pl\/sv\/wp-json\/wp\/v2\/media?parent=2707"}],"curies":[{"name":"wp","href":"https:\/\/api.w.org\/{rel}","templated":true}]}}