{"id":2793,"date":"2022-05-09T15:43:45","date_gmt":"2022-05-09T13:43:45","guid":{"rendered":"https:\/\/szkolenia-udt.pl\/?page_id=2793"},"modified":"2023-03-26T10:49:40","modified_gmt":"2023-03-26T08:49:40","slug":"hangande-arbetsplattformar","status":"publish","type":"page","link":"https:\/\/szkolenia-udt.pl\/sv\/kursy\/uprawnienia-udt-tdt-wdt\/podesty-ruchome-wiszace\/","title":{"rendered":"Utbildning f\u00f6r mobila plattformar"},"content":{"rendered":"<h2 class=\"wp-block-heading\"><strong>Om kursen<\/strong><\/h2>\n\n\n<div class=\"wp-block-image\">\n<figure class=\"alignright size-large is-resized\"><a href=\"https:\/\/szkolenia-udt.pl\/wp-content\/uploads\/2023\/03\/123.jpeg\"><img loading=\"lazy\" decoding=\"async\" src=\"https:\/\/szkolenia-udt.pl\/wp-content\/uploads\/2023\/03\/123-1024x683.jpeg\" alt=\"H\u00e4ngande mobil plattform\" class=\"wp-image-4176\" width=\"512\" height=\"342\" srcset=\"https:\/\/szkolenia-udt.pl\/wp-content\/uploads\/2023\/03\/123-1024x683.jpeg 1024w, https:\/\/szkolenia-udt.pl\/wp-content\/uploads\/2023\/03\/123-300x200.jpeg 300w, https:\/\/szkolenia-udt.pl\/wp-content\/uploads\/2023\/03\/123-768x512.jpeg 768w, https:\/\/szkolenia-udt.pl\/wp-content\/uploads\/2023\/03\/123-1536x1024.jpeg 1536w, https:\/\/szkolenia-udt.pl\/wp-content\/uploads\/2023\/03\/123-18x12.jpeg 18w, https:\/\/szkolenia-udt.pl\/wp-content\/uploads\/2023\/03\/123.jpeg 1600w\" sizes=\"auto, (max-width: 512px) 100vw, 512px\" \/><\/a><\/figure>\n<\/div>\n\n\n<p>Om du funderar p\u00e5 att utf\u00f6ra arbete p\u00e5 h\u00f6g h\u00f6jd eller l\u00e5ta dina anst\u00e4llda utf\u00f6ra s\u00e5dant arbete, \u00e4r det f\u00f6rsta du b\u00f6r t\u00e4nka p\u00e5 r\u00e4tt utrustning. Byggnadsst\u00e4llningar anv\u00e4nds ofta f\u00f6r arbete p\u00e5 h\u00f6g h\u00f6jd. Men f\u00f6r m\u00e5nga arbeten, t.ex. upps\u00e4ttning av skyltar eller underh\u00e5ll av h\u00f6gsp\u00e4nningsledningar, \u00e4r vanliga byggnadsst\u00e4llningar inte l\u00e4mpliga. I vissa situationer l\u00f6nar det sig att st\u00f6dja arbetet med hj\u00e4lp av mobila plattformar. Dessa maskiner f\u00e5r endast man\u00f6vreras och underh\u00e5llas av en person som har de relevanta kvalifikationscertifikaten.&nbsp;&nbsp;<\/p>\n\n\n\n<h2 class=\"wp-block-heading\"><strong>Hur f\u00e5r jag tillst\u00e5nd att anv\u00e4nda eller underh\u00e5lla mobila plattformar?<\/strong>&nbsp;<\/h2>\n\n\n\n<p>Alla kan inte anv\u00e4nda mobila plattformar. Den goda nyheten \u00e4r att n\u00e4stan alla kan skaffa sig de kvalifikationer som kr\u00e4vs. <a href=\"https:\/\/szkolenia-udt.pl\/sv\/kursy\/podesty-ruchome\/obsluga-podestow-ruchomych\/\">Drift av mobila plattformar<\/a> kr\u00e4ver innehav av relevanta dokument som ger tillst\u00e5nd att anv\u00e4nda maskinen. N\u00e4r det g\u00e4ller mobila plattformar finns det fortfarande olika typer av tillst\u00e5nd, beroende p\u00e5 deras typ. N\u00e4r det g\u00e4ller de olika typerna av plattformar, t.ex. fasta, h\u00e4ngande, fritt r\u00f6rliga eller mastade, kan den person som anv\u00e4nder den specifika utrustningen beh\u00f6va ett tillst\u00e5nd av en viss typ. Tillst\u00e5nd att anv\u00e4nda mobila plattformar kan erh\u00e5llas p\u00e5 ett professionellt utbildningscenter, som erbjuder sina kunder en s\u00e4rskild kurs och m\u00f6jlighet att ta UDT-examen. V\u00e5rt OSO-varum\u00e4rke anordnar utbildningskurser f\u00f6r att f\u00f6rbereda sig inf\u00f6r provet f\u00f6r att bli operat\u00f6r och underh\u00e5llare av mobila plattformar.\u00a0<\/p>\n\n\n\n<h2 class=\"wp-block-heading\"><strong>Hur utbildar vi oss i civilsamh\u00e4llesorganisationer?<\/strong>\u00a0<\/h2>\n\n\n\n<p>P\u00e5 OSO \u00e4r v\u00e5ra utbildare alltid redo att ge kunderna utbildning p\u00e5 h\u00f6gsta niv\u00e5. V\u00e5rt varum\u00e4rke har funnits p\u00e5 marknaden i m\u00e5nga \u00e5r. Hundratals n\u00f6jda m\u00e4nniskor har redan utbildats p\u00e5 v\u00e5ra anl\u00e4ggningar. Vi erbjuder ett brett utbud av olika kurser inom teknisk utbildning, inklusive kurser f\u00f6r mobila plattformar. Under m\u00e5nga \u00e5r har vi gett v\u00e5ra kunder en tillfredsst\u00e4llande service p\u00e5 h\u00f6gsta niv\u00e5.\u00a0<\/p>\n\n\n\n<figure class=\"wp-block-video\"><video controls poster=\"https:\/\/szkolenia-udt.pl\/wp-content\/uploads\/2023\/03\/okladka-podnosnik-OSO.jpg\" src=\"https:\/\/szkolenia-udt.pl\/wp-content\/uploads\/2023\/03\/podnosnik-SZKOLENIA-UDT.PL-OSO.mp4\"><\/video><\/figure>\n\n\n\n<h2 class=\"wp-block-heading\"><strong>Formella krav<\/strong><\/h2>\n\n\n\n<p>F\u00f6r att kunna delta i den kurs i mobila plattformar som OSO erbjuder m\u00e5ste n\u00e5gra enkla villkor uppfyllas:&nbsp;<\/p>\n\n\n\n<ul class=\"wp-block-list\">\n<li>vara minst 18 \u00e5r gammal;&nbsp;<\/li>\n\n\n\n<li>ha minst grundskoleutbildning;&nbsp;<\/li>\n\n\n\n<li>inneha ett l\u00e4karintyg som visar att det inte finns n\u00e5gra medicinska kontraindikationer mot att arbeta med den mobila plattformen.&nbsp;<\/li>\n<\/ul>\n\n\n\n<p>Alla som uppfyller ovanst\u00e5ende krav kan delta i v\u00e5ra kurser.\u00a0\u00a0<\/p>\n\n\n\n<h2 class=\"wp-block-heading\"><strong>Anm\u00e4lan till utbildning<\/strong>&nbsp;<\/h2>\n\n\n<div class=\"wp-block-image\">\n<figure class=\"alignleft size-large is-resized\"><a href=\"https:\/\/szkolenia-udt.pl\/wp-content\/uploads\/2022\/05\/operatorzy.edu_.pl-0013-587-gs4047.jpg\"><img loading=\"lazy\" decoding=\"async\" src=\"https:\/\/szkolenia-udt.pl\/wp-content\/uploads\/2022\/05\/operatorzy.edu_.pl-0013-587-gs4047-1024x682.jpg\" alt=\"anst\u00e4lld som anv\u00e4nder en saxlift\" class=\"wp-image-2797\" width=\"512\" height=\"341\" srcset=\"https:\/\/szkolenia-udt.pl\/wp-content\/uploads\/2022\/05\/operatorzy.edu_.pl-0013-587-gs4047-1024x682.jpg 1024w, https:\/\/szkolenia-udt.pl\/wp-content\/uploads\/2022\/05\/operatorzy.edu_.pl-0013-587-gs4047-300x200.jpg 300w, https:\/\/szkolenia-udt.pl\/wp-content\/uploads\/2022\/05\/operatorzy.edu_.pl-0013-587-gs4047-768x512.jpg 768w, https:\/\/szkolenia-udt.pl\/wp-content\/uploads\/2022\/05\/operatorzy.edu_.pl-0013-587-gs4047-1536x1024.jpg 1536w, https:\/\/szkolenia-udt.pl\/wp-content\/uploads\/2022\/05\/operatorzy.edu_.pl-0013-587-gs4047.jpg 2000w\" sizes=\"auto, (max-width: 512px) 100vw, 512px\" \/><\/a><\/figure>\n<\/div>\n\n\n<p>F\u00f6r att prenumerera p\u00e5 dig sj\u00e4lv eller din grupp <a href=\"https:\/\/szkolenia-udt.pl\/sv\/kursy\/\">v\u00e5ra utbildningar<\/a>Det b\u00e4sta du kan g\u00f6ra \u00e4r att kontakta v\u00e5ra konsulter. De \u00e4r redo att tillhandah\u00e5lla all n\u00f6dv\u00e4ndig information och f\u00f6rbereda ett attraktivt erbjudande f\u00f6r varje kund.  Vi uppmuntrar dig att kontrollera <a href=\"https:\/\/szkolenia-udt.pl\/sv\/oferta\/\">v\u00e5rt erbjudande<\/a> p\u00e5 webbplatsen. Vi g\u00f6r allt vi kan f\u00f6r att s\u00e4kerst\u00e4lla att v\u00e5ra utbildningsprojekt k\u00e4nnetecknas av h\u00f6g utbildningskvalitet.\u00a0 \u00a0<\/p>\n\n\n\n<h2 class=\"wp-block-heading\"><strong>Hur g\u00e5r det med kursen?<\/strong>&nbsp;<\/h2>\n\n\n\n<p>Varum\u00e4rket OSO erbjuder utbildning f\u00f6r mobila plattformar i b\u00e5da kategorierna. <a href=\"https:\/\/szkolenia-udt.pl\/sv\/kursy\/podesty-ruchome\/\">Kurser f\u00f6r mobila plattformar<\/a> best\u00e5r av tv\u00e5 delar: teori och praktik. Teoridelen \u00e4r utformad f\u00f6r att ge praktikanten grundl\u00e4ggande information om utrustning s\u00e5som mobila plattformar, det vill s\u00e4ga praktikanten kommer att l\u00e4ra sig:\u00a0<\/p>\n\n\n\n<ul class=\"wp-block-list\">\n<li>typ och konstruktion av den mobila plattformen,&nbsp;<\/li>\n\n\n\n<li>Operat\u00f6rs- och underh\u00e5llsuppgifter p\u00e5 arbetsstationen (f\u00f6re, under och efter arbetet),&nbsp;<\/li>\n\n\n\n<li>Kunskap om den tekniska \u00f6vervakningen av utrustningen,&nbsp;<\/li>\n\n\n\n<li>H\u00e4lso- och s\u00e4kerhetsregler f\u00f6r arbete med en mobil plattform.&nbsp;<\/li>\n<\/ul>\n\n\n\n<p>F\u00f6rutom den teoretiska delen inneh\u00e5ller kursen f\u00f6r mobila plattformar \u00e4ven praktisk utbildning. Teoriundervisningen kan \u00e4ga rum p\u00e5 n\u00e5got av v\u00e5ra center, p\u00e5 en l\u00e4mplig plats som kunden anvisar, eller online p\u00e5 v\u00e5r e-learningplattform. Praktisk utbildning f\u00f6r mobila plattformar \u00e4ger rum p\u00e5 v\u00e5ra center, som \u00e4r fullt utrustade med n\u00f6dv\u00e4ndig utbildningsutrustning. V\u00e5rt huvudkontor ligger i Warszawa, men vi erbjuder utbildning i hela landet. F\u00f6r st\u00f6rre organiserade grupper kan v\u00e5ra utbildare resa till den plats som \u00f6verenskommits med kunden.<strong>\u00a0<\/strong>\u00a0\u00a0<\/p>\n\n\n\n<div class=\"filmw\">\n<div class=\"responsive-youtube\"><iframe loading=\"lazy\" title=\"YouTube-videospelare\" src=\"https:\/\/www.youtube.com\/embed\/OUKdY5V51M4\" width=\"560\" height=\"315\" frameborder=\"0\" allowfullscreen=\"allowfullscreen\"><\/iframe><\/div>\n<\/div>\n\n\n\n<h2 class=\"wp-block-heading\"><strong>UDT-kvalifikationer<\/strong>&nbsp;<\/h2>\n\n\n\n<p>Utbildningen f\u00f6r mobila plattformar avslutas med ett prov inf\u00f6r UDT-kommissionen. Om du klarar provet kan du f\u00e5 en licens f\u00f6r att driva eller underh\u00e5lla mobila plattformar. De som framg\u00e5ngsrikt slutf\u00f6r kursen med godk\u00e4nt resultat i tentamen f\u00e5r ett kompetensbevis. Om du arbetar utomlands kan du beh\u00f6va ett intyg i form av ett formul\u00e4r med ett foto. Varum\u00e4rket OSO erbjuder v\u00e5ra kunder att utf\u00e4rda ett s\u00e5dant intyg.\u00a0\u00a0<\/p>\n\n\n\n<h2 class=\"wp-block-heading\"><strong>S\u00e4rskilda egenskaper hos mobila plattformar<\/strong>&nbsp;<\/h2>\n\n\n<div class=\"wp-block-image\">\n<figure class=\"aligncenter size-large is-resized\"><a href=\"https:\/\/szkolenia-udt.pl\/wp-content\/uploads\/2022\/05\/4.Promax_Landingpage.jpg\"><img loading=\"lazy\" decoding=\"async\" src=\"https:\/\/szkolenia-udt.pl\/wp-content\/uploads\/2022\/05\/4.Promax_Landingpage-1024x365.jpg\" alt=\"arbetsplattformar med operat\u00f6rer\" class=\"wp-image-2794\" width=\"1024\" height=\"365\" srcset=\"https:\/\/szkolenia-udt.pl\/wp-content\/uploads\/2022\/05\/4.Promax_Landingpage-1024x365.jpg 1024w, https:\/\/szkolenia-udt.pl\/wp-content\/uploads\/2022\/05\/4.Promax_Landingpage-300x107.jpg 300w, https:\/\/szkolenia-udt.pl\/wp-content\/uploads\/2022\/05\/4.Promax_Landingpage-768x274.jpg 768w, https:\/\/szkolenia-udt.pl\/wp-content\/uploads\/2022\/05\/4.Promax_Landingpage-1536x548.jpg 1536w, https:\/\/szkolenia-udt.pl\/wp-content\/uploads\/2022\/05\/4.Promax_Landingpage.jpg 1900w\" sizes=\"auto, (max-width: 1024px) 100vw, 1024px\" \/><\/a><\/figure>\n<\/div>\n\n\n<p>Mobila plattformar g\u00f6r det m\u00f6jligt att n\u00e5 m\u00e5nga h\u00f6ga platser, s\u00e4rskilt p\u00e5 platser d\u00e4r det \u00e4r fysiskt om\u00f6jligt att bygga byggnadsst\u00e4llningar. De best\u00e5r av en kaross, en lyftkran och en arbetsplattform. Kranen, som \u00e4r monterad p\u00e5 karossen, lyfter arbetsplattformen till \u00f6nskad h\u00f6jd. Det finns olika typer av mobila plattformar. De varierar beroende p\u00e5 vilket arbete de beh\u00f6vs f\u00f6r och var de ska placeras. Ut\u00f6ver detta kan dessa enheter ocks\u00e5 skilja sig \u00e5t i typ av drivning - vissa \u00e4r helt station\u00e4ra, medan andra \u00e4r placerade p\u00e5 ett fordons kaross. Beroende p\u00e5 typ av plattform kan r\u00f6relsen vara antingen vertikal eller full range, det vill s\u00e4ga vertikal och horisontell. Detta g\u00f6r det m\u00f6jligt f\u00f6r mobila plattformar att n\u00e5 sv\u00e5r\u00e5tkomliga platser. Dessutom sparar anv\u00e4ndningen av mobila plattformar tid och resurser, fr\u00e4mst d\u00e4r det skulle vara alltf\u00f6r tidskr\u00e4vande att bygga upp en hel byggnadsst\u00e4llning. Det \u00e4r viktigt att komma ih\u00e5g att mobila plattformar ocks\u00e5 \u00e4r utrustning som omfattas av teknisk inspektion.\u00a0<\/p>\n\n\n\n<h2 class=\"wp-block-heading\"><strong>Vad utm\u00e4rker varum\u00e4rket OSO?<\/strong>\u00a0<\/h2>\n\n\n\n<p>V\u00e5rt varum\u00e4rke k\u00e4nnetecknas inte bara av f\u00f6rstklassig service, utan ocks\u00e5 av ett personligt f\u00f6rh\u00e5llningss\u00e4tt till varje kund. F\u00f6r enskilda kunder kan vi erbjuda deltagande i v\u00e5ra \u00f6ppna kurser, som h\u00e5lls regelbundet och \u00e4r \u00f6ppna f\u00f6r alla. F\u00f6r f\u00f6retagskunder eller institutionella kunder erbjuder varum\u00e4rket OSO f\u00f6rm\u00e5nliga prispaket och rabatter. Med v\u00e5ra utbildningar kan du vara s\u00e4ker p\u00e5 att du eller dina medarbetare alltid f\u00e5r utbildning av h\u00f6gsta kvalitet.\u00a0<\/p>\n\n\n<div class=\"wp-block-image\">\n<figure class=\"aligncenter\"><a href=\"https:\/\/szkolenia-udt.pl\/wp-content\/uploads\/2022\/04\/0013-oso-podesty-ruchome-obsluga.jpg\"><img loading=\"lazy\" decoding=\"async\" width=\"1024\" height=\"853\" src=\"https:\/\/szkolenia-udt.pl\/wp-content\/uploads\/2022\/04\/0013-oso-podesty-ruchome-obsluga-1024x853.jpg\" alt=\"grafisk reklam f\u00f6r utbildningen\" class=\"wp-image-2851\" srcset=\"https:\/\/szkolenia-udt.pl\/wp-content\/uploads\/2022\/04\/0013-oso-podesty-ruchome-obsluga-1024x853.jpg 1024w, https:\/\/szkolenia-udt.pl\/wp-content\/uploads\/2022\/04\/0013-oso-podesty-ruchome-obsluga-300x250.jpg 300w, https:\/\/szkolenia-udt.pl\/wp-content\/uploads\/2022\/04\/0013-oso-podesty-ruchome-obsluga-768x640.jpg 768w, https:\/\/szkolenia-udt.pl\/wp-content\/uploads\/2022\/04\/0013-oso-podesty-ruchome-obsluga.jpg 1200w\" sizes=\"auto, (max-width: 1024px) 100vw, 1024px\" \/><\/a><\/figure>\n<\/div>","protected":false},"excerpt":{"rendered":"<p>O kursie Je\u015bli rozwa\u017casz wykonywanie pracy na wysoko\u015bciach lub zlecenie takiej pracy swoim pracownikom, nale\u017cy przede wszystkim pami\u0119ta\u0107 o odpowiednim wyposa\u017ceniu. Do prac na wysoko\u015bci cz\u0119sto stosuje si\u0119 rusztowania. Jednak w przypadku wielu prac, takich jak umieszczanie billboard\u00f3w czy konserwacja linii wysokiego napi\u0119cia, zwyczajne rusztowanie nie b\u0119dzie odpowiednie. W pewnych sytuacjach warto wesprze\u0107 wykonywanie prac [&hellip;]<\/p>\n","protected":false},"author":10,"featured_media":4176,"parent":2266,"menu_order":0,"comment_status":"closed","ping_status":"closed","template":"","meta":{"footnotes":""},"class_list":["post-2793","page","type-page","status-publish","has-post-thumbnail","hentry"],"aioseo_notices":[],"_links":{"self":[{"href":"https:\/\/szkolenia-udt.pl\/sv\/wp-json\/wp\/v2\/pages\/2793","targetHints":{"allow":["GET"]}}],"collection":[{"href":"https:\/\/szkolenia-udt.pl\/sv\/wp-json\/wp\/v2\/pages"}],"about":[{"href":"https:\/\/szkolenia-udt.pl\/sv\/wp-json\/wp\/v2\/types\/page"}],"author":[{"embeddable":true,"href":"https:\/\/szkolenia-udt.pl\/sv\/wp-json\/wp\/v2\/users\/10"}],"replies":[{"embeddable":true,"href":"https:\/\/szkolenia-udt.pl\/sv\/wp-json\/wp\/v2\/comments?post=2793"}],"version-history":[{"count":14,"href":"https:\/\/szkolenia-udt.pl\/sv\/wp-json\/wp\/v2\/pages\/2793\/revisions"}],"predecessor-version":[{"id":4745,"href":"https:\/\/szkolenia-udt.pl\/sv\/wp-json\/wp\/v2\/pages\/2793\/revisions\/4745"}],"up":[{"embeddable":true,"href":"https:\/\/szkolenia-udt.pl\/sv\/wp-json\/wp\/v2\/pages\/2266"}],"wp:featuredmedia":[{"embeddable":true,"href":"https:\/\/szkolenia-udt.pl\/sv\/wp-json\/wp\/v2\/media\/4176"}],"wp:attachment":[{"href":"https:\/\/szkolenia-udt.pl\/sv\/wp-json\/wp\/v2\/media?parent=2793"}],"curies":[{"name":"wp","href":"https:\/\/api.w.org\/{rel}","templated":true}]}}