{"id":2958,"date":"2022-06-24T15:42:16","date_gmt":"2022-06-24T13:42:16","guid":{"rendered":"https:\/\/szkolenia-udt.pl\/?page_id=2958"},"modified":"2023-03-19T17:59:56","modified_gmt":"2023-03-19T16:59:56","slug":"riskfyllt-arbete","status":"publish","type":"page","link":"https:\/\/szkolenia-udt.pl\/sv\/kursy\/bhp-ppoz\/ryzykowna-praca\/","title":{"rendered":"Arbetsh\u00e4lsa och s\u00e4kerhet f\u00f6r dem som utf\u00f6r riskfyllt arbete"},"content":{"rendered":"<h2 class=\"wp-block-heading\">Om utbildningen<\/h2>\n\n\n\n<p>V\u00e5r <a href=\"https:\/\/szkolenia-udt.pl\/sv\/o-firmie\/\">Utbildningscenter f\u00f6r operat\u00f6rer<\/a> anordnar en kurs med fokus p\u00e5 h\u00e4lsa och s\u00e4kerhet p\u00e5 arbetsplatsen. Utbildningen riktar sig i f\u00f6rsta hand till dem som utf\u00f6r s\u00e4rskilt farligt arbete, den n\u00f6dv\u00e4ndiga dokumentationen om det och \u00f6vervakningen av det.&nbsp;<\/p>\n\n\n\n<figure class=\"wp-block-image size-large\"><img decoding=\"async\" src=\"https:\/\/szkolenia-udt.pl\/wp-content\/uploads\/2022\/06\/hard-hats-decorative.jpg\" alt=\"Arbetsh\u00e4lsa och s\u00e4kerhet p\u00e5 utsatta arbetsplatser\"\/><\/figure>\n\n\n\n<h2 class=\"wp-block-heading\"><strong>V\u00e5r utbildning om h\u00e4lsa och s\u00e4kerhet<\/strong>&nbsp;<\/h2>\n\n\n\n<p>F\u00f6r att kunna genomf\u00f6ra alla h\u00e4lso- och s\u00e4kerhetsrutiner p\u00e5 jobbet \u00e4r specialiserad utbildning f\u00f6r de anst\u00e4llda mycket anv\u00e4ndbar. I v\u00e5rt utbildningscenter f\u00f6r operat\u00f6rer f\u00e5r dina anst\u00e4llda l\u00e4tt l\u00e4ra sig all information de beh\u00f6ver veta om principerna f\u00f6r s\u00e4ker och hygienisk avfallshantering i k\u00e4nsligt arbete. De metoder som anv\u00e4nds under utbildningen \u00e4r huvudsakligen: f\u00f6rel\u00e4sningar, presentationer, praktiska \u00f6vningar, diskussioner och slutprov.&nbsp;<\/p>\n\n\n\n<h2 class=\"wp-block-heading\"><strong>Syftet med utbildningen<\/strong>&nbsp;<\/h2>\n\n\n\n<p>Syftet med utbildningen \u00e4r att komplettera kunskaperna om f\u00e4rdigheter och samtidigt uppdatera kunskaperna om h\u00e4lsa och s\u00e4kerhet p\u00e5 arbetsplatsen. Dessutom l\u00e4r sig deltagarna p\u00e5 v\u00e5r kurs hur man organiserar s\u00e4rskilt farligt arbete, identifierar faror och hanterar utrustning och resurser skickligt n\u00e4r man utf\u00f6r s\u00e4rskilt farligt arbete. Varje kursdeltagare kommer att l\u00e4ra sig om begrepp som r\u00f6r arbetsr\u00e4tt, g\u00e4llande lagstiftning, olyckor och arbetsmilj\u00f6regler.&nbsp;<\/p>\n\n\n\n<p><strong>Till listan \u00f6ver andra \u00e4mnen i v\u00e5rt utbildningsprogram<\/strong><strong>ego<\/strong><strong> inkluderar:<\/strong>&nbsp;<\/p>\n\n\n\n<ul class=\"wp-block-list\">\n<li>Begreppet s\u00e4rskilt farligt arbete,&nbsp;<\/li>\n\n\n\n<li>egenskaper och en f\u00f6rteckning \u00f6ver s\u00e4rskilt farligt arbete,&nbsp;<\/li>\n\n\n\n<li>arbete med \u00f6kade risker,&nbsp;<\/li>\n\n\n\n<li>Dokumentation av riskfyllt arbete (typer, former och inneh\u00e5ll av dokument),&nbsp;<\/li>\n\n\n\n<li>F\u00f6retagets f\u00f6rteckning \u00f6ver farligt arbete,&nbsp;<\/li>\n\n\n\n<li>Utbildning av m\u00e4nniskor i brands\u00e4kerhet,&nbsp;<\/li>\n\n\n\n<li>Arbetsgivarens skyldigheter (t.ex. instruktion av arbetstagare, s\u00e4kerhets\u00e5tg\u00e4rder, fortbildning, genomf\u00f6rande av skyldigheter),&nbsp;<\/li>\n\n\n\n<li>best\u00e4mmelser om h\u00e4lsa och s\u00e4kerhet, inklusive s\u00e4rskilt farligt arbete,&nbsp;<\/li>\n\n\n\n<li>Risker som orsakas av faktorer som f\u00f6rekommer i k\u00e4nsligt arbete,&nbsp;<\/li>\n\n\n\n<li>farligt arbete och tillf\u00e4lliga arbetstagare,&nbsp;<\/li>\n\n\n\n<li>\u00f6vertr\u00e4delse av lagstiftningen,&nbsp;<\/li>\n\n\n\n<li>anv\u00e4ndning av personlig skyddsutrustning,&nbsp;<\/li>\n\n\n\n<li>exempel p\u00e5 omst\u00e4ndigheter och orsaker till olyckor och till\u00e4mpning av f\u00f6rebyggande \u00e5tg\u00e4rder,&nbsp;<\/li>\n\n\n\n<li>Principer f\u00f6r f\u00f6rsta hj\u00e4lpen till skadade personer och hantering av olyckor.&nbsp;<\/li>\n<\/ul>\n\n\n\n<h2 class=\"wp-block-heading\"><strong>Styrkor med att delta i kursen<\/strong>&nbsp;<\/h2>\n\n\n\n<p>Du f\u00e5r bland annat f\u00f6ljande f\u00f6rdelar av utbildningen:&nbsp;<\/p>\n\n\n\n<ul class=\"wp-block-list\">\n<li>att f\u00e5 v\u00e4rdefulla kunskaper om s\u00e4kerhet vid s\u00e4rskilt farligt arbete,&nbsp;<\/li>\n\n\n\n<li>Att g\u00f6ra ledningen medveten om vikten av ansvar f\u00f6r de anst\u00e4llda i samband med arbete under farliga f\u00f6rh\u00e5llanden,&nbsp;<\/li>\n\n\n\n<li>ta emot v\u00e4rdefulla f\u00f6rlagor till dokument f\u00f6r att underl\u00e4tta utarbetandet av dokumentationen,&nbsp;<\/li>\n\n\n\n<li>undanr\u00f6ja riskk\u00e4llor n\u00e4r man utf\u00f6r arbete av s\u00e4rskilt farlig karakt\u00e4r,&nbsp;<\/li>\n\n\n\n<li>Kunskap om hur man p\u00e5 ett s\u00e4kert s\u00e4tt kan minska den tid som \u00e4gnas \u00e5t s\u00e4rskilt farligt arbete,&nbsp;<\/li>\n\n\n\n<li>Kunskap om hur olyckor (d\u00f6dsolyckor, kollektiva olyckor och allvarliga olyckor) b\u00f6r minskas,&nbsp;<\/li>\n\n\n\n<li>Kunskap om hur man tar hand om arbetstagarnas liv och h\u00e4lsa n\u00e4r de \u00e4r i arbete.&nbsp;<\/li>\n<\/ul>\n\n\n\n<h2 class=\"wp-block-heading\"><strong>Krav<\/strong><strong> fr\u00e5n studenter<\/strong><strong><\/strong>&nbsp;<\/h2>\n\n\n\n<p>F\u00f6r att anm\u00e4la dig till kursen b\u00f6r du:&nbsp;&nbsp;<\/p>\n\n\n\n<ul class=\"wp-block-list\">\n<li>vara myndig,&nbsp;<\/li>\n\n\n\n<li>ha ett h\u00e4lsointyg,<\/li>\n\n\n\n<li>ha minst grundskoleutbildning.&nbsp;<\/li>\n<\/ul>\n\n\n\n<h2 class=\"wp-block-heading\"><strong>Principer f\u00f6r s\u00e4kert arbete<\/strong>&nbsp;<\/h2>\n\n\n\n<p>N\u00e4r vi skapar regler f\u00f6r att utf\u00f6ra s\u00e5rbart arbete p\u00e5 ett s\u00e4kert s\u00e4tt kan vi dela in dem i fyra grupper.&nbsp;<\/p>\n\n\n\n<ul class=\"wp-block-list\">\n<li>Det f\u00f6rsta steget \u00e4r att identifiera det arbete som kan utg\u00f6ra en risk f\u00f6r arbetstagarna.&nbsp;<\/li>\n\n\n\n<li>Det andra steget \u00e4r den detaljerade utformningen av riktlinjer och f\u00f6rfaranden.&nbsp;<\/li>\n\n\n\n<li>N\u00e4sta och f\u00f6rmodligen viktigaste del \u00e4r att kommunicera resultaten till de anst\u00e4llda.&nbsp;<\/li>\n\n\n\n<li>Det sista steget \u00e4r att kontrollera om reglerna har tr\u00e4tt i kraft och om de f\u00f6ljs p\u00e5 arbetsplatsen.&nbsp;<\/li>\n<\/ul>\n\n\n\n<h2 class=\"wp-block-heading\"><strong>Arbetsgivarens skyldigheter<\/strong>&nbsp;<\/h2>\n\n\n\n<p>Varje arbetsgivare \u00e4r skyldig att st\u00e4ndigt observera och undanr\u00f6ja eventuella ol\u00e4genheter och se till att h\u00e4lso- och s\u00e4kerhetsreglerna respekteras i arbetet. Han eller hon b\u00f6r regelbundet utbilda personalen i h\u00e4lso- och s\u00e4kerhetsregler och se till att gravida kvinnor och unga arbetstagare har r\u00e4tt till sina r\u00e4ttigheter.\u00a0<\/p>\n\n\n\n<figure class=\"wp-block-image size-large\"><img decoding=\"async\" src=\"https:\/\/szkolenia-udt.pl\/wp-content\/uploads\/2022\/06\/sdcsdc.jpg\" alt=\"Instrukt\u00f6r som pratar med en elev\"\/><\/figure>\n\n\n\n<h2 class=\"wp-block-heading\"><strong>S\u00e4kerhet i arbetet - krav<\/strong>&nbsp;<\/h2>\n\n\n\n<p>R\u00e4ttsliga best\u00e4mmelser f\u00f6ruts\u00e4tter principer f\u00f6r s\u00e4kra arbetsf\u00f6rh\u00e5llanden. I arbetslagen behandlas b\u00e5de avancerade \u00e5tg\u00e4rder och till synes obetydliga aspekter. Att s\u00e4kerst\u00e4lla helt optimala arbetsf\u00f6rh\u00e5llanden best\u00e5r av ett antal nyckelfaktorer, som b\u00f6rjar med mindre viktiga faktorer som \u00f6gonv\u00e4nliga bildsk\u00e4rmar, l\u00e4mplig belysning, utformning av datorbord och optimala ergonomiska stolar, och str\u00e4cker sig till mer allvarliga aspekter som tillhandah\u00e5llande av effektiva brandskyddsl\u00f6sningar, skyddskl\u00e4der eller arbetskl\u00e4der, kontroll av utrustningens tekniska skick och lokalernas s\u00e4rskilda utrustning, inklusive f\u00f6rbandsl\u00e5dor. Alla de beskrivna standarderna behandlas p\u00e5 samma niv\u00e5 och till\u00e4mpas i samma utstr\u00e4ckning. Detta beror p\u00e5 \u00f6nskan att garantera s\u00e4kra och hygieniska lokaler.&nbsp;<\/p>\n\n\n\n<h2 class=\"wp-block-heading\"><strong>Om oss<\/strong>&nbsp;<\/h2>\n\n\n\n<p>V\u00e5rt f\u00f6retag har som fr\u00e4msta m\u00e5l att erbjuda v\u00e5ra kunder utbildningstj\u00e4nster av h\u00f6gsta kvalitet. Kvalificerade metodologer och resten av v\u00e5r personal, med m\u00e5nga \u00e5rs erfarenhet av utbildning, s\u00e4kerst\u00e4ller utbildningens kvalitet och h\u00f6gsta m\u00f6jliga tillfredsst\u00e4llelse i alla v\u00e5ra anl\u00e4ggningar.&nbsp;<\/p>\n\n\n\n<h2 class=\"wp-block-heading\"><strong>Kursens plats och pris<\/strong>&nbsp;<\/h2>\n\n\n\n<p>Kurserna h\u00e5lls p\u00e5 v\u00e5ra filialer runt om i landet, men vi ordnar ocks\u00e5 slutna kurser f\u00f6r organiserade grupper, med resor till kunden. Vi erbjuder kurser till mycket konkurrenskraftiga priser. V\u00e4nligen ring v\u00e5r kundtj\u00e4nst f\u00f6r att ordna eventuella kostnader.&nbsp;<\/p>\n\n\n\n<figure class=\"wp-block-image size-large\"><img decoding=\"async\" src=\"https:\/\/szkolenia-udt.pl\/wp-content\/uploads\/2022\/06\/0084-oso.edu_.pl_.jpg\" alt=\"Grafisk reklam f\u00f6r utbildning i h\u00e4lsa och s\u00e4kerhet\"\/><\/figure>","protected":false},"excerpt":{"rendered":"<p>O szkoleniu Nasz O\u015brodek Szkolenia Operator\u00f3w organizuje kurs skupiony na tematyce Bezpiecze\u0144stwa i Higieny Pracy. Szkolenie kierowane jest przede wszystkim do os\u00f3b wykonuj\u0105cych szczeg\u00f3lnie niebezpieczne prace, niezb\u0119dn\u0105 dokumentacj\u0119 w ich zakresie oraz nadz\u00f3r nad nimi.&nbsp; Nasze szkolenia z zakresu BHP&nbsp; Aby m\u00f3c wdr\u0105\u017cy\u0107 do pracy wszelkie procedury BHP, niezwykle przydatne s\u0105 specjalistyczne szkolenia dla pracownik\u00f3w. [&hellip;]<\/p>\n","protected":false},"author":10,"featured_media":2952,"parent":2739,"menu_order":0,"comment_status":"closed","ping_status":"closed","template":"","meta":{"footnotes":""},"class_list":["post-2958","page","type-page","status-publish","has-post-thumbnail","hentry"],"aioseo_notices":[],"_links":{"self":[{"href":"https:\/\/szkolenia-udt.pl\/sv\/wp-json\/wp\/v2\/pages\/2958","targetHints":{"allow":["GET"]}}],"collection":[{"href":"https:\/\/szkolenia-udt.pl\/sv\/wp-json\/wp\/v2\/pages"}],"about":[{"href":"https:\/\/szkolenia-udt.pl\/sv\/wp-json\/wp\/v2\/types\/page"}],"author":[{"embeddable":true,"href":"https:\/\/szkolenia-udt.pl\/sv\/wp-json\/wp\/v2\/users\/10"}],"replies":[{"embeddable":true,"href":"https:\/\/szkolenia-udt.pl\/sv\/wp-json\/wp\/v2\/comments?post=2958"}],"version-history":[{"count":6,"href":"https:\/\/szkolenia-udt.pl\/sv\/wp-json\/wp\/v2\/pages\/2958\/revisions"}],"predecessor-version":[{"id":4598,"href":"https:\/\/szkolenia-udt.pl\/sv\/wp-json\/wp\/v2\/pages\/2958\/revisions\/4598"}],"up":[{"embeddable":true,"href":"https:\/\/szkolenia-udt.pl\/sv\/wp-json\/wp\/v2\/pages\/2739"}],"wp:featuredmedia":[{"embeddable":true,"href":"https:\/\/szkolenia-udt.pl\/sv\/wp-json\/wp\/v2\/media\/2952"}],"wp:attachment":[{"href":"https:\/\/szkolenia-udt.pl\/sv\/wp-json\/wp\/v2\/media?parent=2958"}],"curies":[{"name":"wp","href":"https:\/\/api.w.org\/{rel}","templated":true}]}}