{"id":2986,"date":"2022-06-30T13:52:12","date_gmt":"2022-06-30T11:52:12","guid":{"rendered":"https:\/\/szkolenia-udt.pl\/?page_id=2986"},"modified":"2023-03-24T20:34:25","modified_gmt":"2023-03-24T19:34:25","slug":"tekniker-for-anlaggningsunderhall","status":"publish","type":"page","link":"https:\/\/szkolenia-udt.pl\/sv\/kursy\/uprawnienia-udt-tdt-wdt\/konserwator-urzadzen\/","title":{"rendered":"Kurs i underh\u00e5ll av anl\u00e4ggningar f\u00f6r funktionshindrade"},"content":{"rendered":"<div class=\"wp-block-image\">\n<figure class=\"alignleft size-large is-resized\"><a href=\"https:\/\/szkolenia-udt.pl\/wp-content\/uploads\/2022\/06\/oso.edu_.pl-0027.jpg\"><img loading=\"lazy\" decoding=\"async\" src=\"https:\/\/szkolenia-udt.pl\/wp-content\/uploads\/2022\/06\/oso.edu_.pl-0027-1024x768.jpg\" alt=\"Fotogalleri med deltagare i kurser om underh\u00e5ll av utrustning f\u00f6r funktionshindrade personer.\" class=\"wp-image-2987\" width=\"512\" height=\"384\" srcset=\"https:\/\/szkolenia-udt.pl\/wp-content\/uploads\/2022\/06\/oso.edu_.pl-0027-1024x768.jpg 1024w, https:\/\/szkolenia-udt.pl\/wp-content\/uploads\/2022\/06\/oso.edu_.pl-0027-300x225.jpg 300w, https:\/\/szkolenia-udt.pl\/wp-content\/uploads\/2022\/06\/oso.edu_.pl-0027-768x576.jpg 768w, https:\/\/szkolenia-udt.pl\/wp-content\/uploads\/2022\/06\/oso.edu_.pl-0027-135x100.jpg 135w, https:\/\/szkolenia-udt.pl\/wp-content\/uploads\/2022\/06\/oso.edu_.pl-0027.jpg 1067w\" sizes=\"auto, (max-width: 512px) 100vw, 512px\" \/><\/a><\/figure>\n<\/div>\n\n\n<h2 class=\"wp-block-heading\">Teknisk \u00f6vervakning<\/h2>\n\n\n\n<p>Enligt lagstiftningen ska utrustning f\u00f6r personer med funktionshinder omfattas av teknisk tillsyn. Detta inneb\u00e4r att alla som \u00e4r intresserade av att arbeta med underh\u00e5ll av dessa maskiner m\u00e5ste skaffa sig ett intyg som godk\u00e4nts av kontoret f\u00f6r teknisk kontroll. Det f\u00f6rsta steget f\u00f6r att f\u00e5 ett godk\u00e4nnandecertifikat \u00e4r att g\u00e5 en kurs f\u00f6r att f\u00f6rbereda sig f\u00f6r UDT-certifieringen i plattformsunderh\u00e5ll.\u00a0\u00a0<\/p>\n\n\n\n<h2 class=\"wp-block-heading\"><strong>Utbildning i organisationer inom det civila samh\u00e4llet<\/strong>&nbsp;<\/h2>\n\n\n\n<p>Genom att g\u00e5 v\u00e5r kurs om underh\u00e5ll och installation av specialutrustning f\u00f6r funktionshindrade kan du f\u00f6rv\u00e4nta dig att f\u00e5 den omfattande utbildning som kr\u00e4vs f\u00f6r att utf\u00f6ra ditt jobb inom detta omr\u00e5de. Du hittar en detaljerad beskrivning av kursen om utrustning f\u00f6r funktionshindrade i OSO-erbjudandet. S\u00e5dana kurser ges av certifierade underh\u00e5llare och mont\u00f6rer, s\u00e5 vi \u00e4r s\u00e4kra p\u00e5 att <a href=\"https:\/\/szkolenia-udt.pl\/sv\/kursy\/\">v\u00e5ra utbildningar<\/a> kommer att vara p\u00e5 h\u00f6gsta niv\u00e5.&nbsp;<\/p>\n\n\n\n<h2 class=\"wp-block-heading\"><strong>Utbildningens omfattning<\/strong>\u00a0<\/h2>\n\n\n\n<p>V\u00e5r utbildning omfattar:&nbsp;<\/p>\n\n\n\n<ul class=\"wp-block-list\">\n<li>installation av specialutrustning f\u00f6r personer med funktionshinder,&nbsp;<\/li>\n\n\n\n<li>deras korrekta underh\u00e5ll.\u00a0<\/li>\n<\/ul>\n\n\n<div class=\"wp-block-image\">\n<figure class=\"alignright size-full is-resized\"><a href=\"https:\/\/szkolenia-udt.pl\/wp-content\/uploads\/2022\/06\/oso.edu_.pl-0027.png\"><img loading=\"lazy\" decoding=\"async\" src=\"https:\/\/szkolenia-udt.pl\/wp-content\/uploads\/2022\/06\/oso.edu_.pl-0027.png\" alt=\"en funktionshindrad person som f\u00f6rflyttar sig p\u00e5 en plattform p\u00e5 sjukhuset\" class=\"wp-image-2988\" width=\"500\" height=\"334\" srcset=\"https:\/\/szkolenia-udt.pl\/wp-content\/uploads\/2022\/06\/oso.edu_.pl-0027.png 1000w, https:\/\/szkolenia-udt.pl\/wp-content\/uploads\/2022\/06\/oso.edu_.pl-0027-300x200.png 300w, https:\/\/szkolenia-udt.pl\/wp-content\/uploads\/2022\/06\/oso.edu_.pl-0027-768x512.png 768w\" sizes=\"auto, (max-width: 500px) 100vw, 500px\" \/><\/a><\/figure>\n<\/div>\n\n\n<h2 class=\"wp-block-heading\"><strong>Vad kommer du att l\u00e4ra dig under kursen?<\/strong>&nbsp;<\/h2>\n\n\n\n<p>Undervisningen sker i tv\u00e5 moduler - en teoretisk och en praktisk. Under den f\u00f6rsta l\u00e4r sig deltagarna grundl\u00e4ggande information om:&nbsp;<\/p>\n\n\n\n<ul class=\"wp-block-list\">\n<li>typer och konstruktion av plattformar f\u00f6r transport av personer med funktionshinder,&nbsp;<\/li>\n\n\n\n<li>Typiska fel som underh\u00e5llsingenj\u00f6rer f\u00f6r hanteringsutrustning st\u00e4lls inf\u00f6r,&nbsp;<\/li>\n\n\n\n<li>R\u00e4ttsliga best\u00e4mmelser om arbetet som underh\u00e5llsarbetare f\u00f6r personer med funktionshinder,&nbsp;<\/li>\n\n\n\n<li>Arbetsuppgifter som underh\u00e5llstekniker f\u00f6r utrustning,&nbsp;<\/li>\n\n\n\n<li>regler f\u00f6r h\u00e4lsa och s\u00e4kerhet.&nbsp;<\/li>\n<\/ul>\n\n\n\n<h2 class=\"wp-block-heading\"><strong>R\u00e4ttigheter<\/strong>&nbsp;<\/h2>\n\n\n\n<p>UDT-certifikatet \u00e4r en bekr\u00e4ftelse p\u00e5 de f\u00e4rdigheter du har f\u00f6rv\u00e4rvat och ett bevis p\u00e5 dina kvalifikationer. Det \u00e4r det enda s\u00e4ttet f\u00f6r dig att lagligt hantera utrustning f\u00f6r funktionshindrade. Tillst\u00e5ndet att anv\u00e4nda och underh\u00e5lla lastplattformar f\u00f6r transport av personer med funktionshinder \u00e4r giltigt i fem \u00e5r fr\u00e5n utf\u00e4rdandet.&nbsp;<strong>&nbsp;<\/strong>&nbsp;<\/p>\n\n\n\n<h2 class=\"wp-block-heading\"><strong>Krav f\u00f6r att delta i kursen<\/strong>&nbsp;<\/h2>\n\n\n\n<p>F\u00f6r att kunna delta i kursen och p\u00e5 s\u00e5 s\u00e4tt f\u00e5 UDT-beh\u00f6righet m\u00e5ste tre krav uppfyllas:&nbsp;<\/p>\n\n\n\n<ul class=\"wp-block-list\">\n<li>vara \u00f6ver 18 \u00e5r gammal,&nbsp;<\/li>\n\n\n\n<li>ha avslutat minst grundskolan,&nbsp;<\/li>\n\n\n\n<li>inte ha n\u00e5gra h\u00e4lsorelaterade kontraindikationer f\u00f6r uppdraget som konservator.&nbsp;<\/li>\n<\/ul>\n\n\n\n<h2 class=\"wp-block-heading\"><strong>Konservatorns ansvarsomr\u00e5den<\/strong>&nbsp;<\/h2>\n\n\n\n<p>Till utrustningsunderh\u00e5llarens uppgifter h\u00f6r bl.a. f\u00f6ljande:&nbsp;<\/p>\n\n\n\n<ul class=\"dwiekolumny wp-block-list\">\n<li>Regelbundna tekniska inspektioner,&nbsp;<\/li>\n\n\n\n<li>inledande tekniska inspektioner,\u00a0<\/li>\n\n\n\n<li>underh\u00e5ll och modernisering av utrustning,&nbsp;<\/li>\n\n\n\n<li>Byte av delar och v\u00e4tskor,&nbsp;<\/li>\n\n\n\n<li>reparera fel,&nbsp;<\/li>\n\n\n\n<li>F\u00f6rebyggande av olyckor,&nbsp;<\/li>\n\n\n\n<li>Komplettering av teknisk dokumentation av utrustning.&nbsp;<\/li>\n<\/ul>\n\n\n\n<h2 class=\"wp-block-heading\"><strong>Vad \u00e4r apparater f\u00f6r personer med funktionshinder?<\/strong>&nbsp;<\/h2>\n\n\n\n<p>Bland de mest popul\u00e4ra enheterna av denna typ finns plattformar. De finns p\u00e5 kontor, sjukhus och andra offentliga platser. H\u00e4r \u00e4r exempel p\u00e5 den h\u00e4r typen av enheter:&nbsp;<\/p>\n\n\n\n<ul class=\"dwiekolumny wp-block-list\">\n<li>stolsliftar,&nbsp;<\/li>\n\n\n\n<li>stegplattformar,\u00a0<\/li>\n\n\n\n<li>vertikala plattformar,\u00a0<\/li>\n\n\n\n<li>vertikala plattformar utan axel.\u00a0<\/li>\n<\/ul>\n\n\n\n<h2 class=\"wp-block-heading\"><strong>Vilka \u00e4r vi? - CSOS<\/strong>\u00a0<\/h2>\n\n\n\n<p>Under m\u00e5nga \u00e5r har vi arbetat med att tillhandah\u00e5lla omfattande utbildningstj\u00e4nster f\u00f6r olika yrkesgrupper. V\u00e5rt utbud omfattar bland annat f\u00f6ljande <a href=\"https:\/\/szkolenia-udt.pl\/sv\/kursy\/szkolenie-audytorskie-udt\/\">UDT-utbildning<\/a> och HDS, samt utbildning i h\u00e4lsa och s\u00e4kerhet, brands\u00e4kerhet och f\u00f6rsta hj\u00e4lpen. Hos oss f\u00e5r du inte bara de f\u00e4rdigheter som kr\u00e4vs, utan l\u00e4r dig ocks\u00e5 hur man arbetar s\u00e4kert.&nbsp;<\/p>\n\n\n\n<h2 class=\"wp-block-heading\"><strong>Annan information om kursen<\/strong>&nbsp;<\/h2>\n\n\n\n<p>Vi erbjuder \u00f6ppen och sluten tr\u00e4ning. Vi utbildar i hela Polen, inklusive Warszawa. Organiserade grupper och f\u00f6retagare <a href=\"https:\/\/szkolenia-udt.pl\/sv\/kontakt\/\">Du \u00e4r v\u00e4lkommen att kontakta oss<\/a> f\u00f6r att fastst\u00e4lla datum och plats f\u00f6r utbildningen. P\u00e5 grund av gruppernas storlek och typen av utbildning fastst\u00e4ller vi priserna individuellt med kunden!&nbsp;<\/p>\n\n\n\n<p>Kolla in v\u00e5rt utbud av aktuella \u00f6ppna kurser!&nbsp;<\/p>\n\n\n\n<h2 class=\"wp-block-heading\"><strong>Vi svarar g\u00e4rna p\u00e5 dina fr\u00e5gor!<\/strong>\u00a0<\/h2>\n\n\n\n<p>Om du har n\u00e5gra fr\u00e5gor om v\u00e5ra tj\u00e4nster \u00e4r vi alltid tillg\u00e4ngliga - kontakta oss. Ta en titt p\u00e5 v\u00e5ra <a href=\"https:\/\/szkolenia-udt.pl\/sv\/oferta\/\">fullst\u00e4ndigt erbjudande<\/a> utbildning som presenteras p\u00e5 webbplatsen och vi uppmuntrar dig att v\u00e4lja v\u00e5ra tj\u00e4nster!&nbsp;&nbsp;&nbsp;<\/p>\n\n\n<div class=\"wp-block-image\">\n<figure class=\"aligncenter\"><a href=\"https:\/\/szkolenia-udt.pl\/wp-content\/uploads\/2022\/06\/0027-oso-urzadzenia-dla-osob-niepelnosprawnych.jpg\"><img loading=\"lazy\" decoding=\"async\" width=\"1024\" height=\"853\" src=\"https:\/\/szkolenia-udt.pl\/wp-content\/uploads\/2022\/06\/0027-oso-urzadzenia-dla-osob-niepelnosprawnych-1024x853.jpg\" alt=\"grafisk reklam f\u00f6r utbildningen\" class=\"wp-image-2990\" srcset=\"https:\/\/szkolenia-udt.pl\/wp-content\/uploads\/2022\/06\/0027-oso-urzadzenia-dla-osob-niepelnosprawnych-1024x853.jpg 1024w, https:\/\/szkolenia-udt.pl\/wp-content\/uploads\/2022\/06\/0027-oso-urzadzenia-dla-osob-niepelnosprawnych-300x250.jpg 300w, https:\/\/szkolenia-udt.pl\/wp-content\/uploads\/2022\/06\/0027-oso-urzadzenia-dla-osob-niepelnosprawnych-768x640.jpg 768w, https:\/\/szkolenia-udt.pl\/wp-content\/uploads\/2022\/06\/0027-oso-urzadzenia-dla-osob-niepelnosprawnych.jpg 1200w\" sizes=\"auto, (max-width: 1024px) 100vw, 1024px\" \/><\/a><\/figure>\n<\/div>","protected":false},"excerpt":{"rendered":"<p>Doz\u00f3r techniczny Wed\u0142ug przepis\u00f3w prawnych, urz\u0105dzenia dla os\u00f3b niepe\u0142nosprawnych s\u0105 obj\u0119te dozorem technicznym. Oznacza to, \u017ce dla wszystkich, kt\u00f3rzy s\u0105 zainteresowani prac\u0105 przy konserwacji tych maszyn, niezb\u0119dne b\u0119dzie uzyskanie certyfikatu zatwierdzonego przez Urz\u0105d Dozoru Technicznego. Pierwszym krokiem, jaki nale\u017cy wykona\u0107, by otrzyma\u0107 za\u015bwiadczenie uprawniaj\u0105ce, jest do\u0142\u0105czenie do kursu przygotowuj\u0105cego do uzyskania uprawnie\u0144 UDT w zakresie [&hellip;]<\/p>\n","protected":false},"author":10,"featured_media":2987,"parent":2266,"menu_order":0,"comment_status":"closed","ping_status":"closed","template":"","meta":{"footnotes":""},"class_list":["post-2986","page","type-page","status-publish","has-post-thumbnail","hentry"],"aioseo_notices":[],"_links":{"self":[{"href":"https:\/\/szkolenia-udt.pl\/sv\/wp-json\/wp\/v2\/pages\/2986","targetHints":{"allow":["GET"]}}],"collection":[{"href":"https:\/\/szkolenia-udt.pl\/sv\/wp-json\/wp\/v2\/pages"}],"about":[{"href":"https:\/\/szkolenia-udt.pl\/sv\/wp-json\/wp\/v2\/types\/page"}],"author":[{"embeddable":true,"href":"https:\/\/szkolenia-udt.pl\/sv\/wp-json\/wp\/v2\/users\/10"}],"replies":[{"embeddable":true,"href":"https:\/\/szkolenia-udt.pl\/sv\/wp-json\/wp\/v2\/comments?post=2986"}],"version-history":[{"count":7,"href":"https:\/\/szkolenia-udt.pl\/sv\/wp-json\/wp\/v2\/pages\/2986\/revisions"}],"predecessor-version":[{"id":4708,"href":"https:\/\/szkolenia-udt.pl\/sv\/wp-json\/wp\/v2\/pages\/2986\/revisions\/4708"}],"up":[{"embeddable":true,"href":"https:\/\/szkolenia-udt.pl\/sv\/wp-json\/wp\/v2\/pages\/2266"}],"wp:featuredmedia":[{"embeddable":true,"href":"https:\/\/szkolenia-udt.pl\/sv\/wp-json\/wp\/v2\/media\/2987"}],"wp:attachment":[{"href":"https:\/\/szkolenia-udt.pl\/sv\/wp-json\/wp\/v2\/media?parent=2986"}],"curies":[{"name":"wp","href":"https:\/\/api.w.org\/{rel}","templated":true}]}}