{"id":3185,"date":"2022-08-30T09:17:55","date_gmt":"2022-08-30T07:17:55","guid":{"rendered":"https:\/\/szkolenia-udt.pl\/?page_id=3185"},"modified":"2023-03-24T18:25:47","modified_gmt":"2023-03-24T17:25:47","slug":"bergsklattringskurs","status":"publish","type":"page","link":"https:\/\/szkolenia-udt.pl\/sv\/kursy\/prace-wysokosciowe\/kurs-alpinistyczny\/","title":{"rendered":"Kurs i bergskl\u00e4ttring"},"content":{"rendered":"<div class=\"wp-block-image\">\n<figure class=\"alignleft is-resized\"><a href=\"https:\/\/szkolenia-udt.pl\/wp-content\/uploads\/2022\/08\/3-5.jpeg\"><img loading=\"lazy\" decoding=\"async\" src=\"https:\/\/szkolenia-udt.pl\/wp-content\/uploads\/2022\/08\/3-5-1024x768.jpeg\" alt=\"Person som arbetar p\u00e5 h\u00f6g h\u00f6jd\" class=\"wp-image-3188\" width=\"512\" height=\"384\" srcset=\"https:\/\/szkolenia-udt.pl\/wp-content\/uploads\/2022\/08\/3-5-1024x768.jpeg 1024w, https:\/\/szkolenia-udt.pl\/wp-content\/uploads\/2022\/08\/3-5-300x225.jpeg 300w, https:\/\/szkolenia-udt.pl\/wp-content\/uploads\/2022\/08\/3-5-768x576.jpeg 768w, https:\/\/szkolenia-udt.pl\/wp-content\/uploads\/2022\/08\/3-5-1536x1152.jpeg 1536w, https:\/\/szkolenia-udt.pl\/wp-content\/uploads\/2022\/08\/3-5-16x12.jpeg 16w, https:\/\/szkolenia-udt.pl\/wp-content\/uploads\/2022\/08\/3-5-135x100.jpeg 135w, https:\/\/szkolenia-udt.pl\/wp-content\/uploads\/2022\/08\/3-5.jpeg 1600w\" sizes=\"auto, (max-width: 512px) 100vw, 512px\" \/><\/a><\/figure>\n<\/div>\n\n\n<p>En arbetstagare som m\u00e5ste hantera arbete p\u00e5 h\u00f6g h\u00f6jd b\u00f6r delta i en bergskl\u00e4ttringsutbildning. Genom att g\u00f6ra det kommer han eller hon att garantera s\u00e4kerheten inte bara f\u00f6r sig sj\u00e4lv, utan ocks\u00e5 f\u00f6r andra p\u00e5 arbetsplatsen. Kursen \u00e4r ett krav f\u00f6r att f\u00e5 b\u00f6rja arbeta. Utan r\u00e4tt utbildning kan man uts\u00e4tta sig f\u00f6r r\u00e4ttsliga f\u00f6ljder. Allvarligare \u00e4r dock risken f\u00f6r h\u00e4lsoskador eller till och med d\u00f6dsfall. Vi inbjuder dig d\u00e4rf\u00f6r att delta i en utbildning p\u00e5 Operator Training Centre!\u00a0<\/p>\n\n\n\n<h2 class=\"wp-block-heading\"><strong>Vem \u00e4r kursen avsedd f\u00f6r?<\/strong>&nbsp;<\/h2>\n\n\n\n<p>Vi erbjuder <a href=\"https:\/\/szkolenia-udt.pl\/sv\/kursy\/prace-wysokosciowe\/prace-alpinistyczne-szkolenie-praktyczne\/\">bergskl\u00e4ttringskurs<\/a> av tekniker f\u00f6r tilltr\u00e4de via rep. Den \u00e4r utformad f\u00f6r dem som avser att arbeta p\u00e5 h\u00f6jder med repfasts\u00e4ttning. Den blivande praktikanten ska kunna uth\u00e4rda sv\u00e5ra v\u00e4derf\u00f6rh\u00e5llanden som stark vind, regn, sn\u00f6 eller h\u00f6ga temperaturer. Att arbeta med s\u00e5dana ol\u00e4genheter kr\u00e4ver d\u00e4rf\u00f6r uth\u00e5llighet och t\u00e5lamod. Dessutom \u00e4r god fysisk kondition en f\u00f6rdel.\u00a0\u00a0<\/p>\n\n\n\n<h2 class=\"wp-block-heading\"><strong>R\u00e4ttigheter<\/strong>&nbsp;<\/h2>\n\n\n\n<p>Enligt f\u00f6reskrifterna m\u00e5ste arbetstagarna utbildas i arbete p\u00e5 h\u00f6g h\u00f6jd regelbundet, minst vart tredje \u00e5r, eftersom det \u00e4r s\u00e5 l\u00e4nge kompetensbeviset \u00e4r giltigt. Efter denna tid b\u00f6r en repetitionskurs genomf\u00f6ras f\u00f6r att uppdatera och fr\u00e4scha upp befintliga kunskaper. Det \u00e4r dock viktigt att veta att endast en godk\u00e4nd examination s\u00e4kerst\u00e4ller att du \u00e4r kvalificerad. Det \u00e4r d\u00e4rf\u00f6r du beh\u00f6ver g\u00e5 en kurs, och v\u00e5rt Operator Training Centre g\u00f6r det m\u00f6jligt!\u00a0<\/p>\n\n\n<div class=\"wp-block-image\">\n<figure class=\"alignright\"><a href=\"https:\/\/szkolenia-udt.pl\/wp-content\/uploads\/2022\/08\/1-8.jpeg\"><img loading=\"lazy\" decoding=\"async\" width=\"200\" height=\"300\" src=\"https:\/\/szkolenia-udt.pl\/wp-content\/uploads\/2022\/08\/1-8-200x300.jpeg\" alt=\"Instrukt\u00f6r i arbetskl\u00e4der\" class=\"wp-image-3186\" srcset=\"https:\/\/szkolenia-udt.pl\/wp-content\/uploads\/2022\/08\/1-8-200x300.jpeg 200w, https:\/\/szkolenia-udt.pl\/wp-content\/uploads\/2022\/08\/1-8-682x1024.jpeg 682w, https:\/\/szkolenia-udt.pl\/wp-content\/uploads\/2022\/08\/1-8-768x1154.jpeg 768w, https:\/\/szkolenia-udt.pl\/wp-content\/uploads\/2022\/08\/1-8-1022x1536.jpeg 1022w, https:\/\/szkolenia-udt.pl\/wp-content\/uploads\/2022\/08\/1-8-8x12.jpeg 8w, https:\/\/szkolenia-udt.pl\/wp-content\/uploads\/2022\/08\/1-8.jpeg 1065w\" sizes=\"auto, (max-width: 200px) 100vw, 200px\" \/><\/a><\/figure>\n<\/div>\n\n\n<h2 class=\"wp-block-heading\"><strong>Formella krav<\/strong>&nbsp;<\/h2>\n\n\n\n<p>Kursen i sig \u00e4r \u00f6ppen f\u00f6r dem som:&nbsp;&nbsp;<\/p>\n\n\n\n<ul class=\"wp-block-list\">\n<li>\u00e4r \u00f6ver 18 \u00e5r,&nbsp;&nbsp;<\/li>\n\n\n\n<li>har minst grundskoleutbildning,&nbsp;&nbsp;<\/li>\n\n\n\n<li>\u00e4r vid god h\u00e4lsa - h\u00e4lsorelaterade kontraindikationer, t.ex. hj\u00e4rtsjukdomar eller epilepsi, diskvalificerar dig omedelbart fr\u00e5n att g\u00e5 kursen och bli bergskl\u00e4ttrare.\u00a0\u00a0<\/li>\n<\/ul>\n\n\n\n<h2 class=\"wp-block-heading\"><strong>Utbildningsprogrammets omfattning<\/strong>&nbsp;<\/h2>\n\n\n\n<p>Vi presenterar exempel p\u00e5 de \u00e4mnen som ing\u00e5r i v\u00e5r kurs. Vi f\u00f6rklarar ocks\u00e5 kortfattat detaljerna i \u00e4mnet i tabellen nedan.&nbsp;<\/p>\n\n\n\n<figure class=\"wp-block-table\"><table><tbody><tr><td><strong>\u00c4mne<\/strong>&nbsp;<\/td><td><strong>Detaljer<\/strong>&nbsp;<\/td><\/tr><tr><td>R\u00e4ttslig grund f\u00f6r den industriella kl\u00e4ttraren&nbsp;<\/td><td>Deltagarna f\u00e5r l\u00e4ra sig om h\u00e4lso- och s\u00e4kerhetsbest\u00e4mmelser och r\u00e4ttsliga standarder (EN). De kommer ocks\u00e5 att l\u00e4ra sig om farorna med att arbeta p\u00e5 h\u00f6g h\u00f6jd.\u00a0<\/td><\/tr><tr><td>F\u00f6rberedelser f\u00f6r arbete&nbsp;<\/td><td>Instrukt\u00f6rerna l\u00e4r ut hur man knyter knopar (t.ex. \u00e5ttor, alpina fj\u00e4rilar etc.) och andra saker som beh\u00f6vs f\u00f6r att komma ig\u00e5ng.&nbsp;<\/td><\/tr><tr><td>F\u00f6rs\u00e4kran&nbsp;<\/td><td>Eleverna f\u00e5r l\u00e4ra sig att s\u00e4tta p\u00e5 sig s\u00e4kringsutrustning och hur man f\u00f6rflyttar sig b\u00e5de vertikalt och horisontellt.&nbsp;<\/td><\/tr><tr><td>R\u00e4ddning i h\u00e4ndelse av olycka&nbsp;<\/td><td>Demonstration av r\u00e4ddningsinsatser och l\u00e4mpliga s\u00e4tt att transportera en skadad person.&nbsp;<\/td><\/tr><tr><td>Praktiska f\u00e4rdigheter&nbsp;<\/td><td>Deltagarna l\u00e4r sig de steg som beh\u00e4rskas i den teoretiska delen av kursen i praktiken och utf\u00f6r dem under \u00f6verinseende av en instrukt\u00f6r.&nbsp;<\/td><\/tr><\/tbody><\/table><\/figure>\n\n\n\n<p>Detta \u00e4r bara n\u00e5gra av de \u00e4mnen som vi erbjuder inom bergskl\u00e4ttringsutbildning. Deras omfattning kan ut\u00f6kas i enlighet med kundens \u00f6nskem\u00e5l.&nbsp;<\/p>\n\n\n\n<div class=\"filmw\">\n<div class=\"responsive-youtube\"><iframe loading=\"lazy\" title=\"YouTube-videospelare\" src=\"https:\/\/www.youtube.com\/embed\/QcT4h2Z50M0\" width=\"560\" height=\"315\" frameborder=\"0\" allowfullscreen=\"allowfullscreen\"><\/iframe><\/div>\n<\/div>\n\n\n\n<h2 class=\"wp-block-heading\"><strong>Varf\u00f6r just vi?<\/strong>&nbsp;<\/h2>\n\n\n\n<p>P\u00e5 Operator Training Centre kan du vara s\u00e4ker p\u00e5 att du kommer att f\u00e5 r\u00e4tt utbildning i reptilltr\u00e4de och bergskl\u00e4ttringstj\u00e4nster. V\u00e5rt f\u00f6retag har professionell personal med l\u00e5ng erfarenhet. Vi ser till att du hos oss l\u00e4r dig allt och klarar det statliga provet. Vi l\u00e4r ut allt p\u00e5 modern utrustning som \u00e4r anpassad till de senaste kraven och har l\u00e4mpliga godk\u00e4nnanden. I v\u00e5ra klasser implementerar vi aktivitetsbaserade undervisningstekniker s\u00e5 att kunskapen absorberas b\u00e4ttre av v\u00e5ra elever. Dessutom leder detta till b\u00e4ttre resultat p\u00e5 provet. Du kan lita p\u00e5 oss - vi kommer att l\u00e4ra dig allt som r\u00f6r industriell bergskl\u00e4ttring.\u00a0<\/p>\n\n\n\n<h2 class=\"wp-block-heading\"><strong>Pris f\u00f6r kursen<\/strong>&nbsp;<\/h2>\n\n\n\n<p>Vi vet hur viktigt ett kriterium f\u00f6r val av utbildningscenter \u00e4r <a href=\"https:\/\/szkolenia-udt.pl\/sv\/oferta\/\">pris<\/a>. Kostnaden f\u00f6r v\u00e5r utbildning best\u00e4ms individuellt med varje kund. Detta beror bland annat p\u00e5 det varierande antalet deltagare som \u00e4r villiga att delta i kursen. Vi erbjuder konkurrenskraftiga priser. Dessutom ger vi stora rabatter p\u00e5 v\u00e5ra tj\u00e4nster. Kurspriset inkluderar ocks\u00e5 den statliga unders\u00f6kningen.\u00a0<\/p>\n\n\n\n<h2 class=\"wp-block-heading\"><strong>Datum, format och plats f\u00f6r kursen<\/strong>&nbsp;<\/h2>\n\n\n<div class=\"wp-block-image\">\n<figure class=\"alignright size-large is-resized\"><a href=\"https:\/\/szkolenia-udt.pl\/wp-content\/uploads\/2022\/08\/2-9.jpeg\"><img loading=\"lazy\" decoding=\"async\" src=\"https:\/\/szkolenia-udt.pl\/wp-content\/uploads\/2022\/08\/2-9-1024x683.jpeg\" alt=\"Arbetare med linor\" class=\"wp-image-3187\" width=\"512\" height=\"342\" srcset=\"https:\/\/szkolenia-udt.pl\/wp-content\/uploads\/2022\/08\/2-9-1024x683.jpeg 1024w, https:\/\/szkolenia-udt.pl\/wp-content\/uploads\/2022\/08\/2-9-300x200.jpeg 300w, https:\/\/szkolenia-udt.pl\/wp-content\/uploads\/2022\/08\/2-9-768x512.jpeg 768w, https:\/\/szkolenia-udt.pl\/wp-content\/uploads\/2022\/08\/2-9-1536x1024.jpeg 1536w, https:\/\/szkolenia-udt.pl\/wp-content\/uploads\/2022\/08\/2-9-18x12.jpeg 18w, https:\/\/szkolenia-udt.pl\/wp-content\/uploads\/2022\/08\/2-9.jpeg 1600w\" sizes=\"auto, (max-width: 512px) 100vw, 512px\" \/><\/a><\/figure>\n<\/div>\n\n\n<p><a href=\"https:\/\/szkolenia-udt.pl\/sv\/kontakt\/\">Kontakta oss<\/a> ring eller maila oss s\u00e5 ger vi dig all information du beh\u00f6ver om aktuella datum <a href=\"https:\/\/szkolenia-udt.pl\/sv\/kursy\/\">v\u00e5ra utbildningar<\/a> p\u00e5 enskilda CSO-kontor. Vi g\u00f6r ocks\u00e5 en f\u00f6rsta offert f\u00f6r kursen. Vi kan ocks\u00e5 organisera utbildning f\u00f6r en organiserad grupp - i s\u00e5 fall kan l\u00e4roplanen \u00e4ndras i enlighet med detta. P\u00e5 s\u00e5 s\u00e4tt f\u00e5r de anst\u00e4llda ocks\u00e5 l\u00e4ra sig om fr\u00e5gor som \u00e4r specifika f\u00f6r deras arbetsplats. Men om du \u00e4r en person som vill ut\u00f6ka din kompetens p\u00e5 egen hand kan du anm\u00e4la dig till en \u00f6ppen utbildning. Alla som vill kan boka tid f\u00f6r ett visst datum p\u00e5 filialen.\u00a0<\/p>\n\n\n\n<h2 class=\"wp-block-heading\"><strong>Var kommer jag att anv\u00e4nda f\u00e4rdigheterna?<\/strong>&nbsp;<\/h2>\n\n\n\n<p>Med bergskl\u00e4ttringsutbildning kan du utf\u00f6ra arbeten som tr\u00e4df\u00e4llning, m\u00e5lning eller reparation av byggnadsfasader, arbete p\u00e5 tak (takarbete eller sn\u00f6r\u00f6jning) och placering av reklam p\u00e5 skyltar. Kursen \u00e4r l\u00e4mplig f\u00f6r personer som anv\u00e4nder ankare p\u00e5 arbetsplatsen och f\u00f6rflyttar sig mellan dem. Kvalifikationen kan ocks\u00e5 anv\u00e4ndas inom m\u00e5nga andra omr\u00e5den relaterade till konstruktion, bland annat.\u00a0\u00a0<\/p>\n\n\n\n<h2 class=\"wp-block-heading\">L\u00e4r dig av CSO!<\/h2>\n\n\n\n<p>Du \u00e4r hj\u00e4rtligt v\u00e4lkommen att ta del av v\u00e5rt utbildningserbjudande. Operator Training Centre har instrukt\u00f6rer med m\u00e5nga \u00e5rs erfarenhet av sitt yrke. Hos oss kommer du att f\u00e5 tillst\u00e5nd att utf\u00f6ra bergskl\u00e4ttringsarbete. Kontakta oss om du \u00e4r intresserad av v\u00e5ra tj\u00e4nster - ring oss eller skicka ett e-postmeddelande. Alla detaljer finns p\u00e5 webbplatsen.\u00a0<\/p>\n\n\n<div class=\"wp-block-image\">\n<figure class=\"aligncenter size-large\"><a href=\"https:\/\/szkolenia-udt.pl\/wp-content\/uploads\/2022\/08\/0028-oso-kurs-alpinistyczny-wysokosciowy-1.jpg\"><img loading=\"lazy\" decoding=\"async\" width=\"1024\" height=\"853\" src=\"https:\/\/szkolenia-udt.pl\/wp-content\/uploads\/2022\/08\/0028-oso-kurs-alpinistyczny-wysokosciowy-1-1024x853.jpg\" alt=\"Grafik som marknadsf\u00f6r utbildningen\" class=\"wp-image-3189\" srcset=\"https:\/\/szkolenia-udt.pl\/wp-content\/uploads\/2022\/08\/0028-oso-kurs-alpinistyczny-wysokosciowy-1-1024x853.jpg 1024w, https:\/\/szkolenia-udt.pl\/wp-content\/uploads\/2022\/08\/0028-oso-kurs-alpinistyczny-wysokosciowy-1-300x250.jpg 300w, https:\/\/szkolenia-udt.pl\/wp-content\/uploads\/2022\/08\/0028-oso-kurs-alpinistyczny-wysokosciowy-1-768x640.jpg 768w, https:\/\/szkolenia-udt.pl\/wp-content\/uploads\/2022\/08\/0028-oso-kurs-alpinistyczny-wysokosciowy-1-14x12.jpg 14w, https:\/\/szkolenia-udt.pl\/wp-content\/uploads\/2022\/08\/0028-oso-kurs-alpinistyczny-wysokosciowy-1.jpg 1200w\" sizes=\"auto, (max-width: 1024px) 100vw, 1024px\" \/><\/a><\/figure>\n<\/div>","protected":false},"excerpt":{"rendered":"<p>Pracownik, kt\u00f3ry ma do czynienia z pracami na wysoko\u015bci, powinien wzi\u0105\u0107 udzia\u0142 w szkoleniu alpinistycznym. Dzi\u0119ki temu, zapewni on bezpiecze\u0144stwo nie tylko sobie samemu, ale te\u017c innym w miejscu pracy.\u00a0Kurs jest wymogiem koniecznym do rozpocz\u0119cia prac. Bez odpowiedniego przeszkolenia mo\u017cna narazi\u0107 si\u0119 na konsekwencje prawne. Powa\u017cniejsz\u0105 spraw\u0105 jest jednak ewentualny uszczerbek na zdrowiu, a nawet [&hellip;]<\/p>\n","protected":false},"author":10,"featured_media":3188,"parent":1874,"menu_order":0,"comment_status":"closed","ping_status":"closed","template":"","meta":{"footnotes":""},"class_list":["post-3185","page","type-page","status-publish","has-post-thumbnail","hentry"],"aioseo_notices":[],"_links":{"self":[{"href":"https:\/\/szkolenia-udt.pl\/sv\/wp-json\/wp\/v2\/pages\/3185","targetHints":{"allow":["GET"]}}],"collection":[{"href":"https:\/\/szkolenia-udt.pl\/sv\/wp-json\/wp\/v2\/pages"}],"about":[{"href":"https:\/\/szkolenia-udt.pl\/sv\/wp-json\/wp\/v2\/types\/page"}],"author":[{"embeddable":true,"href":"https:\/\/szkolenia-udt.pl\/sv\/wp-json\/wp\/v2\/users\/10"}],"replies":[{"embeddable":true,"href":"https:\/\/szkolenia-udt.pl\/sv\/wp-json\/wp\/v2\/comments?post=3185"}],"version-history":[{"count":8,"href":"https:\/\/szkolenia-udt.pl\/sv\/wp-json\/wp\/v2\/pages\/3185\/revisions"}],"predecessor-version":[{"id":4656,"href":"https:\/\/szkolenia-udt.pl\/sv\/wp-json\/wp\/v2\/pages\/3185\/revisions\/4656"}],"up":[{"embeddable":true,"href":"https:\/\/szkolenia-udt.pl\/sv\/wp-json\/wp\/v2\/pages\/1874"}],"wp:featuredmedia":[{"embeddable":true,"href":"https:\/\/szkolenia-udt.pl\/sv\/wp-json\/wp\/v2\/media\/3188"}],"wp:attachment":[{"href":"https:\/\/szkolenia-udt.pl\/sv\/wp-json\/wp\/v2\/media?parent=3185"}],"curies":[{"name":"wp","href":"https:\/\/api.w.org\/{rel}","templated":true}]}}